{"id":7951,"date":"2025-06-05T15:57:56","date_gmt":"2025-06-05T13:57:56","guid":{"rendered":"https:\/\/atemporal.casa\/points-of-sale\/"},"modified":"2026-03-18T11:35:39","modified_gmt":"2026-03-18T10:35:39","slug":"points-of-sale","status":"publish","type":"page","link":"https:\/\/atemporal.casa\/en\/points-of-sale\/","title":{"rendered":"Store Locator"},"content":{"rendered":"\t\t<div data-elementor-type=\"wp-page\" data-elementor-id=\"7951\" class=\"elementor elementor-7951 elementor-377\" data-elementor-post-type=\"page\">\n\t\t\t\t<div class=\"elementor-element elementor-element-b8510ee e-flex e-con-boxed e-con e-parent\" data-id=\"b8510ee\" data-element_type=\"container\" data-e-type=\"container\">\n\t\t\t\t\t<div class=\"e-con-inner\">\n\t\t\t\t<div class=\"elementor-element elementor-element-a45c9db elementor-widget elementor-widget-spacer\" data-id=\"a45c9db\" data-element_type=\"widget\" data-e-type=\"widget\" data-widget_type=\"spacer.default\">\n\t\t\t\t<div class=\"elementor-widget-container\">\n\t\t\t\t\t\t\t<div class=\"elementor-spacer\">\n\t\t\t<div class=\"elementor-spacer-inner\"><\/div>\n\t\t<\/div>\n\t\t\t\t\t\t<\/div>\n\t\t\t\t<\/div>\n\t\t\t\t<div class=\"elementor-element elementor-element-3ad58d4 elementor-widget elementor-widget-text-editor\" data-id=\"3ad58d4\" data-element_type=\"widget\" data-e-type=\"widget\" data-widget_type=\"text-editor.default\">\n\t\t\t\t<div class=\"elementor-widget-container\">\n\t\t\t\t\t\t\t\t\t<p>OFFICIAL DISTRIBUTORS<\/p>\t\t\t\t\t\t\t\t<\/div>\n\t\t\t\t<\/div>\n\t\t\t\t\t<\/div>\n\t\t\t\t<\/div>\n\t\t<div class=\"elementor-element elementor-element-460d72a e-flex e-con-boxed e-con e-parent\" data-id=\"460d72a\" data-element_type=\"container\" data-e-type=\"container\">\n\t\t\t\t\t<div class=\"e-con-inner\">\n\t\t\t\t<div class=\"elementor-element elementor-element-398f617 elementor-widget elementor-widget-text-editor\" data-id=\"398f617\" data-element_type=\"widget\" data-e-type=\"widget\" data-widget_type=\"text-editor.default\">\n\t\t\t\t<div class=\"elementor-widget-container\">\n\t\t\t\t\t\t\t\t\t<p>ANDORRA, SPAIN, PORTUGAL, AND OTHER COUNTRIES<\/p>\t\t\t\t\t\t\t\t<\/div>\n\t\t\t\t<\/div>\n\t\t\t\t\t<\/div>\n\t\t\t\t<\/div>\n\t\t<div class=\"elementor-element elementor-element-c364b60 elementor-hidden-mobile e-flex e-con-boxed e-con e-parent\" data-id=\"c364b60\" data-element_type=\"container\" data-e-type=\"container\">\n\t\t\t\t\t<div class=\"e-con-inner\">\n\t\t\t\t<div class=\"elementor-element elementor-element-c5b2084 e-n-tabs-mobile elementor-widget elementor-widget-n-tabs\" data-id=\"c5b2084\" data-element_type=\"widget\" data-e-type=\"widget\" data-settings=\"{&quot;horizontal_scroll&quot;:&quot;disable&quot;}\" data-widget_type=\"nested-tabs.default\">\n\t\t\t\t<div class=\"elementor-widget-container\">\n\t\t\t\t\t\t\t<div class=\"e-n-tabs\" data-widget-number=\"207298692\" aria-label=\"Tabs. Open items with Enter or Space, close with Escape and navigate using the Arrow keys.\">\n\t\t\t<div class=\"e-n-tabs-heading\" role=\"tablist\">\n\t\t\t\t\t<button id=\"e-n-tab-title-2072986921\" data-tab-title-id=\"e-n-tab-title-2072986921\" class=\"e-n-tab-title\" aria-selected=\"true\" data-tab-index=\"1\" role=\"tab\" tabindex=\"0\" aria-controls=\"e-n-tab-content-2072986921\" style=\"--n-tabs-title-order: 1;\">\n\t\t\t\t\t\t<span class=\"e-n-tab-title-text\">\n\t\t\t\tNational Market\t\t\t<\/span>\n\t\t<\/button>\n\t\t\t\t<button id=\"e-n-tab-title-2072986922\" data-tab-title-id=\"e-n-tab-title-2072986922\" class=\"e-n-tab-title\" aria-selected=\"false\" data-tab-index=\"2\" role=\"tab\" tabindex=\"-1\" aria-controls=\"e-n-tab-content-2072986922\" style=\"--n-tabs-title-order: 2;\">\n\t\t\t\t\t\t<span class=\"e-n-tab-title-text\">\n\t\t\t\tEurope\t\t\t<\/span>\n\t\t<\/button>\n\t\t\t\t<button id=\"e-n-tab-title-2072986923\" data-tab-title-id=\"e-n-tab-title-2072986923\" class=\"e-n-tab-title\" aria-selected=\"false\" data-tab-index=\"3\" role=\"tab\" tabindex=\"-1\" aria-controls=\"e-n-tab-content-2072986923\" style=\"--n-tabs-title-order: 3;\">\n\t\t\t\t\t\t<span class=\"e-n-tab-title-text\">\n\t\t\t\tCentral America\t\t\t<\/span>\n\t\t<\/button>\n\t\t\t\t\t<\/div>\n\t\t\t<div class=\"e-n-tabs-content\">\n\t\t\t\t<div id=\"e-n-tab-content-2072986921\" role=\"tabpanel\" aria-labelledby=\"e-n-tab-title-2072986921\" data-tab-index=\"1\" style=\"--n-tabs-title-order: 1;\" class=\"e-active elementor-element elementor-element-e0df3bc e-con-full e-flex e-con e-child\" data-id=\"e0df3bc\" data-element_type=\"container\" data-e-type=\"container\">\n\t\t\t\t<div class=\"elementor-element elementor-element-983ed0c elementor-widget elementor-widget-hotspot\" data-id=\"983ed0c\" data-element_type=\"widget\" data-e-type=\"widget\" data-settings=\"{&quot;hotspot&quot;:[{&quot;_id&quot;:&quot;0b61884&quot;,&quot;hotspot_tooltip_content&quot;:&quot;&lt;p&gt;&lt;span style=\\&quot;color: #b79634;\\&quot;&gt;&lt;strong&gt;&lt;a style=\\&quot;color: #b79634;\\&quot; href=\\&quot;https:\\\/\\\/www.baustore.ad\\\/\\&quot; target=\\&quot;_blank\\&quot; rel=\\&quot;noopener\\&quot;&gt;LA BAU STORE&lt;\\\/a&gt;&lt;\\\/strong&gt;&lt;\\\/span&gt;. Carrer Bonaventura Armengol, 3, AD500 &lt;strong&gt;Andorra la Vella, Andorra&lt;\\\/strong&gt;&lt;strong&gt;. &lt;\\\/strong&gt;Tel.:+376 802 236. &lt;\\\/p&gt;\\n&lt;p&gt;&lt;span style=\\&quot;color: #b79634;\\&quot;&gt;&lt;a style=\\&quot;color: #b79634;\\&quot; href=\\&quot;https:\\\/\\\/lamaison-andorra.com\\\/\\&quot; target=\\&quot;_blank\\&quot; rel=\\&quot;noopener\\&quot;&gt;&lt;strong&gt;LA MAISON&lt;\\\/strong&gt;&lt;\\\/a&gt;&lt;\\\/span&gt;. Crta. General 2 Edificio Novell 2 bajos. INCLES . &lt;strong&gt;Canillo&lt;\\\/strong&gt;&lt;strong&gt;. &lt;\\\/strong&gt;Tel.:+376 855 281.    &lt;\\\/p&gt;\\n&lt;p&gt;&lt;strong&gt;&lt;span style=\\&quot;color: #b79634;\\&quot;&gt;&lt;a style=\\&quot;color: #b79634;\\&quot; href=\\&quot;https:\\\/\\\/www.sistemacuina.com\\\/\\&quot; target=\\&quot;_blank\\&quot; rel=\\&quot;noopener\\&quot;&gt;SISTEMA CUINA&lt;\\\/a&gt; &lt;\\\/span&gt; &lt;\\\/strong&gt;Avda. de les Escoles 18. &lt;strong&gt;Escaldes-Engordany&lt;\\\/strong&gt;&lt;strong&gt;. &lt;\\\/strong&gt;Tel.: 376 867 483. &lt;\\\/p&gt;\\n&quot;,&quot;hotspot_offset_x&quot;:{&quot;unit&quot;:&quot;%&quot;,&quot;size&quot;:81,&quot;sizes&quot;:[]},&quot;hotspot_offset_y&quot;:{&quot;unit&quot;:&quot;%&quot;,&quot;size&quot;:19,&quot;sizes&quot;:[]},&quot;hotspot_tooltip_position&quot;:&quot;yes&quot;,&quot;hotspot_position&quot;:&quot;right&quot;,&quot;__dynamic__&quot;:null,&quot;hotspot_label&quot;:&quot;&quot;,&quot;hotspot_link&quot;:{&quot;url&quot;:&quot;&quot;,&quot;is_external&quot;:&quot;&quot;,&quot;nofollow&quot;:&quot;&quot;,&quot;custom_attributes&quot;:&quot;&quot;},&quot;hotspot_icon&quot;:{&quot;value&quot;:&quot;&quot;,&quot;library&quot;:&quot;&quot;},&quot;hotspot_custom_size&quot;:&quot;no&quot;,&quot;hotspot_horizontal&quot;:&quot;left&quot;,&quot;hotspot_vertical&quot;:&quot;top&quot;,&quot;hotspot_position_tablet&quot;:&quot;&quot;,&quot;hotspot_position_mobile&quot;:&quot;&quot;,&quot;hotspot_icon_position&quot;:null,&quot;hotspot_icon_spacing&quot;:null,&quot;hotspot_width&quot;:null,&quot;hotspot_height&quot;:null,&quot;hotspot_offset_x_tablet&quot;:{&quot;unit&quot;:&quot;px&quot;,&quot;size&quot;:&quot;&quot;,&quot;sizes&quot;:[]},&quot;hotspot_offset_x_mobile&quot;:{&quot;unit&quot;:&quot;px&quot;,&quot;size&quot;:&quot;&quot;,&quot;sizes&quot;:[]},&quot;hotspot_offset_y_tablet&quot;:{&quot;unit&quot;:&quot;px&quot;,&quot;size&quot;:&quot;&quot;,&quot;sizes&quot;:[]},&quot;hotspot_offset_y_mobile&quot;:{&quot;unit&quot;:&quot;px&quot;,&quot;size&quot;:&quot;&quot;,&quot;sizes&quot;:[]},&quot;hotspot_tooltip_width&quot;:{&quot;unit&quot;:&quot;px&quot;,&quot;size&quot;:&quot;&quot;,&quot;sizes&quot;:[]},&quot;hotspot_tooltip_width_tablet&quot;:{&quot;unit&quot;:&quot;px&quot;,&quot;size&quot;:&quot;&quot;,&quot;sizes&quot;:[]},&quot;hotspot_tooltip_width_mobile&quot;:{&quot;unit&quot;:&quot;px&quot;,&quot;size&quot;:&quot;&quot;,&quot;sizes&quot;:[]},&quot;hotspot_tooltip_text_wrap&quot;:&quot;&quot;},{&quot;hotspot_tooltip_content&quot;:&quot;&lt;p&gt;&lt;strong&gt;&lt;span style=\\&quot;color: #b79634;\\&quot;&gt;&lt;a style=\\&quot;color: #b79634;\\&quot; href=\\&quot;https:\\\/\\\/www.anilhometrends.com\\\/concept-store\\\/\\&quot; target=\\&quot;_blank\\&quot; rel=\\&quot;noopener\\&quot;&gt;A\\u00d1IL Concept Store&lt;\\\/a&gt;&lt;\\\/span&gt; &lt;\\\/strong&gt;C\\\/Budapest 21&amp;23. Pol\\u00edgono San Pedro de Alc\\u00e1ntara. &lt;strong&gt;Marbella&lt;\\\/strong&gt;. &lt;strong&gt;M\\u00e1laga&lt;\\\/strong&gt;. Tel.: 689 112 601. &lt;\\\/p&gt;\\n&lt;p&gt;&lt;strong&gt;&lt;span style=\\&quot;color: #b79634;\\&quot;&gt;&lt;a style=\\&quot;color: #b79634;\\&quot; href=\\&quot;https:\\\/\\\/www.anilhometrends.com\\\/concept-store\\\/\\&quot; target=\\&quot;_blank\\&quot; rel=\\&quot;noopener\\&quot;&gt;A\\u00d1IL HOME TRENDS&lt;\\\/a&gt;&lt;\\\/span&gt; &lt;\\\/strong&gt;Urb. Las Petunias 27.  San Pedro de Alcantara. &lt;strong&gt;Marbella&lt;\\\/strong&gt;. &lt;strong&gt;Malaga&lt;\\\/strong&gt;. Tel.: 952 780 044.  &lt;\\\/p&gt;\\n&quot;,&quot;hotspot_offset_x&quot;:{&quot;unit&quot;:&quot;%&quot;,&quot;size&quot;:43,&quot;sizes&quot;:[]},&quot;hotspot_offset_y&quot;:{&quot;unit&quot;:&quot;%&quot;,&quot;size&quot;:92,&quot;sizes&quot;:[]},&quot;_id&quot;:&quot;2205b78&quot;,&quot;hotspot_tooltip_position&quot;:&quot;yes&quot;,&quot;hotspot_position&quot;:&quot;bottom&quot;,&quot;__dynamic__&quot;:null,&quot;hotspot_label&quot;:&quot;&quot;,&quot;hotspot_link&quot;:{&quot;url&quot;:&quot;&quot;,&quot;is_external&quot;:&quot;&quot;,&quot;nofollow&quot;:&quot;&quot;,&quot;custom_attributes&quot;:&quot;&quot;},&quot;hotspot_icon&quot;:{&quot;value&quot;:&quot;&quot;,&quot;library&quot;:&quot;&quot;},&quot;hotspot_custom_size&quot;:&quot;no&quot;,&quot;hotspot_horizontal&quot;:&quot;left&quot;,&quot;hotspot_vertical&quot;:&quot;top&quot;,&quot;hotspot_position_tablet&quot;:&quot;&quot;,&quot;hotspot_position_mobile&quot;:&quot;&quot;,&quot;hotspot_icon_position&quot;:null,&quot;hotspot_icon_spacing&quot;:null,&quot;hotspot_width&quot;:null,&quot;hotspot_height&quot;:null,&quot;hotspot_offset_x_tablet&quot;:{&quot;unit&quot;:&quot;px&quot;,&quot;size&quot;:&quot;&quot;,&quot;sizes&quot;:[]},&quot;hotspot_offset_x_mobile&quot;:{&quot;unit&quot;:&quot;px&quot;,&quot;size&quot;:&quot;&quot;,&quot;sizes&quot;:[]},&quot;hotspot_offset_y_tablet&quot;:{&quot;unit&quot;:&quot;px&quot;,&quot;size&quot;:&quot;&quot;,&quot;sizes&quot;:[]},&quot;hotspot_offset_y_mobile&quot;:{&quot;unit&quot;:&quot;px&quot;,&quot;size&quot;:&quot;&quot;,&quot;sizes&quot;:[]},&quot;hotspot_tooltip_width&quot;:{&quot;unit&quot;:&quot;px&quot;,&quot;size&quot;:&quot;&quot;,&quot;sizes&quot;:[]},&quot;hotspot_tooltip_width_tablet&quot;:{&quot;unit&quot;:&quot;px&quot;,&quot;size&quot;:&quot;&quot;,&quot;sizes&quot;:[]},&quot;hotspot_tooltip_width_mobile&quot;:{&quot;unit&quot;:&quot;px&quot;,&quot;size&quot;:&quot;&quot;,&quot;sizes&quot;:[]},&quot;hotspot_tooltip_text_wrap&quot;:&quot;&quot;},{&quot;hotspot_tooltip_content&quot;:&quot;&lt;p&gt;&lt;span class=\\&quot;wsw-31\\&quot;&gt;&lt;span class=\\&quot;wsw-02\\&quot;&gt;&lt;strong&gt;&lt;span class=\\&quot;wsw-05\\&quot;&gt;&lt;span style=\\&quot;color: #b79634;\\&quot;&gt;&lt;a style=\\&quot;color: #b79634;\\&quot; href=\\&quot;https:\\\/\\\/javiernegreinteriorismo.com\\\/\\&quot; target=\\&quot;_blank\\&quot; rel=\\&quot;noopener\\&quot;&gt;JAVIER NEGRE DISE\\u00d1O&lt;\\\/a&gt;&lt;\\\/span&gt; &lt;\\\/span&gt; &lt;\\\/strong&gt;&lt;\\\/span&gt;&lt;\\\/span&gt;C\\\/ Ver\\u00f3nica 18 &lt;strong&gt;Zaragoza. &lt;\\\/strong&gt;Tel.: 976 231 155. En exposici\\u00f3n Colecci\\u00f3n: LINEN.&lt;\\\/p&gt;\\n&quot;,&quot;hotspot_offset_x&quot;:{&quot;unit&quot;:&quot;%&quot;,&quot;size&quot;:65,&quot;sizes&quot;:[]},&quot;hotspot_offset_y&quot;:{&quot;unit&quot;:&quot;%&quot;,&quot;size&quot;:31,&quot;sizes&quot;:[]},&quot;_id&quot;:&quot;b737d39&quot;,&quot;__dynamic__&quot;:null,&quot;hotspot_label&quot;:&quot;&quot;,&quot;hotspot_link&quot;:{&quot;url&quot;:&quot;&quot;,&quot;is_external&quot;:&quot;&quot;,&quot;nofollow&quot;:&quot;&quot;,&quot;custom_attributes&quot;:&quot;&quot;},&quot;hotspot_icon&quot;:{&quot;value&quot;:&quot;&quot;,&quot;library&quot;:&quot;&quot;},&quot;hotspot_custom_size&quot;:&quot;no&quot;,&quot;hotspot_horizontal&quot;:&quot;left&quot;,&quot;hotspot_vertical&quot;:&quot;top&quot;,&quot;hotspot_tooltip_position&quot;:&quot;no&quot;,&quot;hotspot_position&quot;:null,&quot;hotspot_position_tablet&quot;:null,&quot;hotspot_position_mobile&quot;:null,&quot;hotspot_icon_position&quot;:null,&quot;hotspot_icon_spacing&quot;:null,&quot;hotspot_width&quot;:null,&quot;hotspot_height&quot;:null,&quot;hotspot_offset_x_tablet&quot;:{&quot;unit&quot;:&quot;px&quot;,&quot;size&quot;:&quot;&quot;,&quot;sizes&quot;:[]},&quot;hotspot_offset_x_mobile&quot;:{&quot;unit&quot;:&quot;px&quot;,&quot;size&quot;:&quot;&quot;,&quot;sizes&quot;:[]},&quot;hotspot_offset_y_tablet&quot;:{&quot;unit&quot;:&quot;px&quot;,&quot;size&quot;:&quot;&quot;,&quot;sizes&quot;:[]},&quot;hotspot_offset_y_mobile&quot;:{&quot;unit&quot;:&quot;px&quot;,&quot;size&quot;:&quot;&quot;,&quot;sizes&quot;:[]},&quot;hotspot_tooltip_width&quot;:null,&quot;hotspot_tooltip_width_tablet&quot;:null,&quot;hotspot_tooltip_width_mobile&quot;:null,&quot;hotspot_tooltip_text_wrap&quot;:null},{&quot;hotspot_tooltip_content&quot;:&quot;&lt;p&gt;&lt;span style=\\&quot;color: #b79634;\\&quot;&gt;&lt;strong&gt;&lt;a style=\\&quot;color: #b79634;\\&quot; href=\\&quot;https:\\\/\\\/www.abellomuebles.com\\\/\\&quot; target=\\&quot;_blank\\&quot; rel=\\&quot;noopener\\&quot;&gt;ABELLO 1980&lt;\\\/a&gt;&lt;\\\/strong&gt;&lt;\\\/span&gt;&lt;strong&gt;  &lt;\\\/strong&gt;Traves\\u00eda Francisca Fern\\u00e1ndez Miranda 2 bajo.&lt;strong&gt; &lt;\\\/strong&gt;&lt;strong&gt;Grado. &lt;\\\/strong&gt;Tel.: 985 751 013.  &lt;\\\/p&gt;\\n&lt;p&gt;&lt;span style=\\&quot;color: #b79634;\\&quot;&gt;&lt;strong&gt;D4 INTERIOR DESIGN&lt;\\\/strong&gt;&lt;\\\/span&gt; C. Caveda 2, 33002. &lt;strong&gt;Oviedo. &lt;\\\/strong&gt;Tel.: 985 209 387.&lt;\\\/p&gt;\\n&quot;,&quot;hotspot_offset_x&quot;:{&quot;unit&quot;:&quot;%&quot;,&quot;size&quot;:34,&quot;sizes&quot;:[]},&quot;hotspot_offset_y&quot;:{&quot;unit&quot;:&quot;%&quot;,&quot;size&quot;:9,&quot;sizes&quot;:[]},&quot;_id&quot;:&quot;f4d1912&quot;,&quot;hotspot_tooltip_position&quot;:&quot;&quot;,&quot;hotspot_position&quot;:null,&quot;__dynamic__&quot;:null,&quot;hotspot_label&quot;:&quot;&quot;,&quot;hotspot_link&quot;:{&quot;url&quot;:&quot;&quot;,&quot;is_external&quot;:&quot;&quot;,&quot;nofollow&quot;:&quot;&quot;,&quot;custom_attributes&quot;:&quot;&quot;},&quot;hotspot_icon&quot;:{&quot;value&quot;:&quot;&quot;,&quot;library&quot;:&quot;&quot;},&quot;hotspot_custom_size&quot;:&quot;no&quot;,&quot;hotspot_horizontal&quot;:&quot;left&quot;,&quot;hotspot_vertical&quot;:&quot;top&quot;,&quot;hotspot_position_tablet&quot;:null,&quot;hotspot_position_mobile&quot;:null,&quot;hotspot_icon_position&quot;:null,&quot;hotspot_icon_spacing&quot;:null,&quot;hotspot_width&quot;:null,&quot;hotspot_height&quot;:null,&quot;hotspot_offset_x_tablet&quot;:{&quot;unit&quot;:&quot;px&quot;,&quot;size&quot;:&quot;&quot;,&quot;sizes&quot;:[]},&quot;hotspot_offset_x_mobile&quot;:{&quot;unit&quot;:&quot;px&quot;,&quot;size&quot;:&quot;&quot;,&quot;sizes&quot;:[]},&quot;hotspot_offset_y_tablet&quot;:{&quot;unit&quot;:&quot;px&quot;,&quot;size&quot;:&quot;&quot;,&quot;sizes&quot;:[]},&quot;hotspot_offset_y_mobile&quot;:{&quot;unit&quot;:&quot;px&quot;,&quot;size&quot;:&quot;&quot;,&quot;sizes&quot;:[]},&quot;hotspot_tooltip_width&quot;:null,&quot;hotspot_tooltip_width_tablet&quot;:null,&quot;hotspot_tooltip_width_mobile&quot;:null,&quot;hotspot_tooltip_text_wrap&quot;:null},{&quot;hotspot_tooltip_content&quot;:&quot;&lt;p&gt; &lt;span style=\\&quot;color: #b79634;\\&quot;&gt;&lt;a style=\\&quot;color: #b79634;\\&quot; href=\\&quot;https:\\\/\\\/www.mueblesdecorart.com\\\/\\&quot; target=\\&quot;_blank\\&quot; rel=\\&quot;noopener\\&quot;&gt;&lt;strong&gt;DECORART&lt;\\\/strong&gt;&lt;\\\/a&gt; &lt;\\\/span&gt; Rambla de Santa Cruz 130. &lt;strong&gt;Santa Cruz de Tenerife &lt;\\\/strong&gt;&lt;strong&gt;. &lt;\\\/strong&gt;Tel.: 922 248 831. &lt;\\\/p&gt;\\n&quot;,&quot;hotspot_offset_x&quot;:{&quot;unit&quot;:&quot;%&quot;,&quot;size&quot;:6,&quot;sizes&quot;:[]},&quot;hotspot_offset_y&quot;:{&quot;unit&quot;:&quot;%&quot;,&quot;size&quot;:97,&quot;sizes&quot;:[]},&quot;_id&quot;:&quot;1445294&quot;,&quot;hotspot_tooltip_position&quot;:&quot;yes&quot;,&quot;hotspot_position&quot;:&quot;left&quot;,&quot;__dynamic__&quot;:null,&quot;hotspot_label&quot;:&quot;&quot;,&quot;hotspot_link&quot;:{&quot;url&quot;:&quot;&quot;,&quot;is_external&quot;:&quot;&quot;,&quot;nofollow&quot;:&quot;&quot;,&quot;custom_attributes&quot;:&quot;&quot;},&quot;hotspot_icon&quot;:{&quot;value&quot;:&quot;&quot;,&quot;library&quot;:&quot;&quot;},&quot;hotspot_custom_size&quot;:&quot;no&quot;,&quot;hotspot_horizontal&quot;:&quot;left&quot;,&quot;hotspot_vertical&quot;:&quot;top&quot;,&quot;hotspot_position_tablet&quot;:&quot;&quot;,&quot;hotspot_position_mobile&quot;:&quot;&quot;,&quot;hotspot_icon_position&quot;:null,&quot;hotspot_icon_spacing&quot;:null,&quot;hotspot_width&quot;:null,&quot;hotspot_height&quot;:null,&quot;hotspot_offset_x_tablet&quot;:{&quot;unit&quot;:&quot;px&quot;,&quot;size&quot;:&quot;&quot;,&quot;sizes&quot;:[]},&quot;hotspot_offset_x_mobile&quot;:{&quot;unit&quot;:&quot;px&quot;,&quot;size&quot;:&quot;&quot;,&quot;sizes&quot;:[]},&quot;hotspot_offset_y_tablet&quot;:{&quot;unit&quot;:&quot;px&quot;,&quot;size&quot;:&quot;&quot;,&quot;sizes&quot;:[]},&quot;hotspot_offset_y_mobile&quot;:{&quot;unit&quot;:&quot;px&quot;,&quot;size&quot;:&quot;&quot;,&quot;sizes&quot;:[]},&quot;hotspot_tooltip_width&quot;:{&quot;unit&quot;:&quot;px&quot;,&quot;size&quot;:&quot;&quot;,&quot;sizes&quot;:[]},&quot;hotspot_tooltip_width_tablet&quot;:{&quot;unit&quot;:&quot;px&quot;,&quot;size&quot;:&quot;&quot;,&quot;sizes&quot;:[]},&quot;hotspot_tooltip_width_mobile&quot;:{&quot;unit&quot;:&quot;px&quot;,&quot;size&quot;:&quot;&quot;,&quot;sizes&quot;:[]},&quot;hotspot_tooltip_text_wrap&quot;:&quot;&quot;},{&quot;hotspot_tooltip_content&quot;:&quot;&lt;p&gt;&lt;strong&gt;&lt;span style=\\&quot;color: #b79634;\\&quot;&gt;&lt;a style=\\&quot;color: #b79634;\\&quot; href=\\&quot;https:\\\/\\\/www.numadecoracion.es\\\/\\&quot; target=\\&quot;_blank\\&quot; rel=\\&quot;noopener\\&quot;&gt;NUMA&lt;\\\/a&gt;&lt;\\\/span&gt; &lt;\\\/strong&gt;C\\\/ Hern\\u00e1n Cort\\u00e9s 33. &lt;strong&gt;Santander. &lt;\\\/strong&gt;Tel.: 942 134 982. &lt;\\\/p&gt;\\n&quot;,&quot;hotspot_offset_x&quot;:{&quot;unit&quot;:&quot;%&quot;,&quot;size&quot;:46,&quot;sizes&quot;:[]},&quot;hotspot_offset_y&quot;:{&quot;unit&quot;:&quot;%&quot;,&quot;size&quot;:8,&quot;sizes&quot;:[]},&quot;_id&quot;:&quot;7c4b8b8&quot;,&quot;__dynamic__&quot;:null,&quot;hotspot_label&quot;:&quot;&quot;,&quot;hotspot_link&quot;:{&quot;url&quot;:&quot;&quot;,&quot;is_external&quot;:&quot;&quot;,&quot;nofollow&quot;:&quot;&quot;,&quot;custom_attributes&quot;:&quot;&quot;},&quot;hotspot_icon&quot;:{&quot;value&quot;:&quot;&quot;,&quot;library&quot;:&quot;&quot;},&quot;hotspot_custom_size&quot;:&quot;no&quot;,&quot;hotspot_horizontal&quot;:&quot;left&quot;,&quot;hotspot_vertical&quot;:&quot;top&quot;,&quot;hotspot_tooltip_position&quot;:&quot;no&quot;,&quot;hotspot_position&quot;:null,&quot;hotspot_position_tablet&quot;:null,&quot;hotspot_position_mobile&quot;:null,&quot;hotspot_icon_position&quot;:null,&quot;hotspot_icon_spacing&quot;:null,&quot;hotspot_width&quot;:null,&quot;hotspot_height&quot;:null,&quot;hotspot_offset_x_tablet&quot;:{&quot;unit&quot;:&quot;px&quot;,&quot;size&quot;:&quot;&quot;,&quot;sizes&quot;:[]},&quot;hotspot_offset_x_mobile&quot;:{&quot;unit&quot;:&quot;px&quot;,&quot;size&quot;:&quot;&quot;,&quot;sizes&quot;:[]},&quot;hotspot_offset_y_tablet&quot;:{&quot;unit&quot;:&quot;px&quot;,&quot;size&quot;:&quot;&quot;,&quot;sizes&quot;:[]},&quot;hotspot_offset_y_mobile&quot;:{&quot;unit&quot;:&quot;px&quot;,&quot;size&quot;:&quot;&quot;,&quot;sizes&quot;:[]},&quot;hotspot_tooltip_width&quot;:null,&quot;hotspot_tooltip_width_tablet&quot;:null,&quot;hotspot_tooltip_width_mobile&quot;:null,&quot;hotspot_tooltip_text_wrap&quot;:null},{&quot;hotspot_tooltip_content&quot;:&quot;&lt;p&gt;&lt;b&gt;&lt;span style=\\&quot;color: #b79634;\\&quot;&gt;&lt;a style=\\&quot;color: #b79634;\\&quot; href=\\&quot;https:\\\/\\\/decoracionk7.com\\\/\\&quot; target=\\&quot;_blank\\&quot; rel=\\&quot;noopener\\&quot;&gt;K7&lt;\\\/a&gt;&lt;\\\/span&gt; &lt;\\\/b&gt;Avenida de la Paz 26. &lt;b&gt;Burgos &lt;\\\/b&gt;. Tel: 947 239 690.  &lt;\\\/p&gt;\\n&quot;,&quot;hotspot_offset_x&quot;:{&quot;unit&quot;:&quot;%&quot;,&quot;size&quot;:47,&quot;sizes&quot;:[]},&quot;hotspot_offset_y&quot;:{&quot;unit&quot;:&quot;%&quot;,&quot;size&quot;:22,&quot;sizes&quot;:[]},&quot;_id&quot;:&quot;0cff16f&quot;,&quot;__dynamic__&quot;:null,&quot;hotspot_label&quot;:&quot;&quot;,&quot;hotspot_link&quot;:{&quot;url&quot;:&quot;&quot;,&quot;is_external&quot;:&quot;&quot;,&quot;nofollow&quot;:&quot;&quot;,&quot;custom_attributes&quot;:&quot;&quot;},&quot;hotspot_icon&quot;:{&quot;value&quot;:&quot;&quot;,&quot;library&quot;:&quot;&quot;},&quot;hotspot_custom_size&quot;:&quot;no&quot;,&quot;hotspot_horizontal&quot;:&quot;left&quot;,&quot;hotspot_vertical&quot;:&quot;top&quot;,&quot;hotspot_tooltip_position&quot;:&quot;no&quot;,&quot;hotspot_position&quot;:null,&quot;hotspot_position_tablet&quot;:null,&quot;hotspot_position_mobile&quot;:null,&quot;hotspot_icon_position&quot;:null,&quot;hotspot_icon_spacing&quot;:null,&quot;hotspot_width&quot;:null,&quot;hotspot_height&quot;:null,&quot;hotspot_offset_x_tablet&quot;:{&quot;unit&quot;:&quot;px&quot;,&quot;size&quot;:&quot;&quot;,&quot;sizes&quot;:[]},&quot;hotspot_offset_x_mobile&quot;:{&quot;unit&quot;:&quot;px&quot;,&quot;size&quot;:&quot;&quot;,&quot;sizes&quot;:[]},&quot;hotspot_offset_y_tablet&quot;:{&quot;unit&quot;:&quot;px&quot;,&quot;size&quot;:&quot;&quot;,&quot;sizes&quot;:[]},&quot;hotspot_offset_y_mobile&quot;:{&quot;unit&quot;:&quot;px&quot;,&quot;size&quot;:&quot;&quot;,&quot;sizes&quot;:[]},&quot;hotspot_tooltip_width&quot;:null,&quot;hotspot_tooltip_width_tablet&quot;:null,&quot;hotspot_tooltip_width_mobile&quot;:null,&quot;hotspot_tooltip_text_wrap&quot;:null},{&quot;hotspot_tooltip_content&quot;:&quot;&lt;p&gt;&lt;strong&gt;&lt;span class=\\&quot;wsw-02\\&quot; style=\\&quot;color: #b79634;\\&quot;&gt;MASHOGAR&lt;\\\/span&gt;  &lt;\\\/strong&gt;C\\\/ Dolores Ib\\u00e1rruri 2 bajo. Santa Marta de Tormes. &lt;strong&gt;Salamanca&lt;\\\/strong&gt;.  Tel: 923 130 644.  &lt;\\\/p&gt;\\n&quot;,&quot;hotspot_offset_x&quot;:{&quot;unit&quot;:&quot;%&quot;,&quot;size&quot;:35,&quot;sizes&quot;:[]},&quot;hotspot_offset_y&quot;:{&quot;unit&quot;:&quot;%&quot;,&quot;size&quot;:40,&quot;sizes&quot;:[]},&quot;_id&quot;:&quot;1a05c89&quot;,&quot;__dynamic__&quot;:null,&quot;hotspot_label&quot;:&quot;&quot;,&quot;hotspot_link&quot;:{&quot;url&quot;:&quot;&quot;,&quot;is_external&quot;:&quot;&quot;,&quot;nofollow&quot;:&quot;&quot;,&quot;custom_attributes&quot;:&quot;&quot;},&quot;hotspot_icon&quot;:{&quot;value&quot;:&quot;&quot;,&quot;library&quot;:&quot;&quot;},&quot;hotspot_custom_size&quot;:&quot;no&quot;,&quot;hotspot_horizontal&quot;:&quot;left&quot;,&quot;hotspot_vertical&quot;:&quot;top&quot;,&quot;hotspot_tooltip_position&quot;:&quot;no&quot;,&quot;hotspot_position&quot;:null,&quot;hotspot_position_tablet&quot;:null,&quot;hotspot_position_mobile&quot;:null,&quot;hotspot_icon_position&quot;:null,&quot;hotspot_icon_spacing&quot;:null,&quot;hotspot_width&quot;:null,&quot;hotspot_height&quot;:null,&quot;hotspot_offset_x_tablet&quot;:{&quot;unit&quot;:&quot;px&quot;,&quot;size&quot;:&quot;&quot;,&quot;sizes&quot;:[]},&quot;hotspot_offset_x_mobile&quot;:{&quot;unit&quot;:&quot;px&quot;,&quot;size&quot;:&quot;&quot;,&quot;sizes&quot;:[]},&quot;hotspot_offset_y_tablet&quot;:{&quot;unit&quot;:&quot;px&quot;,&quot;size&quot;:&quot;&quot;,&quot;sizes&quot;:[]},&quot;hotspot_offset_y_mobile&quot;:{&quot;unit&quot;:&quot;px&quot;,&quot;size&quot;:&quot;&quot;,&quot;sizes&quot;:[]},&quot;hotspot_tooltip_width&quot;:null,&quot;hotspot_tooltip_width_tablet&quot;:null,&quot;hotspot_tooltip_width_mobile&quot;:null,&quot;hotspot_tooltip_text_wrap&quot;:null},{&quot;hotspot_tooltip_content&quot;:&quot;&lt;p&gt;&lt;strong&gt;&lt;span style=\\&quot;color: #b79634;\\&quot;&gt;&lt;a style=\\&quot;color: #b79634;\\&quot; href=\\&quot;https:\\\/\\\/www.sofasamedida.com\\\/\\&quot; target=\\&quot;_blank\\&quot; rel=\\&quot;noopener\\&quot;&gt;&lt;span class=\\&quot;wsw-02\\&quot;&gt;MOBBELTUR&lt;\\\/span&gt;&lt;\\\/a&gt;&lt;\\\/span&gt; &lt;\\\/strong&gt;C. la Serna, 2, 24010 Trobajo del Camino,&lt;strong&gt; Le\\u00f3n&lt;\\\/strong&gt;. Tel: 987 840 067.  &lt;\\\/p&gt;\\n&lt;p&gt;&lt;strong&gt;&lt;a href=\\&quot;https:\\\/\\\/www.mueblesmabel.com\\\/index.php\\&quot; target=\\&quot;_blank\\&quot; rel=\\&quot;noopener\\&quot;&gt;&lt;span style=\\&quot;color: #b79634;\\&quot;&gt;MABEL FURNITURE&lt;\\\/span&gt;&lt;\\\/a&gt;&lt;\\\/strong&gt; Avenida P\\u00e9rez Colino, 16 - 24402 Ponferrada, &lt;strong&gt;Le\\u00f3n&lt;\\\/strong&gt;. Tel.: 987 402402&lt;\\\/p&gt;\\n&quot;,&quot;hotspot_offset_x&quot;:{&quot;unit&quot;:&quot;%&quot;,&quot;size&quot;:35,&quot;sizes&quot;:[]},&quot;hotspot_offset_y&quot;:{&quot;unit&quot;:&quot;%&quot;,&quot;size&quot;:19,&quot;sizes&quot;:[]},&quot;_id&quot;:&quot;f1e51eb&quot;,&quot;__dynamic__&quot;:null,&quot;hotspot_label&quot;:&quot;&quot;,&quot;hotspot_link&quot;:{&quot;url&quot;:&quot;&quot;,&quot;is_external&quot;:&quot;&quot;,&quot;nofollow&quot;:&quot;&quot;,&quot;custom_attributes&quot;:&quot;&quot;},&quot;hotspot_icon&quot;:{&quot;value&quot;:&quot;&quot;,&quot;library&quot;:&quot;&quot;},&quot;hotspot_custom_size&quot;:&quot;no&quot;,&quot;hotspot_horizontal&quot;:&quot;left&quot;,&quot;hotspot_vertical&quot;:&quot;top&quot;,&quot;hotspot_tooltip_position&quot;:&quot;no&quot;,&quot;hotspot_position&quot;:null,&quot;hotspot_position_tablet&quot;:null,&quot;hotspot_position_mobile&quot;:null,&quot;hotspot_icon_position&quot;:null,&quot;hotspot_icon_spacing&quot;:null,&quot;hotspot_width&quot;:null,&quot;hotspot_height&quot;:null,&quot;hotspot_offset_x_tablet&quot;:{&quot;unit&quot;:&quot;px&quot;,&quot;size&quot;:&quot;&quot;,&quot;sizes&quot;:[]},&quot;hotspot_offset_x_mobile&quot;:{&quot;unit&quot;:&quot;px&quot;,&quot;size&quot;:&quot;&quot;,&quot;sizes&quot;:[]},&quot;hotspot_offset_y_tablet&quot;:{&quot;unit&quot;:&quot;px&quot;,&quot;size&quot;:&quot;&quot;,&quot;sizes&quot;:[]},&quot;hotspot_offset_y_mobile&quot;:{&quot;unit&quot;:&quot;px&quot;,&quot;size&quot;:&quot;&quot;,&quot;sizes&quot;:[]},&quot;hotspot_tooltip_width&quot;:null,&quot;hotspot_tooltip_width_tablet&quot;:null,&quot;hotspot_tooltip_width_mobile&quot;:null,&quot;hotspot_tooltip_text_wrap&quot;:null},{&quot;hotspot_tooltip_content&quot;:&quot;&lt;p&gt;&lt;span style=\\&quot;color: #b79634;\\&quot;&gt;&lt;strong&gt;&lt;a style=\\&quot;color: #b79634;\\&quot; href=\\&quot;https:\\\/\\\/www.mueblespalaciodelamoda.com\\\/\\&quot; target=\\&quot;_blank\\&quot; rel=\\&quot;noopener\\&quot;&gt;PALACIO DE LA MODA&lt;\\\/a&gt;&lt;\\\/strong&gt; &lt;\\\/span&gt; Av. Pablo Picasso, 4, 34200 Venta de Ba\\u00f1os, &lt;strong&gt;Palencia. &lt;\\\/strong&gt;Tel: 979 770 444.  &lt;\\\/p&gt;\\n&quot;,&quot;hotspot_offset_x&quot;:{&quot;unit&quot;:&quot;%&quot;,&quot;size&quot;:42,&quot;sizes&quot;:[]},&quot;hotspot_offset_y&quot;:{&quot;unit&quot;:&quot;%&quot;,&quot;size&quot;:26,&quot;sizes&quot;:[]},&quot;_id&quot;:&quot;56e7cc7&quot;,&quot;__dynamic__&quot;:null,&quot;hotspot_label&quot;:&quot;&quot;,&quot;hotspot_link&quot;:{&quot;url&quot;:&quot;&quot;,&quot;is_external&quot;:&quot;&quot;,&quot;nofollow&quot;:&quot;&quot;,&quot;custom_attributes&quot;:&quot;&quot;},&quot;hotspot_icon&quot;:{&quot;value&quot;:&quot;&quot;,&quot;library&quot;:&quot;&quot;},&quot;hotspot_custom_size&quot;:&quot;no&quot;,&quot;hotspot_horizontal&quot;:&quot;left&quot;,&quot;hotspot_vertical&quot;:&quot;top&quot;,&quot;hotspot_tooltip_position&quot;:&quot;no&quot;,&quot;hotspot_position&quot;:null,&quot;hotspot_position_tablet&quot;:null,&quot;hotspot_position_mobile&quot;:null,&quot;hotspot_icon_position&quot;:null,&quot;hotspot_icon_spacing&quot;:null,&quot;hotspot_width&quot;:null,&quot;hotspot_height&quot;:null,&quot;hotspot_offset_x_tablet&quot;:{&quot;unit&quot;:&quot;px&quot;,&quot;size&quot;:&quot;&quot;,&quot;sizes&quot;:[]},&quot;hotspot_offset_x_mobile&quot;:{&quot;unit&quot;:&quot;px&quot;,&quot;size&quot;:&quot;&quot;,&quot;sizes&quot;:[]},&quot;hotspot_offset_y_tablet&quot;:{&quot;unit&quot;:&quot;px&quot;,&quot;size&quot;:&quot;&quot;,&quot;sizes&quot;:[]},&quot;hotspot_offset_y_mobile&quot;:{&quot;unit&quot;:&quot;px&quot;,&quot;size&quot;:&quot;&quot;,&quot;sizes&quot;:[]},&quot;hotspot_tooltip_width&quot;:null,&quot;hotspot_tooltip_width_tablet&quot;:null,&quot;hotspot_tooltip_width_mobile&quot;:null,&quot;hotspot_tooltip_text_wrap&quot;:null},{&quot;hotspot_tooltip_content&quot;:&quot;&lt;p&gt;&lt;a href=\\&quot;https:\\\/\\\/www.espainordic.cat\\&quot;&gt;&lt;span style=\\&quot;color: #b79634;\\&quot;&gt;&lt;b&gt;ESPAI NORDIC &lt;\\\/b&gt;&lt;\\\/span&gt;&lt;\\\/a&gt;Avda. de Rius i Taulet 29. &lt;strong&gt;Sant Cugat del Vall\\u00e9s&lt;\\\/strong&gt;. Tel.: 936 746 418.  &lt;\\\/p&gt;\\n&lt;p&gt;&lt;span style=\\&quot;color: #b79634;\\&quot;&gt;&lt;strong&gt;&lt;a style=\\&quot;color: #b79634;\\&quot; href=\\&quot;https:\\\/\\\/www.marinaandco.com\\\/es\\\/\\&quot; target=\\&quot;_blank\\&quot; rel=\\&quot;noopener\\&quot;&gt;MARINA&amp;CO&lt;\\\/a&gt;&lt;\\\/strong&gt;&lt;\\\/span&gt; C\\\/ Jovellanos, 84. &lt;strong&gt;Sabadell&lt;\\\/strong&gt;. Tel: 937 457 255.  &lt;\\\/p&gt;\\n&lt;p&gt;&lt;strong&gt;&lt;span style=\\&quot;color: #b79634;\\&quot;&gt;MOBLES RIBALTA \\u00b7 GEOMETRIC ESTUDI&lt;\\\/span&gt; &lt;\\\/strong&gt;C\\\/ de Bosch i Cardellach 77. &lt;strong&gt;Sabadell&lt;\\\/strong&gt;. Tel.: 937 252 744. &lt;\\\/p&gt;\\n&lt;p&gt;&lt;strong&gt;&lt;span style=\\&quot;color: #b79634;\\&quot;&gt;&lt;a style=\\&quot;color: #b79634;\\&quot; href=\\&quot;https:\\\/\\\/www.antonifelip.com\\\/\\&quot; target=\\&quot;_blank\\&quot; rel=\\&quot;noopener\\&quot;&gt;ANTONI FELIP&lt;\\\/a&gt;&lt;\\\/span&gt; &lt;\\\/strong&gt;Ctra. de Barcelona 87. &lt;strong&gt;Cerdanyola del Vall\\u00e8s&lt;\\\/strong&gt;. Tel.: 935 808 699.  &lt;\\\/p&gt;\\n&lt;p&gt;&lt;span style=\\&quot;color: #b79634;\\&quot;&gt;&lt;strong&gt;&lt;a style=\\&quot;color: #b79634;\\&quot; href=\\&quot;https:\\\/\\\/www.rubiointeriors.com\\\/\\&quot; target=\\&quot;_blank\\&quot; rel=\\&quot;noopener\\&quot;&gt;RUBIO INTERIORS&lt;\\\/a&gt;&lt;\\\/strong&gt; &lt;\\\/span&gt; C\\\/ Volta 38-42 . &lt;strong&gt;Terrassa&lt;\\\/strong&gt;. Tel.: 937 803 123. &lt;\\\/p&gt;\\n&quot;,&quot;hotspot_offset_x&quot;:{&quot;unit&quot;:&quot;%&quot;,&quot;size&quot;:82,&quot;sizes&quot;:[]},&quot;hotspot_offset_y&quot;:{&quot;unit&quot;:&quot;%&quot;,&quot;size&quot;:31,&quot;sizes&quot;:[]},&quot;_id&quot;:&quot;7f5445f&quot;,&quot;__dynamic__&quot;:null,&quot;hotspot_label&quot;:&quot;&quot;,&quot;hotspot_link&quot;:{&quot;url&quot;:&quot;&quot;,&quot;is_external&quot;:&quot;&quot;,&quot;nofollow&quot;:&quot;&quot;,&quot;custom_attributes&quot;:&quot;&quot;},&quot;hotspot_icon&quot;:{&quot;value&quot;:&quot;&quot;,&quot;library&quot;:&quot;&quot;},&quot;hotspot_custom_size&quot;:&quot;no&quot;,&quot;hotspot_horizontal&quot;:&quot;left&quot;,&quot;hotspot_vertical&quot;:&quot;top&quot;,&quot;hotspot_tooltip_position&quot;:&quot;no&quot;,&quot;hotspot_position&quot;:null,&quot;hotspot_position_tablet&quot;:null,&quot;hotspot_position_mobile&quot;:null,&quot;hotspot_icon_position&quot;:null,&quot;hotspot_icon_spacing&quot;:null,&quot;hotspot_width&quot;:null,&quot;hotspot_height&quot;:null,&quot;hotspot_offset_x_tablet&quot;:{&quot;unit&quot;:&quot;px&quot;,&quot;size&quot;:&quot;&quot;,&quot;sizes&quot;:[]},&quot;hotspot_offset_x_mobile&quot;:{&quot;unit&quot;:&quot;px&quot;,&quot;size&quot;:&quot;&quot;,&quot;sizes&quot;:[]},&quot;hotspot_offset_y_tablet&quot;:{&quot;unit&quot;:&quot;px&quot;,&quot;size&quot;:&quot;&quot;,&quot;sizes&quot;:[]},&quot;hotspot_offset_y_mobile&quot;:{&quot;unit&quot;:&quot;px&quot;,&quot;size&quot;:&quot;&quot;,&quot;sizes&quot;:[]},&quot;hotspot_tooltip_width&quot;:null,&quot;hotspot_tooltip_width_tablet&quot;:null,&quot;hotspot_tooltip_width_mobile&quot;:null,&quot;hotspot_tooltip_text_wrap&quot;:null},{&quot;hotspot_tooltip_content&quot;:&quot;&lt;p&gt;&lt;span style=\\&quot;color: #b79634;\\&quot;&gt;&lt;strong&gt;&lt;a style=\\&quot;color: #b79634;\\&quot; href=\\&quot;https:\\\/\\\/www.dromliving.com\\\/\\&quot; target=\\&quot;_blank\\&quot; rel=\\&quot;noopener\\&quot;&gt;DR\\u00d6M FACT\\u00d6RY By DR\\u00d6M LIVING&lt;\\\/a&gt;&lt;\\\/strong&gt; &lt;\\\/span&gt;C\\\/ Sicilia 402. &lt;strong&gt;Barcelona&lt;\\\/strong&gt;. Tel.: 932 071 478. &lt;\\\/p&gt;\\n&lt;p&gt;&lt;strong&gt;&lt;span style=\\&quot;color: #b79634;\\&quot;&gt;&lt;a style=\\&quot;color: #b79634;\\&quot; href=\\&quot;https:\\\/\\\/www.estudidelagarriga.cat\\\/\\&quot; target=\\&quot;_blank\\&quot; rel=\\&quot;noopener\\&quot;&gt;ESTUDI LA GARRIGA&lt;\\\/a&gt;&lt;\\\/span&gt; &lt;\\\/strong&gt;&lt;b&gt;&lt;span class=\\&quot;wnd-font-size-90\\&quot;&gt; &lt;\\\/span&gt;&lt;\\\/b&gt;C\\\/ Arag\\u00f3 321. &lt;b&gt;Barcelona&lt;\\\/b&gt;. Tel.: 934 582 082. &lt;\\\/p&gt;\\n&lt;p&gt;&lt;span style=\\&quot;color: #b79634;\\&quot;&gt;&lt;a style=\\&quot;color: #b79634;\\&quot; href=\\&quot;https:\\\/\\\/lamaisonbarcelona.com\\\/la-maison\\\/\\&quot; target=\\&quot;_blank\\&quot; rel=\\&quot;noopener\\&quot;&gt;&lt;strong&gt;LA MAISON BARCELONA&lt;\\\/strong&gt; &lt;\\\/a&gt; &lt;\\\/span&gt;C\\\/ Balmes 266. &lt;strong&gt;Barcelona&lt;\\\/strong&gt;. Tel: 932 172 666.  &lt;\\\/p&gt;\\n&lt;p&gt;&lt;span style=\\&quot;color: #b79634;\\&quot;&gt;&lt;strong&gt;&lt;a style=\\&quot;color: #b79634;\\&quot; href=\\&quot;https:\\\/\\\/www.instagram.com\\\/swellconcept?igsh=MWMxems5eTEwOGZweA%3D%3D\\&quot; target=\\&quot;_blank\\&quot; rel=\\&quot;noopener\\&quot;&gt;SWELL CONCEPT&lt;\\\/a&gt;&lt;\\\/strong&gt;&lt;\\\/span&gt; Rector Ubach 30 &lt;strong&gt;Barcelona &lt;\\\/strong&gt;Tel.: 934 598 595. &lt;\\\/p&gt;\\n&lt;p&gt;&lt;strong&gt;&lt;span style=\\&quot;color: #b79634;\\&quot;&gt;&lt;a style=\\&quot;color: #b79634;\\&quot; href=\\&quot;https:\\\/\\\/www.trucosparadecorar.com\\\/\\&quot; target=\\&quot;_blank\\&quot; rel=\\&quot;noopener\\&quot;&gt;TRICKSFORDECORATING&lt;\\\/a&gt;&lt;\\\/span&gt; &lt;\\\/strong&gt;. C\\\/ Reina Victoria 16.  &lt;strong&gt;Barcelona&lt;\\\/strong&gt;&lt;\\\/p&gt;\\n&quot;,&quot;hotspot_offset_x&quot;:{&quot;unit&quot;:&quot;%&quot;,&quot;size&quot;:84,&quot;sizes&quot;:[]},&quot;hotspot_offset_y&quot;:{&quot;unit&quot;:&quot;%&quot;,&quot;size&quot;:34,&quot;sizes&quot;:[]},&quot;_id&quot;:&quot;e835f39&quot;,&quot;hotspot_tooltip_position&quot;:&quot;yes&quot;,&quot;hotspot_position&quot;:&quot;right&quot;,&quot;__dynamic__&quot;:null,&quot;hotspot_label&quot;:&quot;&quot;,&quot;hotspot_link&quot;:{&quot;url&quot;:&quot;&quot;,&quot;is_external&quot;:&quot;&quot;,&quot;nofollow&quot;:&quot;&quot;,&quot;custom_attributes&quot;:&quot;&quot;},&quot;hotspot_icon&quot;:{&quot;value&quot;:&quot;&quot;,&quot;library&quot;:&quot;&quot;},&quot;hotspot_custom_size&quot;:&quot;no&quot;,&quot;hotspot_horizontal&quot;:&quot;left&quot;,&quot;hotspot_vertical&quot;:&quot;top&quot;,&quot;hotspot_position_tablet&quot;:&quot;&quot;,&quot;hotspot_position_mobile&quot;:&quot;&quot;,&quot;hotspot_icon_position&quot;:null,&quot;hotspot_icon_spacing&quot;:null,&quot;hotspot_width&quot;:null,&quot;hotspot_height&quot;:null,&quot;hotspot_offset_x_tablet&quot;:{&quot;unit&quot;:&quot;px&quot;,&quot;size&quot;:&quot;&quot;,&quot;sizes&quot;:[]},&quot;hotspot_offset_x_mobile&quot;:{&quot;unit&quot;:&quot;px&quot;,&quot;size&quot;:&quot;&quot;,&quot;sizes&quot;:[]},&quot;hotspot_offset_y_tablet&quot;:{&quot;unit&quot;:&quot;px&quot;,&quot;size&quot;:&quot;&quot;,&quot;sizes&quot;:[]},&quot;hotspot_offset_y_mobile&quot;:{&quot;unit&quot;:&quot;px&quot;,&quot;size&quot;:&quot;&quot;,&quot;sizes&quot;:[]},&quot;hotspot_tooltip_width&quot;:{&quot;unit&quot;:&quot;px&quot;,&quot;size&quot;:&quot;&quot;,&quot;sizes&quot;:[]},&quot;hotspot_tooltip_width_tablet&quot;:{&quot;unit&quot;:&quot;px&quot;,&quot;size&quot;:&quot;&quot;,&quot;sizes&quot;:[]},&quot;hotspot_tooltip_width_mobile&quot;:{&quot;unit&quot;:&quot;px&quot;,&quot;size&quot;:&quot;&quot;,&quot;sizes&quot;:[]},&quot;hotspot_tooltip_text_wrap&quot;:&quot;&quot;},{&quot;hotspot_tooltip_content&quot;:&quot;&lt;p&gt;&lt;strong&gt;&lt;span style=\\&quot;color: #b79634;\\&quot;&gt;&lt;a style=\\&quot;color: #b79634;\\&quot; href=\\&quot;https:\\\/\\\/www.duchlleida.com\\\/\\&quot; target=\\&quot;_blank\\&quot; rel=\\&quot;noopener\\&quot;&gt;DUCH&lt;\\\/a&gt;&lt;\\\/span&gt; &lt;\\\/strong&gt;C\\\/ Alcalde Rovira Roure 13. &lt;strong&gt;Lleida&lt;\\\/strong&gt;. Tel.: 973 249 145. &lt;\\\/p&gt;\\n&quot;,&quot;hotspot_offset_x&quot;:{&quot;unit&quot;:&quot;%&quot;,&quot;size&quot;:74,&quot;sizes&quot;:[]},&quot;hotspot_offset_y&quot;:{&quot;unit&quot;:&quot;%&quot;,&quot;size&quot;:31,&quot;sizes&quot;:[]},&quot;_id&quot;:&quot;b671a06&quot;,&quot;__dynamic__&quot;:null,&quot;hotspot_label&quot;:&quot;&quot;,&quot;hotspot_link&quot;:{&quot;url&quot;:&quot;&quot;,&quot;is_external&quot;:&quot;&quot;,&quot;nofollow&quot;:&quot;&quot;,&quot;custom_attributes&quot;:&quot;&quot;},&quot;hotspot_icon&quot;:{&quot;value&quot;:&quot;&quot;,&quot;library&quot;:&quot;&quot;},&quot;hotspot_custom_size&quot;:&quot;no&quot;,&quot;hotspot_horizontal&quot;:&quot;left&quot;,&quot;hotspot_vertical&quot;:&quot;top&quot;,&quot;hotspot_tooltip_position&quot;:&quot;no&quot;,&quot;hotspot_position&quot;:null,&quot;hotspot_position_tablet&quot;:null,&quot;hotspot_position_mobile&quot;:null,&quot;hotspot_icon_position&quot;:null,&quot;hotspot_icon_spacing&quot;:null,&quot;hotspot_width&quot;:null,&quot;hotspot_height&quot;:null,&quot;hotspot_offset_x_tablet&quot;:{&quot;unit&quot;:&quot;px&quot;,&quot;size&quot;:&quot;&quot;,&quot;sizes&quot;:[]},&quot;hotspot_offset_x_mobile&quot;:{&quot;unit&quot;:&quot;px&quot;,&quot;size&quot;:&quot;&quot;,&quot;sizes&quot;:[]},&quot;hotspot_offset_y_tablet&quot;:{&quot;unit&quot;:&quot;px&quot;,&quot;size&quot;:&quot;&quot;,&quot;sizes&quot;:[]},&quot;hotspot_offset_y_mobile&quot;:{&quot;unit&quot;:&quot;px&quot;,&quot;size&quot;:&quot;&quot;,&quot;sizes&quot;:[]},&quot;hotspot_tooltip_width&quot;:null,&quot;hotspot_tooltip_width_tablet&quot;:null,&quot;hotspot_tooltip_width_mobile&quot;:null,&quot;hotspot_tooltip_text_wrap&quot;:null},{&quot;hotspot_tooltip_content&quot;:&quot;&lt;p&gt;&lt;span style=\\&quot;color: #b79634;\\&quot;&gt;&lt;strong&gt;&lt;a style=\\&quot;color: #b79634;\\&quot; href=\\&quot;https:\\\/\\\/reposasapore.cat\\\/\\&quot; target=\\&quot;_blank\\&quot; rel=\\&quot;noopener\\&quot;&gt;REPOSA SAPORE&lt;\\\/a&gt;&lt;\\\/strong&gt;&lt;\\\/span&gt; Crta N-II num 20-B 17458.&lt;strong&gt; Fornells de la Selva - &lt;\\\/strong&gt;Girona. Tel.: 972 476 239 - 699 121 458 (cita pr\\u00e8via). &lt;\\\/p&gt;\\n&lt;p&gt;&lt;span style=\\&quot;color: #b79634;\\&quot;&gt;&lt;strong&gt;&lt;a style=\\&quot;color: #b79634;\\&quot; href=\\&quot;https:\\\/\\\/tocatpelvent.com\\\/\\&quot; target=\\&quot;_blank\\&quot; rel=\\&quot;noopener\\&quot;&gt;TOCAT PEL VENT&lt;\\\/a&gt;&lt;\\\/strong&gt;&lt;\\\/span&gt; - Carrer Nou del Teatre, 6, 17004 &lt;strong&gt;Girona&lt;\\\/strong&gt;. Tel.: 972 41 40 65&lt;\\\/p&gt;\\n&lt;p&gt;&lt;strong&gt;&lt;span style=\\&quot;color: #b79634;\\&quot;&gt;&lt;a style=\\&quot;color: #b79634;\\&quot; href=\\&quot;https:\\\/\\\/www.euromoblebru.com\\\/\\&quot; target=\\&quot;_blank\\&quot; rel=\\&quot;noopener\\&quot;&gt;EUROMOBLE DE BRU&lt;\\\/a&gt;&lt;\\\/span&gt; &lt;\\\/strong&gt;Ctra Figueres - Roses, km 33.5, 17469 &lt;strong&gt;Fortia&lt;\\\/strong&gt;. Girona. Tel.: 972 503 962.&lt;\\\/p&gt;\\n&lt;p&gt;&lt;span style=\\&quot;color: #b79634;\\&quot;&gt;&lt;strong&gt;&lt;a style=\\&quot;color: #b79634;\\&quot; href=\\&quot;https:\\\/\\\/www.cuinessantos.com\\\/ca\\\/\\&quot; target=\\&quot;_blank\\&quot; rel=\\&quot;noopener\\&quot;&gt;DALMAU Interiors &lt;\\\/a&gt;&lt;\\\/strong&gt;&lt;\\\/span&gt;Pl. Pavicsa, 9, 17100 &lt;strong&gt;La Bisbal d&#039;Empord\\u00e0, Girona. &lt;\\\/strong&gt;Tel.: 972 642 777. &lt;\\\/p&gt;\\n&lt;p&gt;&lt;strong&gt;&lt;span style=\\&quot;color: #b79634;\\&quot;&gt;&lt;a style=\\&quot;color: #b79634;\\&quot; href=\\&quot;https:\\\/\\\/www.martinelements.com\\\/\\&quot; target=\\&quot;_blank\\&quot; rel=\\&quot;noopener\\&quot;&gt;MARTIN ELEMENTS CORK&lt;\\\/a&gt;&lt;\\\/span&gt; &lt;\\\/strong&gt;C\\\/ Enric Vincke, 12, 17230 &lt;strong&gt;Palam\\u00f3s, &lt;\\\/strong&gt;Girona . Tel.: 972 967 144. &lt;\\\/p&gt;\\n&quot;,&quot;hotspot_offset_x&quot;:{&quot;unit&quot;:&quot;%&quot;,&quot;size&quot;:90,&quot;sizes&quot;:[]},&quot;hotspot_offset_y&quot;:{&quot;unit&quot;:&quot;%&quot;,&quot;size&quot;:28,&quot;sizes&quot;:[]},&quot;_id&quot;:&quot;7799550&quot;,&quot;hotspot_tooltip_position&quot;:&quot;yes&quot;,&quot;hotspot_position&quot;:&quot;right&quot;,&quot;__dynamic__&quot;:null,&quot;hotspot_label&quot;:&quot;&quot;,&quot;hotspot_link&quot;:{&quot;url&quot;:&quot;&quot;,&quot;is_external&quot;:&quot;&quot;,&quot;nofollow&quot;:&quot;&quot;,&quot;custom_attributes&quot;:&quot;&quot;},&quot;hotspot_icon&quot;:{&quot;value&quot;:&quot;&quot;,&quot;library&quot;:&quot;&quot;},&quot;hotspot_custom_size&quot;:&quot;no&quot;,&quot;hotspot_horizontal&quot;:&quot;left&quot;,&quot;hotspot_vertical&quot;:&quot;top&quot;,&quot;hotspot_position_tablet&quot;:&quot;&quot;,&quot;hotspot_position_mobile&quot;:&quot;&quot;,&quot;hotspot_icon_position&quot;:null,&quot;hotspot_icon_spacing&quot;:null,&quot;hotspot_width&quot;:null,&quot;hotspot_height&quot;:null,&quot;hotspot_offset_x_tablet&quot;:{&quot;unit&quot;:&quot;px&quot;,&quot;size&quot;:&quot;&quot;,&quot;sizes&quot;:[]},&quot;hotspot_offset_x_mobile&quot;:{&quot;unit&quot;:&quot;px&quot;,&quot;size&quot;:&quot;&quot;,&quot;sizes&quot;:[]},&quot;hotspot_offset_y_tablet&quot;:{&quot;unit&quot;:&quot;px&quot;,&quot;size&quot;:&quot;&quot;,&quot;sizes&quot;:[]},&quot;hotspot_offset_y_mobile&quot;:{&quot;unit&quot;:&quot;px&quot;,&quot;size&quot;:&quot;&quot;,&quot;sizes&quot;:[]},&quot;hotspot_tooltip_width&quot;:{&quot;unit&quot;:&quot;px&quot;,&quot;size&quot;:&quot;&quot;,&quot;sizes&quot;:[]},&quot;hotspot_tooltip_width_tablet&quot;:{&quot;unit&quot;:&quot;px&quot;,&quot;size&quot;:&quot;&quot;,&quot;sizes&quot;:[]},&quot;hotspot_tooltip_width_mobile&quot;:{&quot;unit&quot;:&quot;px&quot;,&quot;size&quot;:&quot;&quot;,&quot;sizes&quot;:[]},&quot;hotspot_tooltip_text_wrap&quot;:&quot;&quot;},{&quot;hotspot_tooltip_content&quot;:&quot;&lt;p&gt;&lt;span style=\\&quot;color: #b79634;\\&quot;&gt;&lt;strong&gt;&lt;a style=\\&quot;color: #b79634;\\&quot; href=\\&quot;https:\\\/\\\/www.ismoble.com\\\/\\&quot; target=\\&quot;_blank\\&quot; rel=\\&quot;noopener\\&quot;&gt;ISMOBLE&lt;\\\/a&gt;&lt;\\\/strong&gt;&lt;\\\/span&gt; C\\\/ Dionis Puig 15. C.C. Ramassar Nord. &lt;strong&gt;Granollers&lt;\\\/strong&gt;. Tel: 938 402 918 .   &lt;\\\/p&gt;\\n&lt;p&gt;&lt;span style=\\&quot;color: #b79634;\\&quot;&gt;&lt;strong&gt;&lt;a style=\\&quot;color: #b79634;\\&quot; href=\\&quot;https:\\\/\\\/www.ideesdisseny.com\\\/\\&quot; target=\\&quot;_blank\\&quot; rel=\\&quot;noopener\\&quot;&gt;IDEES DISSENY&lt;\\\/a&gt;&lt;\\\/strong&gt; \\u00b7 &lt;strong&gt;&lt;span class=\\&quot;wnd-font-size-90\\&quot;&gt;&lt;a style=\\&quot;color: #b79634;\\&quot; href=\\&quot;https:\\\/\\\/lifracontract.com\\\/es\\\/\\&quot; target=\\&quot;_blank\\&quot; rel=\\&quot;noopener\\&quot;&gt;&lt;span class=\\&quot;wnd-font-size-110\\&quot;&gt;LIFRA CONTRACT&lt;\\\/span&gt;&lt;\\\/a&gt; &lt;\\\/span&gt;&lt;\\\/strong&gt;&lt;\\\/span&gt;Crta. de Roda, Pol. Ind. Malloles. &lt;strong&gt;Vic&lt;\\\/strong&gt;. Tel: 938 890 307.    &lt;\\\/p&gt;\\n&lt;p&gt;&lt;strong&gt;&lt;span style=\\&quot;color: #b79634;\\&quot;&gt;&lt;a style=\\&quot;color: #b79634;\\&quot; href=\\&quot;https:\\\/\\\/tresorshome.com\\\/\\&quot; target=\\&quot;_blank\\&quot; rel=\\&quot;noopener\\&quot;&gt;TRESORS&lt;\\\/a&gt;&lt;\\\/span&gt; &lt;\\\/strong&gt;C\\\/ Rambla de l&#039;Hospital 3. &lt;strong&gt;Vic&lt;\\\/strong&gt;. Tel.: 931 403 457. &lt;\\\/p&gt;\\n&lt;p&gt;&lt;strong&gt;&lt;a href=\\&quot;https:\\\/\\\/www.zentrumbcn.com\\\/\\&quot; target=\\&quot;_blank\\&quot; rel=\\&quot;noopener\\&quot;&gt;&lt;span style=\\&quot;color: #b79634;\\&quot;&gt;ZENTRUM&lt;\\\/span&gt;&lt;\\\/a&gt; &lt;\\\/strong&gt;C\\\/ Crta. de Vic 92. &lt;strong&gt;La Garriga&lt;\\\/strong&gt;. Tel.: 933 211 299.  &lt;\\\/p&gt;\\n&lt;p&gt;&lt;a href=\\&quot;https:\\\/\\\/deco-home.es\\\/\\&quot; target=\\&quot;_blank\\&quot; rel=\\&quot;noopener\\&quot;&gt;&lt;strong&gt;&lt;span style=\\&quot;color: #b79634;\\&quot;&gt;BE BASIC HOME&lt;\\\/span&gt;&lt;\\\/strong&gt;&lt;\\\/a&gt; C\\\/ Jaume I, 1 08240 &lt;strong&gt;Manresa . &lt;\\\/strong&gt;Tel.: 935 242 356.&lt;\\\/p&gt;\\n&quot;,&quot;hotspot_offset_x&quot;:{&quot;unit&quot;:&quot;%&quot;,&quot;size&quot;:85,&quot;sizes&quot;:[]},&quot;hotspot_offset_y&quot;:{&quot;unit&quot;:&quot;%&quot;,&quot;size&quot;:28,&quot;sizes&quot;:[]},&quot;_id&quot;:&quot;af32a6e&quot;,&quot;hotspot_tooltip_position&quot;:&quot;yes&quot;,&quot;hotspot_position&quot;:&quot;right&quot;,&quot;__dynamic__&quot;:null,&quot;hotspot_label&quot;:&quot;&quot;,&quot;hotspot_link&quot;:{&quot;url&quot;:&quot;&quot;,&quot;is_external&quot;:&quot;&quot;,&quot;nofollow&quot;:&quot;&quot;,&quot;custom_attributes&quot;:&quot;&quot;},&quot;hotspot_icon&quot;:{&quot;value&quot;:&quot;&quot;,&quot;library&quot;:&quot;&quot;},&quot;hotspot_custom_size&quot;:&quot;no&quot;,&quot;hotspot_horizontal&quot;:&quot;left&quot;,&quot;hotspot_vertical&quot;:&quot;top&quot;,&quot;hotspot_position_tablet&quot;:&quot;&quot;,&quot;hotspot_position_mobile&quot;:&quot;&quot;,&quot;hotspot_icon_position&quot;:null,&quot;hotspot_icon_spacing&quot;:null,&quot;hotspot_width&quot;:null,&quot;hotspot_height&quot;:null,&quot;hotspot_offset_x_tablet&quot;:{&quot;unit&quot;:&quot;px&quot;,&quot;size&quot;:&quot;&quot;,&quot;sizes&quot;:[]},&quot;hotspot_offset_x_mobile&quot;:{&quot;unit&quot;:&quot;px&quot;,&quot;size&quot;:&quot;&quot;,&quot;sizes&quot;:[]},&quot;hotspot_offset_y_tablet&quot;:{&quot;unit&quot;:&quot;px&quot;,&quot;size&quot;:&quot;&quot;,&quot;sizes&quot;:[]},&quot;hotspot_offset_y_mobile&quot;:{&quot;unit&quot;:&quot;px&quot;,&quot;size&quot;:&quot;&quot;,&quot;sizes&quot;:[]},&quot;hotspot_tooltip_width&quot;:{&quot;unit&quot;:&quot;px&quot;,&quot;size&quot;:&quot;&quot;,&quot;sizes&quot;:[]},&quot;hotspot_tooltip_width_tablet&quot;:{&quot;unit&quot;:&quot;px&quot;,&quot;size&quot;:&quot;&quot;,&quot;sizes&quot;:[]},&quot;hotspot_tooltip_width_mobile&quot;:{&quot;unit&quot;:&quot;px&quot;,&quot;size&quot;:&quot;&quot;,&quot;sizes&quot;:[]},&quot;hotspot_tooltip_text_wrap&quot;:&quot;&quot;},{&quot;hotspot_tooltip_content&quot;:&quot;&lt;p&gt;&lt;span style=\\&quot;color: #b79634;\\&quot;&gt;&lt;strong&gt;LA CASONA&lt;\\\/strong&gt;&lt;\\\/span&gt; C\\\/ de les Parellades 65. &lt;strong&gt;Sitges&lt;\\\/strong&gt;. Tel: 938 102 378.  &lt;\\\/p&gt;\\n&lt;p&gt;&lt;span style=\\&quot;color: #b79634;\\&quot;&gt;&lt;strong&gt;&lt;a style=\\&quot;color: #b79634;\\&quot; href=\\&quot;https:\\\/\\\/moblesalmazan.com\\\/\\&quot; target=\\&quot;_blank\\&quot; rel=\\&quot;noopener\\&quot;&gt;MOBLES ALMAZAN&lt;\\\/a&gt;&lt;\\\/strong&gt;&lt;\\\/span&gt; Avinguda d&#039;Eduard Toldr\\u00e0, 40, 08800 &lt;strong&gt;Vilanova i la Geltr\\u00fa&lt;\\\/strong&gt;, Barcelona . Tel.: 938 938 830&lt;\\\/p&gt;\\n&lt;p&gt;&lt;strong&gt;&lt;span style=\\&quot;color: #b79634;\\&quot;&gt;&lt;a style=\\&quot;color: #b79634;\\&quot; href=\\&quot;https:\\\/\\\/www.moblesmorato.com\\\/ca\\\/\\&quot; target=\\&quot;_blank\\&quot; rel=\\&quot;noopener\\&quot;&gt;MOBLES MORAT\\u00d3&lt;\\\/a&gt;&lt;\\\/span&gt; &lt;\\\/strong&gt;Avinguda de Tarragona, 25. &lt;strong&gt;Vilafranca del Pened\\u00e8s.&lt;\\\/strong&gt; Barcelona. &lt;\\\/p&gt;\\n&quot;,&quot;hotspot_offset_x&quot;:{&quot;unit&quot;:&quot;%&quot;,&quot;size&quot;:82,&quot;sizes&quot;:[]},&quot;hotspot_offset_y&quot;:{&quot;unit&quot;:&quot;%&quot;,&quot;size&quot;:36,&quot;sizes&quot;:[]},&quot;_id&quot;:&quot;375c561&quot;,&quot;__dynamic__&quot;:null,&quot;hotspot_label&quot;:&quot;&quot;,&quot;hotspot_link&quot;:{&quot;url&quot;:&quot;&quot;,&quot;is_external&quot;:&quot;&quot;,&quot;nofollow&quot;:&quot;&quot;,&quot;custom_attributes&quot;:&quot;&quot;},&quot;hotspot_icon&quot;:{&quot;value&quot;:&quot;&quot;,&quot;library&quot;:&quot;&quot;},&quot;hotspot_custom_size&quot;:&quot;no&quot;,&quot;hotspot_horizontal&quot;:&quot;left&quot;,&quot;hotspot_vertical&quot;:&quot;top&quot;,&quot;hotspot_tooltip_position&quot;:&quot;no&quot;,&quot;hotspot_position&quot;:null,&quot;hotspot_position_tablet&quot;:null,&quot;hotspot_position_mobile&quot;:null,&quot;hotspot_icon_position&quot;:null,&quot;hotspot_icon_spacing&quot;:null,&quot;hotspot_width&quot;:null,&quot;hotspot_height&quot;:null,&quot;hotspot_offset_x_tablet&quot;:{&quot;unit&quot;:&quot;px&quot;,&quot;size&quot;:&quot;&quot;,&quot;sizes&quot;:[]},&quot;hotspot_offset_x_mobile&quot;:{&quot;unit&quot;:&quot;px&quot;,&quot;size&quot;:&quot;&quot;,&quot;sizes&quot;:[]},&quot;hotspot_offset_y_tablet&quot;:{&quot;unit&quot;:&quot;px&quot;,&quot;size&quot;:&quot;&quot;,&quot;sizes&quot;:[]},&quot;hotspot_offset_y_mobile&quot;:{&quot;unit&quot;:&quot;px&quot;,&quot;size&quot;:&quot;&quot;,&quot;sizes&quot;:[]},&quot;hotspot_tooltip_width&quot;:null,&quot;hotspot_tooltip_width_tablet&quot;:null,&quot;hotspot_tooltip_width_mobile&quot;:null,&quot;hotspot_tooltip_text_wrap&quot;:null},{&quot;hotspot_tooltip_content&quot;:&quot;&lt;p&gt;&lt;span style=\\&quot;color: #b79634;\\&quot;&gt;&lt;b&gt;QUATRE PUNTS ESTUDI &lt;\\\/b&gt;&lt;\\\/span&gt;- &lt;strong&gt;C\\\/ &lt;\\\/strong&gt;de Sant Joaquim, 3, &lt;strong&gt;Reus. &lt;\\\/strong&gt;Tel.: 658 86 71 35.&lt;\\\/p&gt;\\n&quot;,&quot;hotspot_offset_x&quot;:{&quot;unit&quot;:&quot;%&quot;,&quot;size&quot;:78,&quot;sizes&quot;:[]},&quot;hotspot_offset_y&quot;:{&quot;unit&quot;:&quot;%&quot;,&quot;size&quot;:36,&quot;sizes&quot;:[]},&quot;_id&quot;:&quot;a6d703b&quot;,&quot;__dynamic__&quot;:null,&quot;hotspot_label&quot;:&quot;&quot;,&quot;hotspot_link&quot;:{&quot;url&quot;:&quot;&quot;,&quot;is_external&quot;:&quot;&quot;,&quot;nofollow&quot;:&quot;&quot;,&quot;custom_attributes&quot;:&quot;&quot;},&quot;hotspot_icon&quot;:{&quot;value&quot;:&quot;&quot;,&quot;library&quot;:&quot;&quot;},&quot;hotspot_custom_size&quot;:&quot;no&quot;,&quot;hotspot_horizontal&quot;:&quot;left&quot;,&quot;hotspot_vertical&quot;:&quot;top&quot;,&quot;hotspot_tooltip_position&quot;:&quot;no&quot;,&quot;hotspot_position&quot;:null,&quot;hotspot_position_tablet&quot;:null,&quot;hotspot_position_mobile&quot;:null,&quot;hotspot_icon_position&quot;:null,&quot;hotspot_icon_spacing&quot;:null,&quot;hotspot_width&quot;:null,&quot;hotspot_height&quot;:null,&quot;hotspot_offset_x_tablet&quot;:{&quot;unit&quot;:&quot;px&quot;,&quot;size&quot;:&quot;&quot;,&quot;sizes&quot;:[]},&quot;hotspot_offset_x_mobile&quot;:{&quot;unit&quot;:&quot;px&quot;,&quot;size&quot;:&quot;&quot;,&quot;sizes&quot;:[]},&quot;hotspot_offset_y_tablet&quot;:{&quot;unit&quot;:&quot;px&quot;,&quot;size&quot;:&quot;&quot;,&quot;sizes&quot;:[]},&quot;hotspot_offset_y_mobile&quot;:{&quot;unit&quot;:&quot;px&quot;,&quot;size&quot;:&quot;&quot;,&quot;sizes&quot;:[]},&quot;hotspot_tooltip_width&quot;:null,&quot;hotspot_tooltip_width_tablet&quot;:null,&quot;hotspot_tooltip_width_mobile&quot;:null,&quot;hotspot_tooltip_text_wrap&quot;:null},{&quot;hotspot_tooltip_content&quot;:&quot;&lt;p&gt;&lt;span style=\\&quot;color: #b79634;\\&quot;&gt;&lt;strong&gt;&lt;a style=\\&quot;color: #b79634;\\&quot; href=\\&quot;https:\\\/\\\/moblesgifreu.com\\\/\\&quot; target=\\&quot;_blank\\&quot; rel=\\&quot;noopener\\&quot;&gt;MOBLES GIFREU&lt;\\\/a&gt; &lt;\\\/strong&gt;&lt;\\\/span&gt;Carrer Sant Andreu, 26, 17834 &lt;strong&gt;Porqueres&lt;\\\/strong&gt;, &lt;strong&gt;Girona.&lt;\\\/strong&gt; Tel.: 972 571 327 Tel.: 658 882 100.  &lt;\\\/p&gt;\\n&quot;,&quot;hotspot_offset_x&quot;:{&quot;unit&quot;:&quot;%&quot;,&quot;size&quot;:89,&quot;sizes&quot;:[]},&quot;hotspot_offset_y&quot;:{&quot;unit&quot;:&quot;%&quot;,&quot;size&quot;:25,&quot;sizes&quot;:[]},&quot;_id&quot;:&quot;527b733&quot;,&quot;hotspot_tooltip_position&quot;:&quot;yes&quot;,&quot;hotspot_position&quot;:&quot;right&quot;,&quot;__dynamic__&quot;:null,&quot;hotspot_label&quot;:&quot;&quot;,&quot;hotspot_link&quot;:{&quot;url&quot;:&quot;&quot;,&quot;is_external&quot;:&quot;&quot;,&quot;nofollow&quot;:&quot;&quot;,&quot;custom_attributes&quot;:&quot;&quot;},&quot;hotspot_icon&quot;:{&quot;value&quot;:&quot;&quot;,&quot;library&quot;:&quot;&quot;},&quot;hotspot_custom_size&quot;:&quot;no&quot;,&quot;hotspot_horizontal&quot;:&quot;left&quot;,&quot;hotspot_vertical&quot;:&quot;top&quot;,&quot;hotspot_position_tablet&quot;:&quot;&quot;,&quot;hotspot_position_mobile&quot;:&quot;&quot;,&quot;hotspot_icon_position&quot;:null,&quot;hotspot_icon_spacing&quot;:null,&quot;hotspot_width&quot;:null,&quot;hotspot_height&quot;:null,&quot;hotspot_offset_x_tablet&quot;:{&quot;unit&quot;:&quot;px&quot;,&quot;size&quot;:&quot;&quot;,&quot;sizes&quot;:[]},&quot;hotspot_offset_x_mobile&quot;:{&quot;unit&quot;:&quot;px&quot;,&quot;size&quot;:&quot;&quot;,&quot;sizes&quot;:[]},&quot;hotspot_offset_y_tablet&quot;:{&quot;unit&quot;:&quot;px&quot;,&quot;size&quot;:&quot;&quot;,&quot;sizes&quot;:[]},&quot;hotspot_offset_y_mobile&quot;:{&quot;unit&quot;:&quot;px&quot;,&quot;size&quot;:&quot;&quot;,&quot;sizes&quot;:[]},&quot;hotspot_tooltip_width&quot;:{&quot;unit&quot;:&quot;px&quot;,&quot;size&quot;:&quot;&quot;,&quot;sizes&quot;:[]},&quot;hotspot_tooltip_width_tablet&quot;:{&quot;unit&quot;:&quot;px&quot;,&quot;size&quot;:&quot;&quot;,&quot;sizes&quot;:[]},&quot;hotspot_tooltip_width_mobile&quot;:{&quot;unit&quot;:&quot;px&quot;,&quot;size&quot;:&quot;&quot;,&quot;sizes&quot;:[]},&quot;hotspot_tooltip_text_wrap&quot;:&quot;&quot;},{&quot;hotspot_tooltip_content&quot;:&quot;&lt;p&gt;&lt;strong&gt;&lt;a href=\\&quot;https:\\\/\\\/masdec.com\\\/\\&quot; target=\\&quot;_blank\\&quot; rel=\\&quot;noopener\\&quot;&gt;&lt;span style=\\&quot;color: #b79634;\\&quot;&gt;+DEC&lt;\\\/span&gt; &lt;\\\/a&gt; &lt;\\\/strong&gt;C\\\/ Castillo de Maya 28&lt;strong&gt;. &lt;\\\/strong&gt;&lt;strong&gt;Pamplona&lt;\\\/strong&gt;.&lt;strong&gt; &lt;\\\/strong&gt;Tel.: 948 292 670. &lt;\\\/p&gt;\\n&quot;,&quot;hotspot_offset_x&quot;:{&quot;unit&quot;:&quot;%&quot;,&quot;size&quot;:60,&quot;sizes&quot;:[]},&quot;hotspot_offset_y&quot;:{&quot;unit&quot;:&quot;%&quot;,&quot;size&quot;:16,&quot;sizes&quot;:[]},&quot;_id&quot;:&quot;07a87e2&quot;,&quot;__dynamic__&quot;:null,&quot;hotspot_label&quot;:&quot;&quot;,&quot;hotspot_link&quot;:{&quot;url&quot;:&quot;&quot;,&quot;is_external&quot;:&quot;&quot;,&quot;nofollow&quot;:&quot;&quot;,&quot;custom_attributes&quot;:&quot;&quot;},&quot;hotspot_icon&quot;:{&quot;value&quot;:&quot;&quot;,&quot;library&quot;:&quot;&quot;},&quot;hotspot_custom_size&quot;:&quot;no&quot;,&quot;hotspot_horizontal&quot;:&quot;left&quot;,&quot;hotspot_vertical&quot;:&quot;top&quot;,&quot;hotspot_tooltip_position&quot;:&quot;no&quot;,&quot;hotspot_position&quot;:null,&quot;hotspot_position_tablet&quot;:null,&quot;hotspot_position_mobile&quot;:null,&quot;hotspot_icon_position&quot;:null,&quot;hotspot_icon_spacing&quot;:null,&quot;hotspot_width&quot;:null,&quot;hotspot_height&quot;:null,&quot;hotspot_offset_x_tablet&quot;:{&quot;unit&quot;:&quot;px&quot;,&quot;size&quot;:&quot;&quot;,&quot;sizes&quot;:[]},&quot;hotspot_offset_x_mobile&quot;:{&quot;unit&quot;:&quot;px&quot;,&quot;size&quot;:&quot;&quot;,&quot;sizes&quot;:[]},&quot;hotspot_offset_y_tablet&quot;:{&quot;unit&quot;:&quot;px&quot;,&quot;size&quot;:&quot;&quot;,&quot;sizes&quot;:[]},&quot;hotspot_offset_y_mobile&quot;:{&quot;unit&quot;:&quot;px&quot;,&quot;size&quot;:&quot;&quot;,&quot;sizes&quot;:[]},&quot;hotspot_tooltip_width&quot;:null,&quot;hotspot_tooltip_width_tablet&quot;:null,&quot;hotspot_tooltip_width_mobile&quot;:null,&quot;hotspot_tooltip_text_wrap&quot;:null},{&quot;hotspot_tooltip_content&quot;:&quot;&lt;p&gt;&lt;strong&gt;&lt;span style=\\&quot;color: #b79634;\\&quot;&gt;&lt;a style=\\&quot;color: #b79634;\\&quot; href=\\&quot;https:\\\/\\\/rosagarcia.com\\\/\\&quot;&gt;ROSA GARCIA&lt;\\\/a&gt; &lt;\\\/span&gt; &lt;\\\/strong&gt;C\\\/ Juan Antonio Fern\\u00e1ndez 7&lt;strong&gt;. &lt;\\\/strong&gt;&lt;strong&gt;Tudela&lt;\\\/strong&gt;. Tel.: 948 822 790. &lt;\\\/p&gt;\\n&lt;p&gt;&lt;strong&gt;&lt;span style=\\&quot;color: #b79634;\\&quot;&gt;&lt;a style=\\&quot;color: #b79634;\\&quot; href=\\&quot;https:\\\/\\\/rosagarcia.com\\\/\\&quot;&gt;ROSA GARCIA&lt;\\\/a&gt;&lt;\\\/span&gt; &lt;\\\/strong&gt;C\\\/ Avenida Santa Ana 6-8&lt;strong&gt;. &lt;\\\/strong&gt;&lt;strong&gt;Tudela&lt;\\\/strong&gt;. Tel.: 948 412 459. &lt;\\\/p&gt;\\n&quot;,&quot;hotspot_offset_x&quot;:{&quot;unit&quot;:&quot;%&quot;,&quot;size&quot;:61,&quot;sizes&quot;:[]},&quot;hotspot_offset_y&quot;:{&quot;unit&quot;:&quot;%&quot;,&quot;size&quot;:26,&quot;sizes&quot;:[]},&quot;_id&quot;:&quot;e63bc10&quot;,&quot;__dynamic__&quot;:null,&quot;hotspot_label&quot;:&quot;&quot;,&quot;hotspot_link&quot;:{&quot;url&quot;:&quot;&quot;,&quot;is_external&quot;:&quot;&quot;,&quot;nofollow&quot;:&quot;&quot;,&quot;custom_attributes&quot;:&quot;&quot;},&quot;hotspot_icon&quot;:{&quot;value&quot;:&quot;&quot;,&quot;library&quot;:&quot;&quot;},&quot;hotspot_custom_size&quot;:&quot;no&quot;,&quot;hotspot_horizontal&quot;:&quot;left&quot;,&quot;hotspot_vertical&quot;:&quot;top&quot;,&quot;hotspot_tooltip_position&quot;:&quot;no&quot;,&quot;hotspot_position&quot;:null,&quot;hotspot_position_tablet&quot;:null,&quot;hotspot_position_mobile&quot;:null,&quot;hotspot_icon_position&quot;:null,&quot;hotspot_icon_spacing&quot;:null,&quot;hotspot_width&quot;:null,&quot;hotspot_height&quot;:null,&quot;hotspot_offset_x_tablet&quot;:{&quot;unit&quot;:&quot;px&quot;,&quot;size&quot;:&quot;&quot;,&quot;sizes&quot;:[]},&quot;hotspot_offset_x_mobile&quot;:{&quot;unit&quot;:&quot;px&quot;,&quot;size&quot;:&quot;&quot;,&quot;sizes&quot;:[]},&quot;hotspot_offset_y_tablet&quot;:{&quot;unit&quot;:&quot;px&quot;,&quot;size&quot;:&quot;&quot;,&quot;sizes&quot;:[]},&quot;hotspot_offset_y_mobile&quot;:{&quot;unit&quot;:&quot;px&quot;,&quot;size&quot;:&quot;&quot;,&quot;sizes&quot;:[]},&quot;hotspot_tooltip_width&quot;:null,&quot;hotspot_tooltip_width_tablet&quot;:null,&quot;hotspot_tooltip_width_mobile&quot;:null,&quot;hotspot_tooltip_text_wrap&quot;:null},{&quot;hotspot_tooltip_content&quot;:&quot;&lt;p&gt;&lt;span style=\\&quot;color: #b79634;\\&quot;&gt;&lt;strong&gt;&lt;a style=\\&quot;color: #b79634;\\&quot; href=\\&quot;https:\\\/\\\/burana.es\\\/\\&quot; target=\\&quot;_blank\\&quot; rel=\\&quot;noopener\\&quot;&gt;BURANA&lt;\\\/a&gt;&lt;\\\/strong&gt;&lt;\\\/span&gt; C\\\/ Oxford 4 &lt;b&gt;Las Rozas. Madrid &lt;\\\/b&gt;.&lt;strong&gt; &lt;\\\/strong&gt;Tel.: 917 103 771.&lt;\\\/p&gt;\\n&lt;p&gt;&lt;span style=\\&quot;color: #b79634;\\&quot;&gt;&lt;strong&gt;&lt;a style=\\&quot;color: #b79634;\\&quot; href=\\&quot;https:\\\/\\\/www.deslan.com\\\/\\&quot;&gt;DESLAN&lt;\\\/a&gt;&lt;\\\/strong&gt;&lt;\\\/span&gt; C\\\/ Padilla 30. &lt;strong&gt;Madrid&lt;\\\/strong&gt;. Tel.: 915 714 339.&lt;\\\/p&gt;\\n&lt;p&gt;&lt;strong&gt;&lt;a href=\\&quot;https:\\\/\\\/www.deslan.com\\\/\\&quot;&gt;&lt;span style=\\&quot;color: #b79634;\\&quot;&gt;DESLAN&lt;\\\/span&gt;&lt;\\\/a&gt;&lt;\\\/strong&gt; C\\\/ Vel\\u00e1zquez 86 C. &lt;strong&gt;Madrid&lt;\\\/strong&gt;. Tel.: 915 762 077.&lt;\\\/p&gt;\\n&lt;p&gt;&lt;strong&gt;&lt;span style=\\&quot;color: #b79634;\\&quot;&gt;&lt;a style=\\&quot;color: #b79634;\\&quot; href=\\&quot;https:\\\/\\\/digarkiona.com\\\/\\&quot; target=\\&quot;_blank\\&quot; rel=\\&quot;noopener\\&quot;&gt;DIGAR KIONA&lt;\\\/a&gt; &lt;\\\/span&gt; &lt;\\\/strong&gt;C\\\/ Cantabria 11&lt;strong&gt;. &lt;\\\/strong&gt;&lt;strong&gt;San Sebastian de los Reyes&lt;\\\/strong&gt;.&lt;strong&gt; &lt;\\\/strong&gt;Tel.: 916 513 101.&lt;\\\/p&gt;\\n&lt;p&gt;&lt;span style=\\&quot;color: #b79634;\\&quot;&gt;&lt;strong&gt;&lt;a style=\\&quot;color: #b79634;\\&quot; href=\\&quot;https:\\\/\\\/plazarq.com\\\/\\&quot; target=\\&quot;_blank\\&quot; rel=\\&quot;noopener\\&quot;&gt;PLAZARQ&lt;\\\/a&gt;&lt;\\\/strong&gt;&lt;\\\/span&gt; C\\\/ de Hermosilla, 43, Salamanca, 28001 &lt;strong&gt;Madrid . &lt;\\\/strong&gt;Tel.: Tel.: 620 361 115&lt;\\\/p&gt;\\n&lt;p&gt;&lt;strong&gt;&lt;span style=\\&quot;color: #b79634;\\&quot;&gt;&lt;a style=\\&quot;color: #b79634;\\&quot; href=\\&quot;https:\\\/\\\/www.queproyectos.es\\\/\\&quot; target=\\&quot;_blank\\&quot; rel=\\&quot;noopener\\&quot;&gt;QUE PROYECTOS&lt;\\\/a&gt;&lt;\\\/span&gt; &lt;\\\/strong&gt; Avda. Monasterio de Silos 14. &lt;strong&gt;Madrid&lt;\\\/strong&gt;. &lt;strong&gt; &lt;\\\/strong&gt;Tel.: 917 305 159.&lt;\\\/p&gt;\\n&quot;,&quot;hotspot_offset_x&quot;:{&quot;unit&quot;:&quot;%&quot;,&quot;size&quot;:47,&quot;sizes&quot;:[]},&quot;hotspot_offset_y&quot;:{&quot;unit&quot;:&quot;%&quot;,&quot;size&quot;:46,&quot;sizes&quot;:[]},&quot;_id&quot;:&quot;2ece9fe&quot;,&quot;__dynamic__&quot;:null,&quot;hotspot_label&quot;:&quot;&quot;,&quot;hotspot_link&quot;:{&quot;url&quot;:&quot;&quot;,&quot;is_external&quot;:&quot;&quot;,&quot;nofollow&quot;:&quot;&quot;,&quot;custom_attributes&quot;:&quot;&quot;},&quot;hotspot_icon&quot;:{&quot;value&quot;:&quot;&quot;,&quot;library&quot;:&quot;&quot;},&quot;hotspot_custom_size&quot;:&quot;no&quot;,&quot;hotspot_horizontal&quot;:&quot;left&quot;,&quot;hotspot_vertical&quot;:&quot;top&quot;,&quot;hotspot_tooltip_position&quot;:&quot;no&quot;,&quot;hotspot_position&quot;:null,&quot;hotspot_position_tablet&quot;:null,&quot;hotspot_position_mobile&quot;:null,&quot;hotspot_icon_position&quot;:null,&quot;hotspot_icon_spacing&quot;:null,&quot;hotspot_width&quot;:null,&quot;hotspot_height&quot;:null,&quot;hotspot_offset_x_tablet&quot;:{&quot;unit&quot;:&quot;px&quot;,&quot;size&quot;:&quot;&quot;,&quot;sizes&quot;:[]},&quot;hotspot_offset_x_mobile&quot;:{&quot;unit&quot;:&quot;px&quot;,&quot;size&quot;:&quot;&quot;,&quot;sizes&quot;:[]},&quot;hotspot_offset_y_tablet&quot;:{&quot;unit&quot;:&quot;px&quot;,&quot;size&quot;:&quot;&quot;,&quot;sizes&quot;:[]},&quot;hotspot_offset_y_mobile&quot;:{&quot;unit&quot;:&quot;px&quot;,&quot;size&quot;:&quot;&quot;,&quot;sizes&quot;:[]},&quot;hotspot_tooltip_width&quot;:null,&quot;hotspot_tooltip_width_tablet&quot;:null,&quot;hotspot_tooltip_width_mobile&quot;:null,&quot;hotspot_tooltip_text_wrap&quot;:null},{&quot;hotspot_tooltip_content&quot;:&quot;&lt;p&gt;&lt;strong&gt;&lt;span style=\\&quot;color: #b79634;\\&quot;&gt;&lt;a style=\\&quot;color: #b79634;\\&quot; href=\\&quot;https:\\\/\\\/albani.es\\\/es\\&quot; target=\\&quot;_blank\\&quot; rel=\\&quot;noopener\\&quot;&gt;ALBANI&lt;\\\/a&gt; &lt;\\\/span&gt; &lt;\\\/strong&gt;Crta. N340a km 969,5. &lt;b&gt;Vila-real, Castell\\u00f3n&lt;\\\/b&gt;. Tel.: 964 538 138. &lt;\\\/p&gt;\\n&lt;p&gt;&lt;strong&gt;&lt;span style=\\&quot;color: #b79634;\\&quot;&gt;&lt;a style=\\&quot;color: #b79634;\\&quot; href=\\&quot;https:\\\/\\\/www.muebleslafabrica.com\\\/tienda-muebles-castellon\\&quot; target=\\&quot;_blank\\&quot; rel=\\&quot;noopener\\&quot;&gt;MUEBLES LA FABRICA&lt;\\\/a&gt;&lt;\\\/span&gt; &lt;\\\/strong&gt;C\\\/ Enmedio, 91. &lt;b&gt;Castell\\u00f3n de la Plana, Castell\\u00f3n&lt;\\\/b&gt;. Tel.: 964 216 395.&lt;\\\/p&gt;\\n&quot;,&quot;hotspot_offset_x&quot;:{&quot;unit&quot;:&quot;%&quot;,&quot;size&quot;:70,&quot;sizes&quot;:[]},&quot;hotspot_offset_y&quot;:{&quot;unit&quot;:&quot;%&quot;,&quot;size&quot;:52,&quot;sizes&quot;:[]},&quot;_id&quot;:&quot;75a8f49&quot;,&quot;__dynamic__&quot;:null,&quot;hotspot_label&quot;:&quot;&quot;,&quot;hotspot_link&quot;:{&quot;url&quot;:&quot;&quot;,&quot;is_external&quot;:&quot;&quot;,&quot;nofollow&quot;:&quot;&quot;,&quot;custom_attributes&quot;:&quot;&quot;},&quot;hotspot_icon&quot;:{&quot;value&quot;:&quot;&quot;,&quot;library&quot;:&quot;&quot;},&quot;hotspot_custom_size&quot;:&quot;no&quot;,&quot;hotspot_horizontal&quot;:&quot;left&quot;,&quot;hotspot_vertical&quot;:&quot;top&quot;,&quot;hotspot_tooltip_position&quot;:&quot;no&quot;,&quot;hotspot_position&quot;:null,&quot;hotspot_position_tablet&quot;:null,&quot;hotspot_position_mobile&quot;:null,&quot;hotspot_icon_position&quot;:null,&quot;hotspot_icon_spacing&quot;:null,&quot;hotspot_width&quot;:null,&quot;hotspot_height&quot;:null,&quot;hotspot_offset_x_tablet&quot;:{&quot;unit&quot;:&quot;px&quot;,&quot;size&quot;:&quot;&quot;,&quot;sizes&quot;:[]},&quot;hotspot_offset_x_mobile&quot;:{&quot;unit&quot;:&quot;px&quot;,&quot;size&quot;:&quot;&quot;,&quot;sizes&quot;:[]},&quot;hotspot_offset_y_tablet&quot;:{&quot;unit&quot;:&quot;px&quot;,&quot;size&quot;:&quot;&quot;,&quot;sizes&quot;:[]},&quot;hotspot_offset_y_mobile&quot;:{&quot;unit&quot;:&quot;px&quot;,&quot;size&quot;:&quot;&quot;,&quot;sizes&quot;:[]},&quot;hotspot_tooltip_width&quot;:null,&quot;hotspot_tooltip_width_tablet&quot;:null,&quot;hotspot_tooltip_width_mobile&quot;:null,&quot;hotspot_tooltip_text_wrap&quot;:null},{&quot;hotspot_tooltip_content&quot;:&quot;&lt;p&gt;&lt;span style=\\&quot;color: #b79634;\\&quot;&gt;&lt;strong&gt;&lt;a style=\\&quot;color: #b79634;\\&quot; href=\\&quot;https:\\\/\\\/azultierra.es\\\/contacto\\\/\\&quot; target=\\&quot;_blank\\&quot; rel=\\&quot;noopener\\&quot;&gt;AZUL TIERRA&lt;\\\/a&gt; &lt;\\\/strong&gt;&lt;\\\/span&gt;\\u00c1ngel Lozano, 2, &lt;strong&gt;Alicante. &lt;\\\/strong&gt;03001 T. 96 514 02 30&lt;\\\/p&gt;\\n&lt;p&gt;&lt;span style=\\&quot;color: #b79634;\\&quot;&gt;&lt;strong&gt;BOLMEN&lt;\\\/strong&gt;&lt;\\\/span&gt;&lt;strong&gt; &lt;\\\/strong&gt;Avda. d&#039;Europa, 146. &lt;strong&gt;l&#039;Alf\\u00e0s del Pi, Alicante. &lt;\\\/strong&gt;Tel.: 966 866 289. &lt;\\\/p&gt;\\n&lt;p&gt;&lt;span style=\\&quot;color: #b79634;\\&quot;&gt;&lt;strong&gt;&lt;a style=\\&quot;color: #b79634;\\&quot; href=\\&quot;https:\\\/\\\/mediterraneannomad.com\\\/\\&quot;&gt;NOMAD MEDITERRANEAN&lt;\\\/a&gt; &lt;\\\/strong&gt;&lt;\\\/span&gt;Calle Niza 1, Local 2B. &lt;strong&gt;J\\u00e1vea, Alicante&lt;\\\/strong&gt;. Tel.: 633 282 006. Tel.: 965 426 246.&lt;\\\/p&gt;\\n&lt;p&gt;&lt;span style=\\&quot;color: #b79634;\\&quot;&gt;&lt;strong&gt;&lt;a style=\\&quot;color: #b79634;\\&quot; href=\\&quot;https:\\\/\\\/renovhouse.es\\\/\\&quot; target=\\&quot;_blank\\&quot; rel=\\&quot;noopener\\&quot;&gt;RENOVHOUSE &lt;\\\/a&gt;&lt;\\\/strong&gt;&lt;\\\/span&gt;Av de los Ej\\u00e9rcitos Espa\\u00f1oles, 10, Edificio Apolo VII, Local. &lt;strong&gt;Calp, Alicante &lt;\\\/strong&gt;Tel.: 627 203 040.&lt;\\\/p&gt;\\n&lt;p&gt;&lt;strong&gt;&lt;span style=\\&quot;color: #b79634;\\&quot;&gt;&lt;a style=\\&quot;color: #b79634;\\&quot; href=\\&quot;https:\\\/\\\/valentinsanchez.com\\\/\\&quot; target=\\&quot;_blank\\&quot; rel=\\&quot;noopener\\&quot;&gt;VALENTIN SANCHEZ&lt;\\\/a&gt; &lt;\\\/span&gt; &lt;\\\/strong&gt;General O\\u00b4Donell 13.&lt;strong&gt; &lt;\\\/strong&gt;&lt;strong&gt;Alicante&lt;\\\/strong&gt;. Tel.: 965 126 717. &lt;\\\/p&gt;\\n&quot;,&quot;hotspot_offset_x&quot;:{&quot;unit&quot;:&quot;%&quot;,&quot;size&quot;:67,&quot;sizes&quot;:[]},&quot;hotspot_offset_y&quot;:{&quot;unit&quot;:&quot;%&quot;,&quot;size&quot;:71,&quot;sizes&quot;:[]},&quot;_id&quot;:&quot;b47f441&quot;,&quot;__dynamic__&quot;:null,&quot;hotspot_label&quot;:&quot;&quot;,&quot;hotspot_link&quot;:{&quot;url&quot;:&quot;&quot;,&quot;is_external&quot;:&quot;&quot;,&quot;nofollow&quot;:&quot;&quot;,&quot;custom_attributes&quot;:&quot;&quot;},&quot;hotspot_icon&quot;:{&quot;value&quot;:&quot;&quot;,&quot;library&quot;:&quot;&quot;},&quot;hotspot_custom_size&quot;:&quot;no&quot;,&quot;hotspot_horizontal&quot;:&quot;left&quot;,&quot;hotspot_vertical&quot;:&quot;top&quot;,&quot;hotspot_tooltip_position&quot;:&quot;no&quot;,&quot;hotspot_position&quot;:null,&quot;hotspot_position_tablet&quot;:null,&quot;hotspot_position_mobile&quot;:null,&quot;hotspot_icon_position&quot;:null,&quot;hotspot_icon_spacing&quot;:null,&quot;hotspot_width&quot;:null,&quot;hotspot_height&quot;:null,&quot;hotspot_offset_x_tablet&quot;:{&quot;unit&quot;:&quot;px&quot;,&quot;size&quot;:&quot;&quot;,&quot;sizes&quot;:[]},&quot;hotspot_offset_x_mobile&quot;:{&quot;unit&quot;:&quot;px&quot;,&quot;size&quot;:&quot;&quot;,&quot;sizes&quot;:[]},&quot;hotspot_offset_y_tablet&quot;:{&quot;unit&quot;:&quot;px&quot;,&quot;size&quot;:&quot;&quot;,&quot;sizes&quot;:[]},&quot;hotspot_offset_y_mobile&quot;:{&quot;unit&quot;:&quot;px&quot;,&quot;size&quot;:&quot;&quot;,&quot;sizes&quot;:[]},&quot;hotspot_tooltip_width&quot;:null,&quot;hotspot_tooltip_width_tablet&quot;:null,&quot;hotspot_tooltip_width_mobile&quot;:null,&quot;hotspot_tooltip_text_wrap&quot;:null},{&quot;hotspot_tooltip_content&quot;:&quot;&lt;p&gt;&lt;strong&gt;&lt;span style=\\&quot;color: #b79634;\\&quot;&gt;&lt;a style=\\&quot;color: #b79634;\\&quot; href=\\&quot;https:\\\/\\\/www.bocetointeriorismo.com\\\/\\&quot;&gt;BOCETO INTERIORISMO&lt;\\\/a&gt;&lt;\\\/span&gt; &lt;\\\/strong&gt;Avda. Doctor Tomas Sala 37. &lt;strong&gt;Valencia&lt;\\\/strong&gt;. Tel.: 963 170 401.  &lt;\\\/p&gt;\\n&lt;p&gt;&lt;span style=\\&quot;color: #b79634;\\&quot;&gt;&lt;strong&gt;&lt;a style=\\&quot;color: #b79634;\\&quot; href=\\&quot;https:\\\/\\\/estudiopas.com\\\/\\&quot; target=\\&quot;_blank\\&quot; rel=\\&quot;noopener\\&quot;&gt;ESTUDIO PAS&lt;\\\/a&gt;&lt;\\\/strong&gt; &lt;\\\/span&gt;Carrer de l&#039;Almirall Cadarso, 7. &lt;strong&gt;Val\\u00e8ncia&lt;\\\/strong&gt;&lt;strong&gt;. &lt;\\\/strong&gt;Tel.: 963 330 426. &lt;\\\/p&gt;\\n&quot;,&quot;hotspot_offset_x&quot;:{&quot;unit&quot;:&quot;%&quot;,&quot;size&quot;:68,&quot;sizes&quot;:[]},&quot;hotspot_offset_y&quot;:{&quot;unit&quot;:&quot;%&quot;,&quot;size&quot;:58,&quot;sizes&quot;:[]},&quot;_id&quot;:&quot;0aab33a&quot;,&quot;__dynamic__&quot;:null,&quot;hotspot_label&quot;:&quot;&quot;,&quot;hotspot_link&quot;:{&quot;url&quot;:&quot;&quot;,&quot;is_external&quot;:&quot;&quot;,&quot;nofollow&quot;:&quot;&quot;,&quot;custom_attributes&quot;:&quot;&quot;},&quot;hotspot_icon&quot;:{&quot;value&quot;:&quot;&quot;,&quot;library&quot;:&quot;&quot;},&quot;hotspot_custom_size&quot;:&quot;no&quot;,&quot;hotspot_horizontal&quot;:&quot;left&quot;,&quot;hotspot_vertical&quot;:&quot;top&quot;,&quot;hotspot_tooltip_position&quot;:&quot;no&quot;,&quot;hotspot_position&quot;:null,&quot;hotspot_position_tablet&quot;:null,&quot;hotspot_position_mobile&quot;:null,&quot;hotspot_icon_position&quot;:null,&quot;hotspot_icon_spacing&quot;:null,&quot;hotspot_width&quot;:null,&quot;hotspot_height&quot;:null,&quot;hotspot_offset_x_tablet&quot;:{&quot;unit&quot;:&quot;px&quot;,&quot;size&quot;:&quot;&quot;,&quot;sizes&quot;:[]},&quot;hotspot_offset_x_mobile&quot;:{&quot;unit&quot;:&quot;px&quot;,&quot;size&quot;:&quot;&quot;,&quot;sizes&quot;:[]},&quot;hotspot_offset_y_tablet&quot;:{&quot;unit&quot;:&quot;px&quot;,&quot;size&quot;:&quot;&quot;,&quot;sizes&quot;:[]},&quot;hotspot_offset_y_mobile&quot;:{&quot;unit&quot;:&quot;px&quot;,&quot;size&quot;:&quot;&quot;,&quot;sizes&quot;:[]},&quot;hotspot_tooltip_width&quot;:null,&quot;hotspot_tooltip_width_tablet&quot;:null,&quot;hotspot_tooltip_width_mobile&quot;:null,&quot;hotspot_tooltip_text_wrap&quot;:null},{&quot;hotspot_tooltip_content&quot;:&quot;&lt;p&gt;&lt;span style=\\&quot;color: #b79634;\\&quot;&gt;&lt;b&gt;&lt;a style=\\&quot;color: #b79634;\\&quot; href=\\&quot;https:\\\/\\\/valentinsanchez.com\\\/\\&quot; target=\\&quot;_blank\\&quot; rel=\\&quot;noopener\\&quot;&gt;VALENTIN SANCHEZ&lt;\\\/a&gt;&lt;\\\/b&gt; &lt;\\\/span&gt; Avda. Alicante 136. &lt;b&gt;Elche&lt;\\\/b&gt;. Tel.: 965 426 246. &lt;\\\/p&gt;\\n&quot;,&quot;hotspot_offset_x&quot;:{&quot;unit&quot;:&quot;%&quot;,&quot;size&quot;:65,&quot;sizes&quot;:[]},&quot;hotspot_offset_y&quot;:{&quot;unit&quot;:&quot;%&quot;,&quot;size&quot;:73,&quot;sizes&quot;:[]},&quot;_id&quot;:&quot;7b7d162&quot;,&quot;__dynamic__&quot;:null,&quot;hotspot_label&quot;:&quot;&quot;,&quot;hotspot_link&quot;:{&quot;url&quot;:&quot;&quot;,&quot;is_external&quot;:&quot;&quot;,&quot;nofollow&quot;:&quot;&quot;,&quot;custom_attributes&quot;:&quot;&quot;},&quot;hotspot_icon&quot;:{&quot;value&quot;:&quot;&quot;,&quot;library&quot;:&quot;&quot;},&quot;hotspot_custom_size&quot;:&quot;no&quot;,&quot;hotspot_horizontal&quot;:&quot;left&quot;,&quot;hotspot_vertical&quot;:&quot;top&quot;,&quot;hotspot_tooltip_position&quot;:&quot;no&quot;,&quot;hotspot_position&quot;:null,&quot;hotspot_position_tablet&quot;:null,&quot;hotspot_position_mobile&quot;:null,&quot;hotspot_icon_position&quot;:null,&quot;hotspot_icon_spacing&quot;:null,&quot;hotspot_width&quot;:null,&quot;hotspot_height&quot;:null,&quot;hotspot_offset_x_tablet&quot;:{&quot;unit&quot;:&quot;px&quot;,&quot;size&quot;:&quot;&quot;,&quot;sizes&quot;:[]},&quot;hotspot_offset_x_mobile&quot;:{&quot;unit&quot;:&quot;px&quot;,&quot;size&quot;:&quot;&quot;,&quot;sizes&quot;:[]},&quot;hotspot_offset_y_tablet&quot;:{&quot;unit&quot;:&quot;px&quot;,&quot;size&quot;:&quot;&quot;,&quot;sizes&quot;:[]},&quot;hotspot_offset_y_mobile&quot;:{&quot;unit&quot;:&quot;px&quot;,&quot;size&quot;:&quot;&quot;,&quot;sizes&quot;:[]},&quot;hotspot_tooltip_width&quot;:null,&quot;hotspot_tooltip_width_tablet&quot;:null,&quot;hotspot_tooltip_width_mobile&quot;:null,&quot;hotspot_tooltip_text_wrap&quot;:null},{&quot;hotspot_tooltip_content&quot;:&quot;&lt;p&gt;&lt;strong&gt;&lt;span style=\\&quot;color: #b79634;\\&quot;&gt;&lt;a style=\\&quot;color: #b79634;\\&quot; href=\\&quot;https:\\\/\\\/www.mueblesedra.com\\\/\\&quot; target=\\&quot;_blank\\&quot; rel=\\&quot;noopener\\&quot;&gt;EDRA&lt;\\\/a&gt; &lt;\\\/span&gt; &lt;\\\/strong&gt;Avenida de Gran Via 112.&lt;strong&gt; &lt;\\\/strong&gt;&lt;strong&gt;Vigo&lt;\\\/strong&gt;.&lt;strong&gt; &lt;\\\/strong&gt;Tel.: 986 473 395. &lt;\\\/p&gt;\\n&quot;,&quot;hotspot_offset_x&quot;:{&quot;unit&quot;:&quot;%&quot;,&quot;size&quot;:16,&quot;sizes&quot;:[]},&quot;hotspot_offset_y&quot;:{&quot;unit&quot;:&quot;%&quot;,&quot;size&quot;:24,&quot;sizes&quot;:[]},&quot;_id&quot;:&quot;6ff907f&quot;,&quot;hotspot_tooltip_position&quot;:&quot;yes&quot;,&quot;hotspot_position&quot;:&quot;left&quot;,&quot;__dynamic__&quot;:null,&quot;hotspot_label&quot;:&quot;&quot;,&quot;hotspot_link&quot;:{&quot;url&quot;:&quot;&quot;,&quot;is_external&quot;:&quot;&quot;,&quot;nofollow&quot;:&quot;&quot;,&quot;custom_attributes&quot;:&quot;&quot;},&quot;hotspot_icon&quot;:{&quot;value&quot;:&quot;&quot;,&quot;library&quot;:&quot;&quot;},&quot;hotspot_custom_size&quot;:&quot;no&quot;,&quot;hotspot_horizontal&quot;:&quot;left&quot;,&quot;hotspot_vertical&quot;:&quot;top&quot;,&quot;hotspot_position_tablet&quot;:&quot;&quot;,&quot;hotspot_position_mobile&quot;:&quot;&quot;,&quot;hotspot_icon_position&quot;:null,&quot;hotspot_icon_spacing&quot;:null,&quot;hotspot_width&quot;:null,&quot;hotspot_height&quot;:null,&quot;hotspot_offset_x_tablet&quot;:{&quot;unit&quot;:&quot;px&quot;,&quot;size&quot;:&quot;&quot;,&quot;sizes&quot;:[]},&quot;hotspot_offset_x_mobile&quot;:{&quot;unit&quot;:&quot;px&quot;,&quot;size&quot;:&quot;&quot;,&quot;sizes&quot;:[]},&quot;hotspot_offset_y_tablet&quot;:{&quot;unit&quot;:&quot;px&quot;,&quot;size&quot;:&quot;&quot;,&quot;sizes&quot;:[]},&quot;hotspot_offset_y_mobile&quot;:{&quot;unit&quot;:&quot;px&quot;,&quot;size&quot;:&quot;&quot;,&quot;sizes&quot;:[]},&quot;hotspot_tooltip_width&quot;:{&quot;unit&quot;:&quot;px&quot;,&quot;size&quot;:&quot;&quot;,&quot;sizes&quot;:[]},&quot;hotspot_tooltip_width_tablet&quot;:{&quot;unit&quot;:&quot;px&quot;,&quot;size&quot;:&quot;&quot;,&quot;sizes&quot;:[]},&quot;hotspot_tooltip_width_mobile&quot;:{&quot;unit&quot;:&quot;px&quot;,&quot;size&quot;:&quot;&quot;,&quot;sizes&quot;:[]},&quot;hotspot_tooltip_text_wrap&quot;:&quot;&quot;},{&quot;hotspot_tooltip_content&quot;:&quot;&lt;p&gt;&lt;strong&gt;&lt;span style=\\&quot;color: #b79634;\\&quot;&gt;&lt;a style=\\&quot;color: #b79634;\\&quot; href=\\&quot;https:\\\/\\\/www.enriquez1951.es\\\/\\&quot; target=\\&quot;_blank\\&quot; rel=\\&quot;noopener\\&quot;&gt;ENRIQUEZ&lt;\\\/a&gt; &lt;\\\/span&gt; &lt;\\\/strong&gt;R\\u00faa Ram\\u00f3n Puga, 7 - 32005 &lt;strong&gt;Ourense&lt;\\\/strong&gt;. Tel.: 988 245 941. &lt;\\\/p&gt;\\n&quot;,&quot;hotspot_offset_x&quot;:{&quot;unit&quot;:&quot;%&quot;,&quot;size&quot;:21,&quot;sizes&quot;:[]},&quot;hotspot_offset_y&quot;:{&quot;unit&quot;:&quot;%&quot;,&quot;size&quot;:22,&quot;sizes&quot;:[]},&quot;_id&quot;:&quot;8f3aa8b&quot;,&quot;hotspot_tooltip_position&quot;:&quot;yes&quot;,&quot;hotspot_position&quot;:&quot;left&quot;,&quot;__dynamic__&quot;:null,&quot;hotspot_label&quot;:&quot;&quot;,&quot;hotspot_link&quot;:{&quot;url&quot;:&quot;&quot;,&quot;is_external&quot;:&quot;&quot;,&quot;nofollow&quot;:&quot;&quot;,&quot;custom_attributes&quot;:&quot;&quot;},&quot;hotspot_icon&quot;:{&quot;value&quot;:&quot;&quot;,&quot;library&quot;:&quot;&quot;},&quot;hotspot_custom_size&quot;:&quot;no&quot;,&quot;hotspot_horizontal&quot;:&quot;left&quot;,&quot;hotspot_vertical&quot;:&quot;top&quot;,&quot;hotspot_position_tablet&quot;:&quot;&quot;,&quot;hotspot_position_mobile&quot;:&quot;&quot;,&quot;hotspot_icon_position&quot;:null,&quot;hotspot_icon_spacing&quot;:null,&quot;hotspot_width&quot;:null,&quot;hotspot_height&quot;:null,&quot;hotspot_offset_x_tablet&quot;:{&quot;unit&quot;:&quot;px&quot;,&quot;size&quot;:&quot;&quot;,&quot;sizes&quot;:[]},&quot;hotspot_offset_x_mobile&quot;:{&quot;unit&quot;:&quot;px&quot;,&quot;size&quot;:&quot;&quot;,&quot;sizes&quot;:[]},&quot;hotspot_offset_y_tablet&quot;:{&quot;unit&quot;:&quot;px&quot;,&quot;size&quot;:&quot;&quot;,&quot;sizes&quot;:[]},&quot;hotspot_offset_y_mobile&quot;:{&quot;unit&quot;:&quot;px&quot;,&quot;size&quot;:&quot;&quot;,&quot;sizes&quot;:[]},&quot;hotspot_tooltip_width&quot;:{&quot;unit&quot;:&quot;px&quot;,&quot;size&quot;:&quot;&quot;,&quot;sizes&quot;:[]},&quot;hotspot_tooltip_width_tablet&quot;:{&quot;unit&quot;:&quot;px&quot;,&quot;size&quot;:&quot;&quot;,&quot;sizes&quot;:[]},&quot;hotspot_tooltip_width_mobile&quot;:{&quot;unit&quot;:&quot;px&quot;,&quot;size&quot;:&quot;&quot;,&quot;sizes&quot;:[]},&quot;hotspot_tooltip_text_wrap&quot;:&quot;&quot;},{&quot;hotspot_tooltip_content&quot;:&quot;&lt;p&gt;&lt;span style=\\&quot;color: #b79634;\\&quot;&gt;&lt;strong&gt;&lt;a style=\\&quot;color: #b79634;\\&quot; href=\\&quot;https:\\\/\\\/loftconfort.com\\\/\\&quot; target=\\&quot;_blank\\&quot; rel=\\&quot;noopener\\&quot;&gt;LOFT CONFORT&lt;\\\/a&gt; &lt;\\\/strong&gt;&lt;\\\/span&gt;Calle Joaqu\\u00edn Costa 69 &lt;strong&gt;Pontevedra&lt;\\\/strong&gt;. Tel.: 986 852 948. &lt;\\\/p&gt;\\n&quot;,&quot;hotspot_offset_x&quot;:{&quot;unit&quot;:&quot;%&quot;,&quot;size&quot;:16,&quot;sizes&quot;:[]},&quot;hotspot_offset_y&quot;:{&quot;unit&quot;:&quot;%&quot;,&quot;size&quot;:21,&quot;sizes&quot;:[]},&quot;_id&quot;:&quot;c1da2f8&quot;,&quot;hotspot_tooltip_position&quot;:&quot;yes&quot;,&quot;hotspot_position&quot;:&quot;left&quot;,&quot;__dynamic__&quot;:null,&quot;hotspot_label&quot;:&quot;&quot;,&quot;hotspot_link&quot;:{&quot;url&quot;:&quot;&quot;,&quot;is_external&quot;:&quot;&quot;,&quot;nofollow&quot;:&quot;&quot;,&quot;custom_attributes&quot;:&quot;&quot;},&quot;hotspot_icon&quot;:{&quot;value&quot;:&quot;&quot;,&quot;library&quot;:&quot;&quot;},&quot;hotspot_custom_size&quot;:&quot;no&quot;,&quot;hotspot_horizontal&quot;:&quot;left&quot;,&quot;hotspot_vertical&quot;:&quot;top&quot;,&quot;hotspot_position_tablet&quot;:&quot;&quot;,&quot;hotspot_position_mobile&quot;:&quot;&quot;,&quot;hotspot_icon_position&quot;:null,&quot;hotspot_icon_spacing&quot;:null,&quot;hotspot_width&quot;:null,&quot;hotspot_height&quot;:null,&quot;hotspot_offset_x_tablet&quot;:{&quot;unit&quot;:&quot;px&quot;,&quot;size&quot;:&quot;&quot;,&quot;sizes&quot;:[]},&quot;hotspot_offset_x_mobile&quot;:{&quot;unit&quot;:&quot;px&quot;,&quot;size&quot;:&quot;&quot;,&quot;sizes&quot;:[]},&quot;hotspot_offset_y_tablet&quot;:{&quot;unit&quot;:&quot;px&quot;,&quot;size&quot;:&quot;&quot;,&quot;sizes&quot;:[]},&quot;hotspot_offset_y_mobile&quot;:{&quot;unit&quot;:&quot;px&quot;,&quot;size&quot;:&quot;&quot;,&quot;sizes&quot;:[]},&quot;hotspot_tooltip_width&quot;:{&quot;unit&quot;:&quot;px&quot;,&quot;size&quot;:&quot;&quot;,&quot;sizes&quot;:[]},&quot;hotspot_tooltip_width_tablet&quot;:{&quot;unit&quot;:&quot;px&quot;,&quot;size&quot;:&quot;&quot;,&quot;sizes&quot;:[]},&quot;hotspot_tooltip_width_mobile&quot;:{&quot;unit&quot;:&quot;px&quot;,&quot;size&quot;:&quot;&quot;,&quot;sizes&quot;:[]},&quot;hotspot_tooltip_text_wrap&quot;:&quot;&quot;},{&quot;hotspot_tooltip_content&quot;:&quot;&lt;p&gt;&lt;span style=\\&quot;color: #b79634;\\&quot;&gt;&lt;a style=\\&quot;color: #b79634;\\&quot; href=\\&quot;https:\\\/\\\/www.mykadeco.com\\\/\\&quot; target=\\&quot;_blank\\&quot; rel=\\&quot;noopener\\&quot;&gt;&lt;strong&gt;MYKA DECORACION&lt;\\\/strong&gt;&lt;\\\/a&gt;&lt;\\\/span&gt; R\\u00faa das Ameas, 6, 15706 &lt;strong&gt;S&lt;\\\/strong&gt;&lt;strong&gt;antiago de Compostela&lt;\\\/strong&gt;. &lt;strong&gt;A Coru\\u00f1a&lt;\\\/strong&gt;. Tel.: 881 121 208. &lt;\\\/p&gt;\\n&quot;,&quot;hotspot_offset_x&quot;:{&quot;unit&quot;:&quot;%&quot;,&quot;size&quot;:17,&quot;sizes&quot;:[]},&quot;hotspot_offset_y&quot;:{&quot;unit&quot;:&quot;%&quot;,&quot;size&quot;:15,&quot;sizes&quot;:[]},&quot;_id&quot;:&quot;3173a87&quot;,&quot;hotspot_tooltip_position&quot;:&quot;yes&quot;,&quot;hotspot_position&quot;:&quot;left&quot;,&quot;__dynamic__&quot;:null,&quot;hotspot_label&quot;:&quot;&quot;,&quot;hotspot_link&quot;:{&quot;url&quot;:&quot;&quot;,&quot;is_external&quot;:&quot;&quot;,&quot;nofollow&quot;:&quot;&quot;,&quot;custom_attributes&quot;:&quot;&quot;},&quot;hotspot_icon&quot;:{&quot;value&quot;:&quot;&quot;,&quot;library&quot;:&quot;&quot;},&quot;hotspot_custom_size&quot;:&quot;no&quot;,&quot;hotspot_horizontal&quot;:&quot;left&quot;,&quot;hotspot_vertical&quot;:&quot;top&quot;,&quot;hotspot_position_tablet&quot;:&quot;&quot;,&quot;hotspot_position_mobile&quot;:&quot;&quot;,&quot;hotspot_icon_position&quot;:null,&quot;hotspot_icon_spacing&quot;:null,&quot;hotspot_width&quot;:null,&quot;hotspot_height&quot;:null,&quot;hotspot_offset_x_tablet&quot;:{&quot;unit&quot;:&quot;px&quot;,&quot;size&quot;:&quot;&quot;,&quot;sizes&quot;:[]},&quot;hotspot_offset_x_mobile&quot;:{&quot;unit&quot;:&quot;px&quot;,&quot;size&quot;:&quot;&quot;,&quot;sizes&quot;:[]},&quot;hotspot_offset_y_tablet&quot;:{&quot;unit&quot;:&quot;px&quot;,&quot;size&quot;:&quot;&quot;,&quot;sizes&quot;:[]},&quot;hotspot_offset_y_mobile&quot;:{&quot;unit&quot;:&quot;px&quot;,&quot;size&quot;:&quot;&quot;,&quot;sizes&quot;:[]},&quot;hotspot_tooltip_width&quot;:{&quot;unit&quot;:&quot;px&quot;,&quot;size&quot;:&quot;&quot;,&quot;sizes&quot;:[]},&quot;hotspot_tooltip_width_tablet&quot;:{&quot;unit&quot;:&quot;px&quot;,&quot;size&quot;:&quot;&quot;,&quot;sizes&quot;:[]},&quot;hotspot_tooltip_width_mobile&quot;:{&quot;unit&quot;:&quot;px&quot;,&quot;size&quot;:&quot;&quot;,&quot;sizes&quot;:[]},&quot;hotspot_tooltip_text_wrap&quot;:&quot;&quot;},{&quot;hotspot_tooltip_content&quot;:&quot;&lt;p&gt;&lt;strong&gt;&lt;span style=\\&quot;color: #b79634;\\&quot;&gt;&lt;a style=\\&quot;color: #b79634;\\&quot; href=\\&quot;https:\\\/\\\/pombo.es\\\/\\&quot; target=\\&quot;_blank\\&quot; rel=\\&quot;noopener\\&quot;&gt;POMBO&lt;\\\/a&gt;&lt;\\\/span&gt; &lt;\\\/strong&gt;R\\u00faa Vi\\u00f1as da Babilonia 17. &lt;strong&gt;Olerios&lt;\\\/strong&gt;. &lt;strong&gt;A Coru\\u00f1a. &lt;\\\/strong&gt;Tel.: 981 627 114. &lt;\\\/p&gt;\\n&quot;,&quot;hotspot_offset_x&quot;:{&quot;unit&quot;:&quot;%&quot;,&quot;size&quot;:18,&quot;sizes&quot;:[]},&quot;hotspot_offset_y&quot;:{&quot;unit&quot;:&quot;%&quot;,&quot;size&quot;:9,&quot;sizes&quot;:[]},&quot;_id&quot;:&quot;8904572&quot;,&quot;hotspot_tooltip_position&quot;:&quot;yes&quot;,&quot;hotspot_position&quot;:&quot;left&quot;,&quot;__dynamic__&quot;:null,&quot;hotspot_label&quot;:&quot;&quot;,&quot;hotspot_link&quot;:{&quot;url&quot;:&quot;&quot;,&quot;is_external&quot;:&quot;&quot;,&quot;nofollow&quot;:&quot;&quot;,&quot;custom_attributes&quot;:&quot;&quot;},&quot;hotspot_icon&quot;:{&quot;value&quot;:&quot;&quot;,&quot;library&quot;:&quot;&quot;},&quot;hotspot_custom_size&quot;:&quot;no&quot;,&quot;hotspot_horizontal&quot;:&quot;left&quot;,&quot;hotspot_vertical&quot;:&quot;top&quot;,&quot;hotspot_position_tablet&quot;:&quot;&quot;,&quot;hotspot_position_mobile&quot;:&quot;&quot;,&quot;hotspot_icon_position&quot;:null,&quot;hotspot_icon_spacing&quot;:null,&quot;hotspot_width&quot;:null,&quot;hotspot_height&quot;:null,&quot;hotspot_offset_x_tablet&quot;:{&quot;unit&quot;:&quot;px&quot;,&quot;size&quot;:&quot;&quot;,&quot;sizes&quot;:[]},&quot;hotspot_offset_x_mobile&quot;:{&quot;unit&quot;:&quot;px&quot;,&quot;size&quot;:&quot;&quot;,&quot;sizes&quot;:[]},&quot;hotspot_offset_y_tablet&quot;:{&quot;unit&quot;:&quot;px&quot;,&quot;size&quot;:&quot;&quot;,&quot;sizes&quot;:[]},&quot;hotspot_offset_y_mobile&quot;:{&quot;unit&quot;:&quot;px&quot;,&quot;size&quot;:&quot;&quot;,&quot;sizes&quot;:[]},&quot;hotspot_tooltip_width&quot;:{&quot;unit&quot;:&quot;px&quot;,&quot;size&quot;:&quot;&quot;,&quot;sizes&quot;:[]},&quot;hotspot_tooltip_width_tablet&quot;:{&quot;unit&quot;:&quot;px&quot;,&quot;size&quot;:&quot;&quot;,&quot;sizes&quot;:[]},&quot;hotspot_tooltip_width_mobile&quot;:{&quot;unit&quot;:&quot;px&quot;,&quot;size&quot;:&quot;&quot;,&quot;sizes&quot;:[]},&quot;hotspot_tooltip_text_wrap&quot;:&quot;&quot;},{&quot;hotspot_tooltip_content&quot;:&quot;&lt;p&gt;&lt;strong&gt;&lt;span style=\\&quot;color: #b79634;\\&quot;&gt;&lt;a style=\\&quot;color: #b79634;\\&quot; href=\\&quot;https:\\\/\\\/www.aquitania.net\\\/\\&quot; target=\\&quot;_blank\\&quot; rel=\\&quot;noopener\\&quot;&gt;AQUITANIA MENORCA&lt;\\\/a&gt; &lt;\\\/span&gt; &lt;\\\/strong&gt;Av. des Cap de Cavalleria, 7, 07714 &lt;strong&gt;Ma\\u00f3 &lt;\\\/strong&gt;. Tel.: 971 35 63 53.&lt;\\\/p&gt;\\n&quot;,&quot;hotspot_offset_x&quot;:{&quot;unit&quot;:&quot;%&quot;,&quot;size&quot;:97,&quot;sizes&quot;:[]},&quot;hotspot_offset_y&quot;:{&quot;unit&quot;:&quot;%&quot;,&quot;size&quot;:52,&quot;sizes&quot;:[]},&quot;_id&quot;:&quot;4414433&quot;,&quot;hotspot_tooltip_position&quot;:&quot;yes&quot;,&quot;hotspot_position&quot;:&quot;right&quot;,&quot;__dynamic__&quot;:null,&quot;hotspot_label&quot;:&quot;&quot;,&quot;hotspot_link&quot;:{&quot;url&quot;:&quot;&quot;,&quot;is_external&quot;:&quot;&quot;,&quot;nofollow&quot;:&quot;&quot;,&quot;custom_attributes&quot;:&quot;&quot;},&quot;hotspot_icon&quot;:{&quot;value&quot;:&quot;&quot;,&quot;library&quot;:&quot;&quot;},&quot;hotspot_custom_size&quot;:&quot;no&quot;,&quot;hotspot_horizontal&quot;:&quot;left&quot;,&quot;hotspot_vertical&quot;:&quot;top&quot;,&quot;hotspot_position_tablet&quot;:&quot;&quot;,&quot;hotspot_position_mobile&quot;:&quot;&quot;,&quot;hotspot_icon_position&quot;:null,&quot;hotspot_icon_spacing&quot;:null,&quot;hotspot_width&quot;:null,&quot;hotspot_height&quot;:null,&quot;hotspot_offset_x_tablet&quot;:{&quot;unit&quot;:&quot;px&quot;,&quot;size&quot;:&quot;&quot;,&quot;sizes&quot;:[]},&quot;hotspot_offset_x_mobile&quot;:{&quot;unit&quot;:&quot;px&quot;,&quot;size&quot;:&quot;&quot;,&quot;sizes&quot;:[]},&quot;hotspot_offset_y_tablet&quot;:{&quot;unit&quot;:&quot;px&quot;,&quot;size&quot;:&quot;&quot;,&quot;sizes&quot;:[]},&quot;hotspot_offset_y_mobile&quot;:{&quot;unit&quot;:&quot;px&quot;,&quot;size&quot;:&quot;&quot;,&quot;sizes&quot;:[]},&quot;hotspot_tooltip_width&quot;:{&quot;unit&quot;:&quot;px&quot;,&quot;size&quot;:&quot;&quot;,&quot;sizes&quot;:[]},&quot;hotspot_tooltip_width_tablet&quot;:{&quot;unit&quot;:&quot;px&quot;,&quot;size&quot;:&quot;&quot;,&quot;sizes&quot;:[]},&quot;hotspot_tooltip_width_mobile&quot;:{&quot;unit&quot;:&quot;px&quot;,&quot;size&quot;:&quot;&quot;,&quot;sizes&quot;:[]},&quot;hotspot_tooltip_text_wrap&quot;:&quot;&quot;},{&quot;hotspot_tooltip_content&quot;:&quot;&lt;p&gt;&lt;strong&gt;&lt;span style=\\&quot;color: #b79634;\\&quot;&gt;&lt;a style=\\&quot;color: #b79634;\\&quot; href=\\&quot;https:\\\/\\\/www.aquitania.net\\\/\\&quot; target=\\&quot;_blank\\&quot; rel=\\&quot;noopener\\&quot;&gt;AQUITANIA IBIZA&lt;\\\/a&gt;&lt;\\\/span&gt; &lt;\\\/strong&gt;Ctra. Ibiza-Santa Eulalia, km 7,8 &lt;strong&gt;Ibiza&lt;\\\/strong&gt; &lt;strong&gt; &lt;\\\/strong&gt;. Tel.: 971 93 02 80.&lt;\\\/p&gt;\\n&lt;p&gt;&lt;strong&gt;&lt;span style=\\&quot;color: #b79634;\\&quot;&gt;&lt;a style=\\&quot;color: #b79634;\\&quot; href=\\&quot;https:\\\/\\\/www.vivendapitiusa.es\\\/\\&quot; target=\\&quot;_blank\\&quot; rel=\\&quot;noopener\\&quot;&gt;VIVENDA PITIUSA&lt;\\\/a&gt;&lt;\\\/span&gt; &lt;\\\/strong&gt;Av. Spain 26. &lt;strong&gt;Ibiza&lt;\\\/strong&gt;. Tel.: 971 311 172.   &lt;\\\/p&gt;\\n&quot;,&quot;hotspot_offset_x&quot;:{&quot;unit&quot;:&quot;%&quot;,&quot;size&quot;:80,&quot;sizes&quot;:[]},&quot;hotspot_offset_y&quot;:{&quot;unit&quot;:&quot;%&quot;,&quot;size&quot;:63,&quot;sizes&quot;:[]},&quot;_id&quot;:&quot;7119cf5&quot;,&quot;hotspot_tooltip_position&quot;:&quot;yes&quot;,&quot;hotspot_position&quot;:&quot;right&quot;,&quot;__dynamic__&quot;:null,&quot;hotspot_label&quot;:&quot;&quot;,&quot;hotspot_link&quot;:{&quot;url&quot;:&quot;&quot;,&quot;is_external&quot;:&quot;&quot;,&quot;nofollow&quot;:&quot;&quot;,&quot;custom_attributes&quot;:&quot;&quot;},&quot;hotspot_icon&quot;:{&quot;value&quot;:&quot;&quot;,&quot;library&quot;:&quot;&quot;},&quot;hotspot_custom_size&quot;:&quot;no&quot;,&quot;hotspot_horizontal&quot;:&quot;left&quot;,&quot;hotspot_vertical&quot;:&quot;top&quot;,&quot;hotspot_position_tablet&quot;:&quot;&quot;,&quot;hotspot_position_mobile&quot;:&quot;&quot;,&quot;hotspot_icon_position&quot;:null,&quot;hotspot_icon_spacing&quot;:null,&quot;hotspot_width&quot;:null,&quot;hotspot_height&quot;:null,&quot;hotspot_offset_x_tablet&quot;:{&quot;unit&quot;:&quot;px&quot;,&quot;size&quot;:&quot;&quot;,&quot;sizes&quot;:[]},&quot;hotspot_offset_x_mobile&quot;:{&quot;unit&quot;:&quot;px&quot;,&quot;size&quot;:&quot;&quot;,&quot;sizes&quot;:[]},&quot;hotspot_offset_y_tablet&quot;:{&quot;unit&quot;:&quot;px&quot;,&quot;size&quot;:&quot;&quot;,&quot;sizes&quot;:[]},&quot;hotspot_offset_y_mobile&quot;:{&quot;unit&quot;:&quot;px&quot;,&quot;size&quot;:&quot;&quot;,&quot;sizes&quot;:[]},&quot;hotspot_tooltip_width&quot;:{&quot;unit&quot;:&quot;px&quot;,&quot;size&quot;:&quot;&quot;,&quot;sizes&quot;:[]},&quot;hotspot_tooltip_width_tablet&quot;:{&quot;unit&quot;:&quot;px&quot;,&quot;size&quot;:&quot;&quot;,&quot;sizes&quot;:[]},&quot;hotspot_tooltip_width_mobile&quot;:{&quot;unit&quot;:&quot;px&quot;,&quot;size&quot;:&quot;&quot;,&quot;sizes&quot;:[]},&quot;hotspot_tooltip_text_wrap&quot;:&quot;&quot;},{&quot;hotspot_tooltip_content&quot;:&quot;&lt;p&gt;&lt;span style=\\&quot;color: #b79634;\\&quot;&gt;&lt;strong&gt;&lt;a style=\\&quot;color: #b79634;\\&quot; href=\\&quot;http:\\\/\\\/www.juncosa.com\\\/index.php\\&quot; target=\\&quot;_blank\\&quot; rel=\\&quot;noopener\\&quot;&gt;EDA JUNCOSA&lt;\\\/a&gt; &lt;\\\/strong&gt;&lt;\\\/span&gt;C\\\/ Quatre de Novembre, 17 Pol\\u00edgono Can Valero &lt;strong&gt;Palma de Mallorca &lt;\\\/strong&gt;Tel.: 971 290 750.&lt;\\\/p&gt;\\n&lt;p&gt;&lt;a href=\\&quot;https:\\\/\\\/www.espaciohdg.com\\\/\\&quot; target=\\&quot;_blank\\&quot; rel=\\&quot;noopener\\&quot;&gt;&lt;span style=\\&quot;color: #b79634;\\&quot;&gt;&lt;strong&gt;ESPACIO HOME DESIGN&lt;\\\/strong&gt;&lt;\\\/span&gt; &lt;\\\/a&gt;C\\\/ de les Illes Balears 6 . Pol. Son Bugadellas.Calvia . &lt;strong&gt;Palma de Mallorca&lt;\\\/strong&gt;. Tel.: 871 005 166.  &lt;\\\/p&gt;\\n&lt;p&gt;&lt;a href=\\&quot;https:\\\/\\\/www.espaciohdg.com\\\/\\&quot; target=\\&quot;_blank\\&quot; rel=\\&quot;noopener\\&quot;&gt;&lt;span style=\\&quot;color: #b79634;\\&quot;&gt;&lt;strong&gt;HOME DESIGN SPACE&lt;\\\/strong&gt;&lt;\\\/span&gt; &lt;\\\/a&gt; C\\\/Eusebi Estada, 11B . 07004 Palma. &lt;strong&gt;Palma de Mallorca&lt;\\\/strong&gt;. Tel.: 971 759 700.  &lt;\\\/p&gt;\\n&lt;p&gt;&lt;span style=\\&quot;color: #b79634;\\&quot;&gt;&lt;a style=\\&quot;color: #b79634;\\&quot; href=\\&quot;https:\\\/\\\/koyo-interior.com\\\/es\\\/\\&quot; target=\\&quot;_blank\\&quot; rel=\\&quot;noopener\\&quot;&gt;&lt;strong&gt;KOYO INTERIOR&lt;\\\/strong&gt;&lt;\\\/a&gt;&lt;\\\/span&gt; Ronda de l\\u00b4Estacio 12 &lt;strong&gt;Fields . Mallorca .  &lt;\\\/strong&gt;Tel.: 971 543 266. &lt;\\\/p&gt;\\n&lt;p&gt;&lt;span style=\\&quot;color: #b79634;\\&quot;&gt;&lt;strong&gt;&lt;a style=\\&quot;color: #b79634;\\&quot; href=\\&quot;https:\\\/\\\/www.moblesriera.com\\\/\\&quot; target=\\&quot;_blank\\&quot; rel=\\&quot;noopener\\&quot;&gt;MOBLES RIERA&lt;\\\/a&gt; &lt;\\\/strong&gt;&lt;\\\/span&gt;Pla\\u00e7a Antoni Mus 2. &lt;strong&gt;Manacor&lt;\\\/strong&gt;. Tel.: 971 551 695. &lt;\\\/p&gt;\\n&lt;p&gt;&lt;span style=\\&quot;color: #b79634;\\&quot;&gt;&lt;strong&gt;&lt;a style=\\&quot;color: #b79634;\\&quot; href=\\&quot;https:\\\/\\\/www.noi2interiorismo.com\\\/\\&quot; target=\\&quot;_blank\\&quot; rel=\\&quot;noopener\\&quot;&gt;NOI2&lt;\\\/a&gt; &lt;\\\/strong&gt;&lt;\\\/span&gt;Carrer de Bonaire 7. &lt;strong&gt;Palma de Mallorca&lt;\\\/strong&gt;. Tel.: 971 057 136. &lt;\\\/p&gt;\\n&lt;p&gt;&lt;span style=\\&quot;color: #b79634;\\&quot;&gt;&lt;strong&gt;&lt;a style=\\&quot;color: #b79634;\\&quot; href=\\&quot;https:\\\/\\\/www.perellomobles.com\\\/index.php\\\/es\\\/\\&quot; target=\\&quot;_blank\\&quot; rel=\\&quot;noopener\\&quot;&gt;PERELL\\u00d3 MOBLES&lt;\\\/a&gt; &lt;\\\/strong&gt;&lt;\\\/span&gt;C\\\/ de Cecili Metel 25. &lt;strong&gt;Pollen\\u00e7a&lt;\\\/strong&gt;.&lt;strong&gt; &lt;\\\/strong&gt;Tel.: 971 533 735.&lt;\\\/p&gt;\\n&lt;p&gt;&lt;strong&gt;&lt;span style=\\&quot;color: #b79634;\\&quot;&gt;&lt;a style=\\&quot;color: #b79634;\\&quot; href=\\&quot;https:\\\/\\\/quesada.aquitania.net\\\/es\\\/botiga\\\/\\&quot; target=\\&quot;_blank\\&quot; rel=\\&quot;noopener\\&quot;&gt;QUESADA DECORACI\\u00d3N &lt;\\\/a&gt;&lt;\\\/span&gt; &lt;\\\/strong&gt;C\\\/ dels Montcades, 2, Distrito Centro, 07012. &lt;strong&gt;Pollen\\u00e7a&lt;\\\/strong&gt;. Tel.: 971 715 111.&lt;\\\/p&gt;\\n&lt;p&gt;&lt;strong&gt;&lt;span style=\\&quot;color: #b79634;\\&quot;&gt;&lt;a style=\\&quot;color: #b79634;\\&quot; href=\\&quot;https:\\\/\\\/worldlight.es\\\/\\&quot; target=\\&quot;_blank\\&quot; rel=\\&quot;noopener\\&quot;&gt;WORLD LIGTH&lt;\\\/a&gt; &lt;\\\/span&gt; &lt;\\\/strong&gt;Calle Gremi Fusters, 30, &lt;strong&gt;Palma de Mallorca &lt;\\\/strong&gt; (Polig. Son Castell\\u00f3) . Tel.: 971 718 304. &lt;\\\/p&gt;\\n&quot;,&quot;hotspot_offset_x&quot;:{&quot;unit&quot;:&quot;%&quot;,&quot;size&quot;:89,&quot;sizes&quot;:[]},&quot;hotspot_offset_y&quot;:{&quot;unit&quot;:&quot;%&quot;,&quot;size&quot;:55,&quot;sizes&quot;:[]},&quot;_id&quot;:&quot;9b62fb5&quot;,&quot;hotspot_tooltip_position&quot;:&quot;yes&quot;,&quot;hotspot_position&quot;:&quot;right&quot;,&quot;__dynamic__&quot;:null,&quot;hotspot_label&quot;:&quot;&quot;,&quot;hotspot_link&quot;:{&quot;url&quot;:&quot;&quot;,&quot;is_external&quot;:&quot;&quot;,&quot;nofollow&quot;:&quot;&quot;,&quot;custom_attributes&quot;:&quot;&quot;},&quot;hotspot_icon&quot;:{&quot;value&quot;:&quot;&quot;,&quot;library&quot;:&quot;&quot;},&quot;hotspot_custom_size&quot;:&quot;no&quot;,&quot;hotspot_horizontal&quot;:&quot;left&quot;,&quot;hotspot_vertical&quot;:&quot;top&quot;,&quot;hotspot_position_tablet&quot;:&quot;&quot;,&quot;hotspot_position_mobile&quot;:&quot;&quot;,&quot;hotspot_icon_position&quot;:null,&quot;hotspot_icon_spacing&quot;:null,&quot;hotspot_width&quot;:null,&quot;hotspot_height&quot;:null,&quot;hotspot_offset_x_tablet&quot;:{&quot;unit&quot;:&quot;px&quot;,&quot;size&quot;:&quot;&quot;,&quot;sizes&quot;:[]},&quot;hotspot_offset_x_mobile&quot;:{&quot;unit&quot;:&quot;px&quot;,&quot;size&quot;:&quot;&quot;,&quot;sizes&quot;:[]},&quot;hotspot_offset_y_tablet&quot;:{&quot;unit&quot;:&quot;px&quot;,&quot;size&quot;:&quot;&quot;,&quot;sizes&quot;:[]},&quot;hotspot_offset_y_mobile&quot;:{&quot;unit&quot;:&quot;px&quot;,&quot;size&quot;:&quot;&quot;,&quot;sizes&quot;:[]},&quot;hotspot_tooltip_width&quot;:{&quot;unit&quot;:&quot;px&quot;,&quot;size&quot;:&quot;&quot;,&quot;sizes&quot;:[]},&quot;hotspot_tooltip_width_tablet&quot;:{&quot;unit&quot;:&quot;px&quot;,&quot;size&quot;:&quot;&quot;,&quot;sizes&quot;:[]},&quot;hotspot_tooltip_width_mobile&quot;:{&quot;unit&quot;:&quot;px&quot;,&quot;size&quot;:&quot;&quot;,&quot;sizes&quot;:[]},&quot;hotspot_tooltip_text_wrap&quot;:&quot;&quot;},{&quot;hotspot_tooltip_content&quot;:&quot;&lt;p&gt;&lt;span class=\\&quot;wsw-02\\&quot;&gt;&lt;strong&gt;&lt;span style=\\&quot;color: #b79634;\\&quot;&gt;&lt;a style=\\&quot;color: #b79634;\\&quot; href=\\&quot;https:\\\/\\\/cocinamos.es\\\/\\&quot; target=\\&quot;_blank\\&quot; rel=\\&quot;noopener\\&quot;&gt;&lt;span class=\\&quot;wsw-04\\&quot;&gt;ESTUDIO ESTEFANIA Y MARZO&lt;\\\/span&gt;&lt;\\\/a&gt;&lt;\\\/span&gt; &lt;\\\/strong&gt;&lt;span class=\\&quot;wsw-05\\&quot;&gt;Avda. Solaridad 28 - 26003 &lt;strong&gt;Logro\\u00f1o&lt;\\\/strong&gt;.  &lt;\\\/span&gt;&lt;\\\/span&gt;Tel.: 941 259 014. &lt;\\\/p&gt;\\n&lt;p&gt;&lt;span style=\\&quot;color: #b79634;\\&quot;&gt;&lt;strong&gt;&lt;a style=\\&quot;color: #b79634;\\&quot; href=\\&quot;https:\\\/\\\/rosagarcia.com\\\/\\&quot; target=\\&quot;_blank\\&quot; rel=\\&quot;noopener\\&quot;&gt;ROSA GARCIA&lt;\\\/a&gt; &lt;\\\/strong&gt;&lt;\\\/span&gt;Plaza Maestro \\u00c1ngel Arroyo 4&lt;strong&gt;. &lt;\\\/strong&gt;&lt;strong&gt;Calahorra&lt;\\\/strong&gt;. Tel.: 941 130 059.&lt;\\\/p&gt;\\n&quot;,&quot;hotspot_offset_x&quot;:{&quot;unit&quot;:&quot;%&quot;,&quot;size&quot;:55,&quot;sizes&quot;:[]},&quot;hotspot_offset_y&quot;:{&quot;unit&quot;:&quot;%&quot;,&quot;size&quot;:21,&quot;sizes&quot;:[]},&quot;_id&quot;:&quot;460dbce&quot;,&quot;__dynamic__&quot;:null,&quot;hotspot_label&quot;:&quot;&quot;,&quot;hotspot_link&quot;:{&quot;url&quot;:&quot;&quot;,&quot;is_external&quot;:&quot;&quot;,&quot;nofollow&quot;:&quot;&quot;,&quot;custom_attributes&quot;:&quot;&quot;},&quot;hotspot_icon&quot;:{&quot;value&quot;:&quot;&quot;,&quot;library&quot;:&quot;&quot;},&quot;hotspot_custom_size&quot;:&quot;no&quot;,&quot;hotspot_horizontal&quot;:&quot;left&quot;,&quot;hotspot_vertical&quot;:&quot;top&quot;,&quot;hotspot_tooltip_position&quot;:&quot;no&quot;,&quot;hotspot_position&quot;:null,&quot;hotspot_position_tablet&quot;:null,&quot;hotspot_position_mobile&quot;:null,&quot;hotspot_icon_position&quot;:null,&quot;hotspot_icon_spacing&quot;:null,&quot;hotspot_width&quot;:null,&quot;hotspot_height&quot;:null,&quot;hotspot_offset_x_tablet&quot;:{&quot;unit&quot;:&quot;px&quot;,&quot;size&quot;:&quot;&quot;,&quot;sizes&quot;:[]},&quot;hotspot_offset_x_mobile&quot;:{&quot;unit&quot;:&quot;px&quot;,&quot;size&quot;:&quot;&quot;,&quot;sizes&quot;:[]},&quot;hotspot_offset_y_tablet&quot;:{&quot;unit&quot;:&quot;px&quot;,&quot;size&quot;:&quot;&quot;,&quot;sizes&quot;:[]},&quot;hotspot_offset_y_mobile&quot;:{&quot;unit&quot;:&quot;px&quot;,&quot;size&quot;:&quot;&quot;,&quot;sizes&quot;:[]},&quot;hotspot_tooltip_width&quot;:null,&quot;hotspot_tooltip_width_tablet&quot;:null,&quot;hotspot_tooltip_width_mobile&quot;:null,&quot;hotspot_tooltip_text_wrap&quot;:null},{&quot;hotspot_tooltip_content&quot;:&quot;&lt;p&gt; &lt;strong&gt; &lt;span style=\\&quot;color: #b79634;\\&quot;&gt;&lt;a style=\\&quot;color: #b79634;\\&quot; href=\\&quot;https:\\\/\\\/www.lonjahome.com\\&quot; target=\\&quot;_blank\\&quot; rel=\\&quot;noopener\\&quot;&gt;LONJA HOME &amp; KITCHEN&lt;\\\/a&gt;&lt;\\\/span&gt;\\u00b7 &lt;\\\/strong&gt;Pl. del Trabajo, 4, 30800, &lt;strong&gt;Lorca&lt;\\\/strong&gt;, &lt;strong&gt;Murcia&lt;\\\/strong&gt;. Tel.: &lt;a href=\\&quot;tel:34968443322\\&quot;&gt;+34 968 44 33 22&lt;\\\/a&gt; &lt;\\\/p&gt;\\n&lt;p&gt;&lt;strong&gt;&lt;span style=\\&quot;color: #b79634;\\&quot;&gt;&lt;a style=\\&quot;color: #b79634;\\&quot; href=\\&quot;https:\\\/\\\/muekles.com\\\/\\&quot; target=\\&quot;_blank\\&quot; rel=\\&quot;noopener\\&quot;&gt;MUEKLES&lt;\\\/a&gt;&lt;\\\/span&gt;  &lt;\\\/strong&gt;Pol. Ind. el Pino, C. Dubl\\u00edn, 1, 30730 &lt;strong&gt;San Javier, Murcia&lt;\\\/strong&gt; Tel.: 968 334 028.  &lt;\\\/p&gt;\\n&quot;,&quot;hotspot_offset_x&quot;:{&quot;unit&quot;:&quot;%&quot;,&quot;size&quot;:63,&quot;sizes&quot;:[]},&quot;hotspot_offset_y&quot;:{&quot;unit&quot;:&quot;%&quot;,&quot;size&quot;:77,&quot;sizes&quot;:[]},&quot;_id&quot;:&quot;7bc2994&quot;,&quot;__dynamic__&quot;:null,&quot;hotspot_label&quot;:&quot;&quot;,&quot;hotspot_link&quot;:{&quot;url&quot;:&quot;&quot;,&quot;is_external&quot;:&quot;&quot;,&quot;nofollow&quot;:&quot;&quot;,&quot;custom_attributes&quot;:&quot;&quot;},&quot;hotspot_icon&quot;:{&quot;value&quot;:&quot;&quot;,&quot;library&quot;:&quot;&quot;},&quot;hotspot_custom_size&quot;:&quot;no&quot;,&quot;hotspot_horizontal&quot;:&quot;left&quot;,&quot;hotspot_vertical&quot;:&quot;top&quot;,&quot;hotspot_tooltip_position&quot;:&quot;no&quot;,&quot;hotspot_position&quot;:null,&quot;hotspot_position_tablet&quot;:null,&quot;hotspot_position_mobile&quot;:null,&quot;hotspot_icon_position&quot;:null,&quot;hotspot_icon_spacing&quot;:null,&quot;hotspot_width&quot;:null,&quot;hotspot_height&quot;:null,&quot;hotspot_offset_x_tablet&quot;:{&quot;unit&quot;:&quot;px&quot;,&quot;size&quot;:&quot;&quot;,&quot;sizes&quot;:[]},&quot;hotspot_offset_x_mobile&quot;:{&quot;unit&quot;:&quot;px&quot;,&quot;size&quot;:&quot;&quot;,&quot;sizes&quot;:[]},&quot;hotspot_offset_y_tablet&quot;:{&quot;unit&quot;:&quot;px&quot;,&quot;size&quot;:&quot;&quot;,&quot;sizes&quot;:[]},&quot;hotspot_offset_y_mobile&quot;:{&quot;unit&quot;:&quot;px&quot;,&quot;size&quot;:&quot;&quot;,&quot;sizes&quot;:[]},&quot;hotspot_tooltip_width&quot;:null,&quot;hotspot_tooltip_width_tablet&quot;:null,&quot;hotspot_tooltip_width_mobile&quot;:null,&quot;hotspot_tooltip_text_wrap&quot;:null},{&quot;hotspot_tooltip_content&quot;:&quot;&lt;p&gt;&lt;span style=\\&quot;color: #b79634;\\&quot;&gt;&lt;strong&gt;&lt;a style=\\&quot;color: #b79634;\\&quot; href=\\&quot;https:\\\/\\\/www.komodadecoracion.com\\\/\\&quot; target=\\&quot;_blank\\&quot; rel=\\&quot;noopener\\&quot;&gt;KOMODA DECORACION&lt;\\\/a&gt; &lt;\\\/strong&gt;&lt;\\\/span&gt;Juan Bautista Uriarte Kalea, 61. Galdakao. &lt;strong&gt;Bizkaia&lt;\\\/strong&gt;. Tel.: 946 008 545.  &lt;\\\/p&gt;\\n&quot;,&quot;hotspot_offset_x&quot;:{&quot;unit&quot;:&quot;%&quot;,&quot;size&quot;:54,&quot;sizes&quot;:[]},&quot;hotspot_offset_y&quot;:{&quot;unit&quot;:&quot;%&quot;,&quot;size&quot;:12,&quot;sizes&quot;:[]},&quot;_id&quot;:&quot;48adc59&quot;,&quot;__dynamic__&quot;:null,&quot;hotspot_label&quot;:&quot;&quot;,&quot;hotspot_link&quot;:{&quot;url&quot;:&quot;&quot;,&quot;is_external&quot;:&quot;&quot;,&quot;nofollow&quot;:&quot;&quot;,&quot;custom_attributes&quot;:&quot;&quot;},&quot;hotspot_icon&quot;:{&quot;value&quot;:&quot;&quot;,&quot;library&quot;:&quot;&quot;},&quot;hotspot_custom_size&quot;:&quot;no&quot;,&quot;hotspot_horizontal&quot;:&quot;left&quot;,&quot;hotspot_vertical&quot;:&quot;top&quot;,&quot;hotspot_tooltip_position&quot;:&quot;no&quot;,&quot;hotspot_position&quot;:null,&quot;hotspot_position_tablet&quot;:null,&quot;hotspot_position_mobile&quot;:null,&quot;hotspot_icon_position&quot;:null,&quot;hotspot_icon_spacing&quot;:null,&quot;hotspot_width&quot;:null,&quot;hotspot_height&quot;:null,&quot;hotspot_offset_x_tablet&quot;:{&quot;unit&quot;:&quot;px&quot;,&quot;size&quot;:&quot;&quot;,&quot;sizes&quot;:[]},&quot;hotspot_offset_x_mobile&quot;:{&quot;unit&quot;:&quot;px&quot;,&quot;size&quot;:&quot;&quot;,&quot;sizes&quot;:[]},&quot;hotspot_offset_y_tablet&quot;:{&quot;unit&quot;:&quot;px&quot;,&quot;size&quot;:&quot;&quot;,&quot;sizes&quot;:[]},&quot;hotspot_offset_y_mobile&quot;:{&quot;unit&quot;:&quot;px&quot;,&quot;size&quot;:&quot;&quot;,&quot;sizes&quot;:[]},&quot;hotspot_tooltip_width&quot;:null,&quot;hotspot_tooltip_width_tablet&quot;:null,&quot;hotspot_tooltip_width_mobile&quot;:null,&quot;hotspot_tooltip_text_wrap&quot;:null},{&quot;hotspot_tooltip_content&quot;:&quot;&lt;p&gt;&lt;b&gt;&lt;span style=\\&quot;color: #b79634;\\&quot;&gt;&lt;a style=\\&quot;color: #b79634;\\&quot; href=\\&quot;https:\\\/\\\/verybilbao.com\\\/comercios\\\/maticas-decoracion\\\/\\&quot; target=\\&quot;_blank\\&quot; rel=\\&quot;noopener\\&quot;&gt;MATICAS &lt;\\\/a&gt;&lt;\\\/span&gt; &lt;\\\/b&gt;Avda. de las Universidades 3. &lt;b&gt;Bilbao&lt;\\\/b&gt; . Tel.: 944 458 844.&lt;\\\/p&gt;\\n&quot;,&quot;hotspot_offset_x&quot;:{&quot;unit&quot;:&quot;%&quot;,&quot;size&quot;:52,&quot;sizes&quot;:[]},&quot;hotspot_offset_y&quot;:{&quot;unit&quot;:&quot;%&quot;,&quot;size&quot;:11,&quot;sizes&quot;:[]},&quot;_id&quot;:&quot;cf24f8d&quot;,&quot;__dynamic__&quot;:null,&quot;hotspot_label&quot;:&quot;&quot;,&quot;hotspot_link&quot;:{&quot;url&quot;:&quot;&quot;,&quot;is_external&quot;:&quot;&quot;,&quot;nofollow&quot;:&quot;&quot;,&quot;custom_attributes&quot;:&quot;&quot;},&quot;hotspot_icon&quot;:{&quot;value&quot;:&quot;&quot;,&quot;library&quot;:&quot;&quot;},&quot;hotspot_custom_size&quot;:&quot;no&quot;,&quot;hotspot_horizontal&quot;:&quot;left&quot;,&quot;hotspot_vertical&quot;:&quot;top&quot;,&quot;hotspot_tooltip_position&quot;:&quot;no&quot;,&quot;hotspot_position&quot;:null,&quot;hotspot_position_tablet&quot;:null,&quot;hotspot_position_mobile&quot;:null,&quot;hotspot_icon_position&quot;:null,&quot;hotspot_icon_spacing&quot;:null,&quot;hotspot_width&quot;:null,&quot;hotspot_height&quot;:null,&quot;hotspot_offset_x_tablet&quot;:{&quot;unit&quot;:&quot;px&quot;,&quot;size&quot;:&quot;&quot;,&quot;sizes&quot;:[]},&quot;hotspot_offset_x_mobile&quot;:{&quot;unit&quot;:&quot;px&quot;,&quot;size&quot;:&quot;&quot;,&quot;sizes&quot;:[]},&quot;hotspot_offset_y_tablet&quot;:{&quot;unit&quot;:&quot;px&quot;,&quot;size&quot;:&quot;&quot;,&quot;sizes&quot;:[]},&quot;hotspot_offset_y_mobile&quot;:{&quot;unit&quot;:&quot;px&quot;,&quot;size&quot;:&quot;&quot;,&quot;sizes&quot;:[]},&quot;hotspot_tooltip_width&quot;:null,&quot;hotspot_tooltip_width_tablet&quot;:null,&quot;hotspot_tooltip_width_mobile&quot;:null,&quot;hotspot_tooltip_text_wrap&quot;:null},{&quot;hotspot_tooltip_content&quot;:&quot;&lt;p&gt;&lt;strong&gt;&lt;span style=\\&quot;color: #b79634;\\&quot;&gt;&lt;a style=\\&quot;color: #b79634;\\&quot; href=\\&quot;https:\\\/\\\/mujikadec.net\\\/\\&quot; target=\\&quot;_blank\\&quot; rel=\\&quot;noopener\\&quot;&gt;MUJIKA&lt;\\\/a&gt;&lt;\\\/span&gt; &lt;\\\/strong&gt; Senpere Kalea, 7. Beasain. &lt;strong&gt;Guipuzkoa&lt;\\\/strong&gt;. Tel.: 943 160 054.  &lt;\\\/p&gt;\\n&lt;p&gt;&lt;span style=\\&quot;color: #b79634;\\&quot;&gt;&lt;strong&gt;&lt;a style=\\&quot;color: #b79634;\\&quot; href=\\&quot;https:\\\/\\\/mueblesolabarri.com\\\/\\&quot; target=\\&quot;_blank\\&quot; rel=\\&quot;noopener\\&quot;&gt;OLABARRI&lt;\\\/a&gt;&lt;\\\/strong&gt; &lt;\\\/span&gt;Avda. de Guipuzkoa , 16 bajo. Irun. &lt;strong&gt;Guipuzkoa&lt;\\\/strong&gt;. Tel.: 943 615 447. &lt;\\\/p&gt;\\n&quot;,&quot;hotspot_offset_x&quot;:{&quot;unit&quot;:&quot;%&quot;,&quot;size&quot;:56,&quot;sizes&quot;:[]},&quot;hotspot_offset_y&quot;:{&quot;unit&quot;:&quot;%&quot;,&quot;size&quot;:14,&quot;sizes&quot;:[]},&quot;_id&quot;:&quot;61ae1df&quot;,&quot;__dynamic__&quot;:null,&quot;hotspot_label&quot;:&quot;&quot;,&quot;hotspot_link&quot;:{&quot;url&quot;:&quot;&quot;,&quot;is_external&quot;:&quot;&quot;,&quot;nofollow&quot;:&quot;&quot;,&quot;custom_attributes&quot;:&quot;&quot;},&quot;hotspot_icon&quot;:{&quot;value&quot;:&quot;&quot;,&quot;library&quot;:&quot;&quot;},&quot;hotspot_custom_size&quot;:&quot;no&quot;,&quot;hotspot_horizontal&quot;:&quot;left&quot;,&quot;hotspot_vertical&quot;:&quot;top&quot;,&quot;hotspot_tooltip_position&quot;:&quot;no&quot;,&quot;hotspot_position&quot;:null,&quot;hotspot_position_tablet&quot;:null,&quot;hotspot_position_mobile&quot;:null,&quot;hotspot_icon_position&quot;:null,&quot;hotspot_icon_spacing&quot;:null,&quot;hotspot_width&quot;:null,&quot;hotspot_height&quot;:null,&quot;hotspot_offset_x_tablet&quot;:{&quot;unit&quot;:&quot;px&quot;,&quot;size&quot;:&quot;&quot;,&quot;sizes&quot;:[]},&quot;hotspot_offset_x_mobile&quot;:{&quot;unit&quot;:&quot;px&quot;,&quot;size&quot;:&quot;&quot;,&quot;sizes&quot;:[]},&quot;hotspot_offset_y_tablet&quot;:{&quot;unit&quot;:&quot;px&quot;,&quot;size&quot;:&quot;&quot;,&quot;sizes&quot;:[]},&quot;hotspot_offset_y_mobile&quot;:{&quot;unit&quot;:&quot;px&quot;,&quot;size&quot;:&quot;&quot;,&quot;sizes&quot;:[]},&quot;hotspot_tooltip_width&quot;:null,&quot;hotspot_tooltip_width_tablet&quot;:null,&quot;hotspot_tooltip_width_mobile&quot;:null,&quot;hotspot_tooltip_text_wrap&quot;:null},{&quot;hotspot_tooltip_content&quot;:&quot;&lt;p&gt;&lt;span style=\\&quot;color: #b79634;\\&quot;&gt;&lt;b&gt;&lt;a style=\\&quot;color: #b79634;\\&quot; href=\\&quot;https:\\\/\\\/www.sohointeriores.com\\\/\\&quot; target=\\&quot;_blank\\&quot; rel=\\&quot;noopener\\&quot;&gt;SOHO INTERIORES&lt;\\\/a&gt; &lt;\\\/b&gt;&lt;\\\/span&gt; C\\\/ Fueros, 24. &lt;b&gt;Vitoria-Gasteeiz&lt;\\\/b&gt;. Tel.: 945 142 847. &lt;\\\/p&gt;\\n&quot;,&quot;hotspot_offset_x&quot;:{&quot;unit&quot;:&quot;%&quot;,&quot;size&quot;:54,&quot;sizes&quot;:[]},&quot;hotspot_offset_y&quot;:{&quot;unit&quot;:&quot;%&quot;,&quot;size&quot;:16,&quot;sizes&quot;:[]},&quot;_id&quot;:&quot;870f1de&quot;,&quot;__dynamic__&quot;:null,&quot;hotspot_label&quot;:&quot;&quot;,&quot;hotspot_link&quot;:{&quot;url&quot;:&quot;&quot;,&quot;is_external&quot;:&quot;&quot;,&quot;nofollow&quot;:&quot;&quot;,&quot;custom_attributes&quot;:&quot;&quot;},&quot;hotspot_icon&quot;:{&quot;value&quot;:&quot;&quot;,&quot;library&quot;:&quot;&quot;},&quot;hotspot_custom_size&quot;:&quot;no&quot;,&quot;hotspot_horizontal&quot;:&quot;left&quot;,&quot;hotspot_vertical&quot;:&quot;top&quot;,&quot;hotspot_tooltip_position&quot;:&quot;no&quot;,&quot;hotspot_position&quot;:null,&quot;hotspot_position_tablet&quot;:null,&quot;hotspot_position_mobile&quot;:null,&quot;hotspot_icon_position&quot;:null,&quot;hotspot_icon_spacing&quot;:null,&quot;hotspot_width&quot;:null,&quot;hotspot_height&quot;:null,&quot;hotspot_offset_x_tablet&quot;:{&quot;unit&quot;:&quot;px&quot;,&quot;size&quot;:&quot;&quot;,&quot;sizes&quot;:[]},&quot;hotspot_offset_x_mobile&quot;:{&quot;unit&quot;:&quot;px&quot;,&quot;size&quot;:&quot;&quot;,&quot;sizes&quot;:[]},&quot;hotspot_offset_y_tablet&quot;:{&quot;unit&quot;:&quot;px&quot;,&quot;size&quot;:&quot;&quot;,&quot;sizes&quot;:[]},&quot;hotspot_offset_y_mobile&quot;:{&quot;unit&quot;:&quot;px&quot;,&quot;size&quot;:&quot;&quot;,&quot;sizes&quot;:[]},&quot;hotspot_tooltip_width&quot;:null,&quot;hotspot_tooltip_width_tablet&quot;:null,&quot;hotspot_tooltip_width_mobile&quot;:null,&quot;hotspot_tooltip_text_wrap&quot;:null},{&quot;hotspot_tooltip_content&quot;:&quot;&lt;p&gt;&lt;span style=\\&quot;color: #b79634;\\&quot;&gt;&lt;b&gt;&lt;a style=\\&quot;color: #b79634;\\&quot; href=\\&quot;https:\\\/\\\/www.showroomlisboa.com\\\/\\&quot; rel=\\&quot;noopener\\&quot;&gt;ATEMPORAL Showroom&lt;\\\/a&gt; &lt;\\\/b&gt;&lt;\\\/span&gt; Rua Castilho 213 B. &lt;b&gt;Lisboa&lt;\\\/b&gt;. Phone: (+351) 968 235 268&lt;\\\/p&gt;\\n&lt;p&gt;&lt;span style=\\&quot;color: #b79634;\\&quot;&gt;&lt;b&gt;&lt;a style=\\&quot;color: #b79634;\\&quot; href=\\&quot;https:\\\/\\\/www.ritaroquette.com\\\/\\&quot; rel=\\&quot;noopener\\&quot;&gt;RITA ROQUETTE&lt;\\\/a&gt; &lt;\\\/b&gt;&lt;\\\/span&gt; Rua Artilharia, 1 \\u2013 69 C 1250-038 &lt;b&gt;Lisboa&lt;\\\/b&gt;. Phone: +(351) 219 233 738&lt;\\\/p&gt;\\n&quot;,&quot;hotspot_offset_x&quot;:{&quot;unit&quot;:&quot;%&quot;,&quot;size&quot;:14,&quot;sizes&quot;:[]},&quot;hotspot_offset_y&quot;:{&quot;unit&quot;:&quot;%&quot;,&quot;size&quot;:67,&quot;sizes&quot;:[]},&quot;hotspot_tooltip_position&quot;:&quot;yes&quot;,&quot;hotspot_position&quot;:&quot;left&quot;,&quot;_id&quot;:&quot;97a1c21&quot;,&quot;__dynamic__&quot;:null,&quot;hotspot_label&quot;:&quot;&quot;,&quot;hotspot_link&quot;:{&quot;url&quot;:&quot;&quot;,&quot;is_external&quot;:&quot;&quot;,&quot;nofollow&quot;:&quot;&quot;,&quot;custom_attributes&quot;:&quot;&quot;},&quot;hotspot_icon&quot;:{&quot;value&quot;:&quot;&quot;,&quot;library&quot;:&quot;&quot;},&quot;hotspot_custom_size&quot;:&quot;no&quot;,&quot;hotspot_horizontal&quot;:&quot;left&quot;,&quot;hotspot_vertical&quot;:&quot;top&quot;,&quot;hotspot_position_tablet&quot;:&quot;&quot;,&quot;hotspot_position_mobile&quot;:&quot;&quot;,&quot;hotspot_icon_position&quot;:null,&quot;hotspot_icon_spacing&quot;:null,&quot;hotspot_width&quot;:null,&quot;hotspot_height&quot;:null,&quot;hotspot_offset_x_tablet&quot;:{&quot;unit&quot;:&quot;px&quot;,&quot;size&quot;:&quot;&quot;,&quot;sizes&quot;:[]},&quot;hotspot_offset_x_mobile&quot;:{&quot;unit&quot;:&quot;px&quot;,&quot;size&quot;:&quot;&quot;,&quot;sizes&quot;:[]},&quot;hotspot_offset_y_tablet&quot;:{&quot;unit&quot;:&quot;px&quot;,&quot;size&quot;:&quot;&quot;,&quot;sizes&quot;:[]},&quot;hotspot_offset_y_mobile&quot;:{&quot;unit&quot;:&quot;px&quot;,&quot;size&quot;:&quot;&quot;,&quot;sizes&quot;:[]},&quot;hotspot_tooltip_width&quot;:{&quot;unit&quot;:&quot;px&quot;,&quot;size&quot;:&quot;&quot;,&quot;sizes&quot;:[]},&quot;hotspot_tooltip_width_tablet&quot;:{&quot;unit&quot;:&quot;px&quot;,&quot;size&quot;:&quot;&quot;,&quot;sizes&quot;:[]},&quot;hotspot_tooltip_width_mobile&quot;:{&quot;unit&quot;:&quot;px&quot;,&quot;size&quot;:&quot;&quot;,&quot;sizes&quot;:[]},&quot;hotspot_tooltip_text_wrap&quot;:&quot;&quot;},{&quot;hotspot_tooltip_content&quot;:&quot;&lt;p&gt;&lt;span style=\\&quot;color: #b79634;\\&quot;&gt;&lt;b&gt;&lt;a style=\\&quot;color: #b79634;\\&quot; href=\\&quot;https:\\\/\\\/www.intemporaneo.com\\\/\\&quot; rel=\\&quot;noopener\\&quot;&gt;INTEMPORANEO&lt;\\\/a&gt; &lt;\\\/b&gt;&lt;\\\/span&gt; R. dos Netos 18, 9000-084 &lt;b&gt;Funchal, Portugal&lt;\\\/b&gt;. Phone: +(351) 291 236 623&lt;\\\/p&gt;\\n&quot;,&quot;hotspot_offset_x&quot;:{&quot;unit&quot;:&quot;%&quot;,&quot;size&quot;:10,&quot;sizes&quot;:[]},&quot;hotspot_offset_y&quot;:{&quot;unit&quot;:&quot;%&quot;,&quot;size&quot;:91,&quot;sizes&quot;:[]},&quot;hotspot_tooltip_position&quot;:&quot;yes&quot;,&quot;hotspot_position&quot;:&quot;left&quot;,&quot;_id&quot;:&quot;1fd1623&quot;,&quot;__dynamic__&quot;:null,&quot;hotspot_label&quot;:&quot;&quot;,&quot;hotspot_link&quot;:{&quot;url&quot;:&quot;&quot;,&quot;is_external&quot;:&quot;&quot;,&quot;nofollow&quot;:&quot;&quot;,&quot;custom_attributes&quot;:&quot;&quot;},&quot;hotspot_icon&quot;:{&quot;value&quot;:&quot;&quot;,&quot;library&quot;:&quot;&quot;},&quot;hotspot_custom_size&quot;:&quot;no&quot;,&quot;hotspot_horizontal&quot;:&quot;left&quot;,&quot;hotspot_vertical&quot;:&quot;top&quot;,&quot;hotspot_position_tablet&quot;:&quot;&quot;,&quot;hotspot_position_mobile&quot;:&quot;&quot;,&quot;hotspot_icon_position&quot;:null,&quot;hotspot_icon_spacing&quot;:null,&quot;hotspot_width&quot;:null,&quot;hotspot_height&quot;:null,&quot;hotspot_offset_x_tablet&quot;:{&quot;unit&quot;:&quot;px&quot;,&quot;size&quot;:&quot;&quot;,&quot;sizes&quot;:[]},&quot;hotspot_offset_x_mobile&quot;:{&quot;unit&quot;:&quot;px&quot;,&quot;size&quot;:&quot;&quot;,&quot;sizes&quot;:[]},&quot;hotspot_offset_y_tablet&quot;:{&quot;unit&quot;:&quot;px&quot;,&quot;size&quot;:&quot;&quot;,&quot;sizes&quot;:[]},&quot;hotspot_offset_y_mobile&quot;:{&quot;unit&quot;:&quot;px&quot;,&quot;size&quot;:&quot;&quot;,&quot;sizes&quot;:[]},&quot;hotspot_tooltip_width&quot;:{&quot;unit&quot;:&quot;px&quot;,&quot;size&quot;:&quot;&quot;,&quot;sizes&quot;:[]},&quot;hotspot_tooltip_width_tablet&quot;:{&quot;unit&quot;:&quot;px&quot;,&quot;size&quot;:&quot;&quot;,&quot;sizes&quot;:[]},&quot;hotspot_tooltip_width_mobile&quot;:{&quot;unit&quot;:&quot;px&quot;,&quot;size&quot;:&quot;&quot;,&quot;sizes&quot;:[]},&quot;hotspot_tooltip_text_wrap&quot;:&quot;&quot;},{&quot;hotspot_tooltip_content&quot;:&quot;&lt;p style=\\&quot;text-align: center;\\&quot;&gt;&lt;strong&gt;&lt;b&gt;&lt;\\\/b&gt;&lt;b&gt;&lt;a style=\\&quot;color: #b79634;\\&quot; href=\\&quot;https:\\\/\\\/mueblesmago.es\\\/\\&quot; rel=\\&quot;noopener\\&quot;&gt;MUEBLES MAGO&lt;\\\/a&gt;&lt;\\\/b&gt; - &lt;\\\/strong&gt;Carretera de N\\u00edjar, esq. Avd. Mediterr\\u00e1neo, 04009 &lt;strong&gt;Almer\\u00eda&lt;\\\/strong&gt;. Tel.: &lt;a href=\\&quot;tel:+34950222525\\&quot;&gt;950 22 25 25.&lt;\\\/a&gt;  &lt;br \\\/&gt;&lt;strong&gt;&lt;b&gt;&lt;a style=\\&quot;color: #b79634;\\&quot; href=\\&quot;https:\\\/\\\/losmelgues.com\\\/?utm_source=gmbhttp%3A%2F%2Fwww.losmelgues.com%2F\\&quot; rel=\\&quot;noopener\\&quot;&gt;LOS MELGUES&lt;\\\/a&gt;&lt;\\\/b&gt; - &lt;\\\/strong&gt;Ctra. de Alicun, 169, 04740 Roquetas de Mar, &lt;strong&gt;Almer\\u00eda&lt;\\\/strong&gt;. Tel: &lt;a href=\\&quot;https:\\\/\\\/www.google.com\\\/search?client=safari&amp;rls=en&amp;q=melgues&amp;ie=UTF-8&amp;oe=UTF-8&amp;sei=YEt3aZDzFNjX7M8PrsHG2As&amp;dlnr=1#\\&quot; data-dtype=\\&quot;d3ph\\&quot; data-local-attribute=\\&quot;d3ph\\&quot; data-ved=\\&quot;2ahUKEwj4noDRiKmSAxXcTKQEHT7nOXYQkAgoAHoECC8QAg\\&quot;&gt;&lt;span aria-label=\\&quot;Llamar al n\\u00famero de tel\\u00e9fono 950 32 98 00\\&quot;&gt;950 32 98 0&lt;\\\/span&gt;&lt;\\\/a&gt; &lt;\\\/p&gt;\\n&quot;,&quot;hotspot_offset_x&quot;:{&quot;unit&quot;:&quot;%&quot;,&quot;size&quot;:56,&quot;sizes&quot;:[]},&quot;hotspot_offset_y&quot;:{&quot;unit&quot;:&quot;%&quot;,&quot;size&quot;:91,&quot;sizes&quot;:[]},&quot;hotspot_tooltip_position&quot;:&quot;yes&quot;,&quot;hotspot_position&quot;:&quot;left&quot;,&quot;_id&quot;:&quot;53fd7f3&quot;,&quot;__dynamic__&quot;:null,&quot;hotspot_label&quot;:&quot;&quot;,&quot;hotspot_link&quot;:{&quot;url&quot;:&quot;&quot;,&quot;is_external&quot;:&quot;&quot;,&quot;nofollow&quot;:&quot;&quot;,&quot;custom_attributes&quot;:&quot;&quot;},&quot;hotspot_icon&quot;:{&quot;value&quot;:&quot;&quot;,&quot;library&quot;:&quot;&quot;},&quot;hotspot_custom_size&quot;:&quot;no&quot;,&quot;hotspot_horizontal&quot;:&quot;left&quot;,&quot;hotspot_vertical&quot;:&quot;top&quot;,&quot;hotspot_position_tablet&quot;:&quot;&quot;,&quot;hotspot_position_mobile&quot;:&quot;&quot;,&quot;hotspot_icon_position&quot;:null,&quot;hotspot_icon_spacing&quot;:null,&quot;hotspot_width&quot;:null,&quot;hotspot_height&quot;:null,&quot;hotspot_offset_x_tablet&quot;:{&quot;unit&quot;:&quot;px&quot;,&quot;size&quot;:&quot;&quot;,&quot;sizes&quot;:[]},&quot;hotspot_offset_x_mobile&quot;:{&quot;unit&quot;:&quot;px&quot;,&quot;size&quot;:&quot;&quot;,&quot;sizes&quot;:[]},&quot;hotspot_offset_y_tablet&quot;:{&quot;unit&quot;:&quot;px&quot;,&quot;size&quot;:&quot;&quot;,&quot;sizes&quot;:[]},&quot;hotspot_offset_y_mobile&quot;:{&quot;unit&quot;:&quot;px&quot;,&quot;size&quot;:&quot;&quot;,&quot;sizes&quot;:[]},&quot;hotspot_tooltip_width&quot;:{&quot;unit&quot;:&quot;px&quot;,&quot;size&quot;:&quot;&quot;,&quot;sizes&quot;:[]},&quot;hotspot_tooltip_width_tablet&quot;:{&quot;unit&quot;:&quot;px&quot;,&quot;size&quot;:&quot;&quot;,&quot;sizes&quot;:[]},&quot;hotspot_tooltip_width_mobile&quot;:{&quot;unit&quot;:&quot;px&quot;,&quot;size&quot;:&quot;&quot;,&quot;sizes&quot;:[]},&quot;hotspot_tooltip_text_wrap&quot;:&quot;&quot;},{&quot;_id&quot;:&quot;8cf2c00&quot;,&quot;hotspot_tooltip_content&quot;:&quot;&lt;p&gt;&lt;strong&gt;&lt;b&gt;&lt;\\\/b&gt;&lt;b&gt;&lt;a style=\\&quot;color: #b79634;\\&quot; href=\\&quot;https:\\\/\\\/skema.studio\\&quot; rel=\\&quot;noopener\\&quot;&gt;SKEMA STUDIO&lt;\\\/a&gt;&lt;\\\/b&gt; - &lt;\\\/strong&gt;C\\\/Ronda Francesc Maci\\u00e0, 50,&lt;strong&gt; Matar\\u00f3&lt;\\\/strong&gt;. Tel.: 93 798 52 12&lt;\\\/p&gt;\\n&quot;,&quot;hotspot_offset_x&quot;:{&quot;unit&quot;:&quot;%&quot;,&quot;size&quot;:86,&quot;sizes&quot;:[]},&quot;hotspot_offset_y&quot;:{&quot;unit&quot;:&quot;%&quot;,&quot;size&quot;:32,&quot;sizes&quot;:[]},&quot;__dynamic__&quot;:null,&quot;hotspot_label&quot;:&quot;&quot;,&quot;hotspot_link&quot;:{&quot;url&quot;:&quot;&quot;,&quot;is_external&quot;:&quot;&quot;,&quot;nofollow&quot;:&quot;&quot;,&quot;custom_attributes&quot;:&quot;&quot;},&quot;hotspot_icon&quot;:{&quot;value&quot;:&quot;&quot;,&quot;library&quot;:&quot;&quot;},&quot;hotspot_custom_size&quot;:&quot;no&quot;,&quot;hotspot_horizontal&quot;:&quot;left&quot;,&quot;hotspot_vertical&quot;:&quot;top&quot;,&quot;hotspot_tooltip_position&quot;:&quot;no&quot;,&quot;hotspot_position&quot;:null,&quot;hotspot_position_tablet&quot;:null,&quot;hotspot_position_mobile&quot;:null,&quot;hotspot_icon_position&quot;:null,&quot;hotspot_icon_spacing&quot;:null,&quot;hotspot_width&quot;:null,&quot;hotspot_height&quot;:null,&quot;hotspot_offset_x_tablet&quot;:{&quot;unit&quot;:&quot;px&quot;,&quot;size&quot;:&quot;&quot;,&quot;sizes&quot;:[]},&quot;hotspot_offset_x_mobile&quot;:{&quot;unit&quot;:&quot;px&quot;,&quot;size&quot;:&quot;&quot;,&quot;sizes&quot;:[]},&quot;hotspot_offset_y_tablet&quot;:{&quot;unit&quot;:&quot;px&quot;,&quot;size&quot;:&quot;&quot;,&quot;sizes&quot;:[]},&quot;hotspot_offset_y_mobile&quot;:{&quot;unit&quot;:&quot;px&quot;,&quot;size&quot;:&quot;&quot;,&quot;sizes&quot;:[]},&quot;hotspot_tooltip_width&quot;:null,&quot;hotspot_tooltip_width_tablet&quot;:null,&quot;hotspot_tooltip_width_mobile&quot;:null,&quot;hotspot_tooltip_text_wrap&quot;:null}],&quot;tooltip_trigger&quot;:&quot;mouseenter&quot;,&quot;hotspot_sequenced_animation&quot;:&quot;no&quot;,&quot;tooltip_position&quot;:&quot;top&quot;,&quot;tooltip_animation&quot;:&quot;e-hotspot--fade-in-out&quot;}\" data-widget_type=\"hotspot.default\">\n\t\t\t\t<div class=\"elementor-widget-container\">\n\t\t\t\t\t<img fetchpriority=\"high\" decoding=\"async\" width=\"1024\" height=\"678\" src=\"https:\/\/atemporal.casa\/wp-content\/uploads\/2025\/06\/mapa-1024x678.jpg\" class=\"attachment-large size-large wp-image-6977\" alt=\"\" srcset=\"https:\/\/atemporal.casa\/wp-content\/uploads\/2025\/06\/mapa-1024x678.jpg 1024w, https:\/\/atemporal.casa\/wp-content\/uploads\/2025\/06\/mapa-300x199.jpg 300w, https:\/\/atemporal.casa\/wp-content\/uploads\/2025\/06\/mapa-768x509.jpg 768w, https:\/\/atemporal.casa\/wp-content\/uploads\/2025\/06\/mapa-1536x1017.jpg 1536w, https:\/\/atemporal.casa\/wp-content\/uploads\/2025\/06\/mapa-2048x1356.jpg 2048w, https:\/\/atemporal.casa\/wp-content\/uploads\/2025\/06\/mapa-600x397.jpg 600w\" sizes=\"(max-width: 1024px) 100vw, 1024px\" \/>\n\t\t\t\t\t\t<div class=\"e-hotspot elementor-repeater-item-0b61884  e-hotspot--position-left e-hotspot--position-top   e-hotspot--circle\">\n\n\t\t\t\t\t\t\t\t<div class=\"e-hotspot__button e-hotspot--expand\">\n\t\t\t\t\t\t\t\t\t\t\t<div class=\"e-hotspot__outer-circle\"><\/div>\n\t\t\t\t\t\t<div class=\"e-hotspot__inner-circle\"><\/div>\n\t\t\t\t\t\t\t\t\t<\/div>\n\n\t\t\t\t\t\t\t\t\t\t\t\t\t\t\t\t\t\t<div class=\"e-hotspot__tooltip  e-hotspot--tooltip-position e-hotspot--fade-in-out \" >\n\t\t\t\t\t\t<p><span style=\"color: #b79634;\"><strong><a style=\"color: #b79634;\" href=\"https:\/\/www.baustore.ad\/\" target=\"_blank\" rel=\"noopener\">LA BAU STORE<\/a><\/strong><\/span>. Carrer Bonaventura Armengol, 3, AD500 <strong>Andorra la Vella, Andorra<\/strong><strong>. <\/strong>Tel.:+376 802 236. <\/p>\n<p><span style=\"color: #b79634;\"><a style=\"color: #b79634;\" href=\"https:\/\/lamaison-andorra.com\/\" target=\"_blank\" rel=\"noopener\"><strong>LA MAISON<\/strong><\/a><\/span>. Crta. General 2 Edificio Novell 2 bajos. INCLES . <strong>Canillo<\/strong><strong>. <\/strong>Tel.:+376 855 281.    <\/p>\n<p><strong><span style=\"color: #b79634;\"><a style=\"color: #b79634;\" href=\"https:\/\/www.sistemacuina.com\/\" target=\"_blank\" rel=\"noopener\">SISTEMA CUINA<\/a> <\/span> <\/strong>Avda. de les Escoles 18. <strong>Escaldes-Engordany<\/strong><strong>. <\/strong>Tel.: 376 867 483. <\/p>\n\t\t\t\t\t<\/div>\n\t\t\t\t\t\t\t\t\t\n\t\t\t<\/div>\n\n\t\n\t\t\t\t\t\t<div class=\"e-hotspot elementor-repeater-item-2205b78  e-hotspot--position-left e-hotspot--position-top   e-hotspot--circle\">\n\n\t\t\t\t\t\t\t\t<div class=\"e-hotspot__button e-hotspot--expand\">\n\t\t\t\t\t\t\t\t\t\t\t<div class=\"e-hotspot__outer-circle\"><\/div>\n\t\t\t\t\t\t<div class=\"e-hotspot__inner-circle\"><\/div>\n\t\t\t\t\t\t\t\t\t<\/div>\n\n\t\t\t\t\t\t\t\t\t\t\t\t\t\t\t\t\t\t<div class=\"e-hotspot__tooltip  e-hotspot--tooltip-position e-hotspot--fade-in-out \" >\n\t\t\t\t\t\t<p><strong><span style=\"color: #b79634;\"><a style=\"color: #b79634;\" href=\"https:\/\/www.anilhometrends.com\/concept-store\/\" target=\"_blank\" rel=\"noopener\">A\u00d1IL Concept Store<\/a><\/span> <\/strong>C\/Budapest 21&amp;23. Pol\u00edgono San Pedro de Alc\u00e1ntara. <strong>Marbella<\/strong>. <strong>M\u00e1laga<\/strong>. Tel.: 689 112 601. <\/p>\n<p><strong><span style=\"color: #b79634;\"><a style=\"color: #b79634;\" href=\"https:\/\/www.anilhometrends.com\/concept-store\/\" target=\"_blank\" rel=\"noopener\">A\u00d1IL HOME TRENDS<\/a><\/span> <\/strong>Urb. Las Petunias 27.  San Pedro de Alcantara. <strong>Marbella<\/strong>. <strong>Malaga<\/strong>. Tel.: 952 780 044.  <\/p>\n\t\t\t\t\t<\/div>\n\t\t\t\t\t\t\t\t\t\n\t\t\t<\/div>\n\n\t\n\t\t\t\t\t\t<div class=\"e-hotspot elementor-repeater-item-b737d39  e-hotspot--position-left e-hotspot--position-top   e-hotspot--circle\">\n\n\t\t\t\t\t\t\t\t<div class=\"e-hotspot__button e-hotspot--expand\">\n\t\t\t\t\t\t\t\t\t\t\t<div class=\"e-hotspot__outer-circle\"><\/div>\n\t\t\t\t\t\t<div class=\"e-hotspot__inner-circle\"><\/div>\n\t\t\t\t\t\t\t\t\t<\/div>\n\n\t\t\t\t\t\t\t\t\t\t\t\t\t\t\t\t\t\t<div class=\"e-hotspot__tooltip  e-hotspot--tooltip-position e-hotspot--fade-in-out \" >\n\t\t\t\t\t\t<p><span class=\"wsw-31\"><span class=\"wsw-02\"><strong><span class=\"wsw-05\"><span style=\"color: #b79634;\"><a style=\"color: #b79634;\" href=\"https:\/\/javiernegreinteriorismo.com\/\" target=\"_blank\" rel=\"noopener\">JAVIER NEGRE DISE\u00d1O<\/a><\/span> <\/span> <\/strong><\/span><\/span>C\/ Ver\u00f3nica 18 <strong>Zaragoza. <\/strong>Tel.: 976 231 155. En exposici\u00f3n Colecci\u00f3n: LINEN.<\/p>\n\t\t\t\t\t<\/div>\n\t\t\t\t\t\t\t\t\t\n\t\t\t<\/div>\n\n\t\n\t\t\t\t\t\t<div class=\"e-hotspot elementor-repeater-item-f4d1912  e-hotspot--position-left e-hotspot--position-top   e-hotspot--circle\">\n\n\t\t\t\t\t\t\t\t<div class=\"e-hotspot__button e-hotspot--expand\">\n\t\t\t\t\t\t\t\t\t\t\t<div class=\"e-hotspot__outer-circle\"><\/div>\n\t\t\t\t\t\t<div class=\"e-hotspot__inner-circle\"><\/div>\n\t\t\t\t\t\t\t\t\t<\/div>\n\n\t\t\t\t\t\t\t\t\t\t\t\t\t\t\t\t\t\t<div class=\"e-hotspot__tooltip  e-hotspot--tooltip-position e-hotspot--fade-in-out \" >\n\t\t\t\t\t\t<p><span style=\"color: #b79634;\"><strong><a style=\"color: #b79634;\" href=\"https:\/\/www.abellomuebles.com\/\" target=\"_blank\" rel=\"noopener\">ABELLO 1980<\/a><\/strong><\/span><strong>  <\/strong>Traves\u00eda Francisca Fern\u00e1ndez Miranda 2 bajo.<strong> <\/strong><strong>Grado. <\/strong>Tel.: 985 751 013.  <\/p>\n<p><span style=\"color: #b79634;\"><strong>D4 INTERIOR DESIGN<\/strong><\/span> C. Caveda 2, 33002. <strong>Oviedo. <\/strong>Tel.: 985 209 387.<\/p>\n\t\t\t\t\t<\/div>\n\t\t\t\t\t\t\t\t\t\n\t\t\t<\/div>\n\n\t\n\t\t\t\t\t\t<div class=\"e-hotspot elementor-repeater-item-1445294  e-hotspot--position-left e-hotspot--position-top   e-hotspot--circle\">\n\n\t\t\t\t\t\t\t\t<div class=\"e-hotspot__button e-hotspot--expand\">\n\t\t\t\t\t\t\t\t\t\t\t<div class=\"e-hotspot__outer-circle\"><\/div>\n\t\t\t\t\t\t<div class=\"e-hotspot__inner-circle\"><\/div>\n\t\t\t\t\t\t\t\t\t<\/div>\n\n\t\t\t\t\t\t\t\t\t\t\t\t\t\t\t\t\t\t<div class=\"e-hotspot__tooltip  e-hotspot--tooltip-position e-hotspot--fade-in-out \" >\n\t\t\t\t\t\t<p> <span style=\"color: #b79634;\"><a style=\"color: #b79634;\" href=\"https:\/\/www.mueblesdecorart.com\/\" target=\"_blank\" rel=\"noopener\"><strong>DECORART<\/strong><\/a> <\/span> Rambla de Santa Cruz 130. <strong>Santa Cruz de Tenerife <\/strong><strong>. <\/strong>Tel.: 922 248 831. <\/p>\n\t\t\t\t\t<\/div>\n\t\t\t\t\t\t\t\t\t\n\t\t\t<\/div>\n\n\t\n\t\t\t\t\t\t<div class=\"e-hotspot elementor-repeater-item-7c4b8b8  e-hotspot--position-left e-hotspot--position-top   e-hotspot--circle\">\n\n\t\t\t\t\t\t\t\t<div class=\"e-hotspot__button e-hotspot--expand\">\n\t\t\t\t\t\t\t\t\t\t\t<div class=\"e-hotspot__outer-circle\"><\/div>\n\t\t\t\t\t\t<div class=\"e-hotspot__inner-circle\"><\/div>\n\t\t\t\t\t\t\t\t\t<\/div>\n\n\t\t\t\t\t\t\t\t\t\t\t\t\t\t\t\t\t\t<div class=\"e-hotspot__tooltip  e-hotspot--tooltip-position e-hotspot--fade-in-out \" >\n\t\t\t\t\t\t<p><strong><span style=\"color: #b79634;\"><a style=\"color: #b79634;\" href=\"https:\/\/www.numadecoracion.es\/\" target=\"_blank\" rel=\"noopener\">NUMA<\/a><\/span> <\/strong>C\/ Hern\u00e1n Cort\u00e9s 33. <strong>Santander. <\/strong>Tel.: 942 134 982. <\/p>\n\t\t\t\t\t<\/div>\n\t\t\t\t\t\t\t\t\t\n\t\t\t<\/div>\n\n\t\n\t\t\t\t\t\t<div class=\"e-hotspot elementor-repeater-item-0cff16f  e-hotspot--position-left e-hotspot--position-top   e-hotspot--circle\">\n\n\t\t\t\t\t\t\t\t<div class=\"e-hotspot__button e-hotspot--expand\">\n\t\t\t\t\t\t\t\t\t\t\t<div class=\"e-hotspot__outer-circle\"><\/div>\n\t\t\t\t\t\t<div class=\"e-hotspot__inner-circle\"><\/div>\n\t\t\t\t\t\t\t\t\t<\/div>\n\n\t\t\t\t\t\t\t\t\t\t\t\t\t\t\t\t\t\t<div class=\"e-hotspot__tooltip  e-hotspot--tooltip-position e-hotspot--fade-in-out \" >\n\t\t\t\t\t\t<p><b><span style=\"color: #b79634;\"><a style=\"color: #b79634;\" href=\"https:\/\/decoracionk7.com\/\" target=\"_blank\" rel=\"noopener\">K7<\/a><\/span> <\/b>Avenida de la Paz 26. <b>Burgos <\/b>. Tel: 947 239 690.  <\/p>\n\t\t\t\t\t<\/div>\n\t\t\t\t\t\t\t\t\t\n\t\t\t<\/div>\n\n\t\n\t\t\t\t\t\t<div class=\"e-hotspot elementor-repeater-item-1a05c89  e-hotspot--position-left e-hotspot--position-top   e-hotspot--circle\">\n\n\t\t\t\t\t\t\t\t<div class=\"e-hotspot__button e-hotspot--expand\">\n\t\t\t\t\t\t\t\t\t\t\t<div class=\"e-hotspot__outer-circle\"><\/div>\n\t\t\t\t\t\t<div class=\"e-hotspot__inner-circle\"><\/div>\n\t\t\t\t\t\t\t\t\t<\/div>\n\n\t\t\t\t\t\t\t\t\t\t\t\t\t\t\t\t\t\t<div class=\"e-hotspot__tooltip  e-hotspot--tooltip-position e-hotspot--fade-in-out \" >\n\t\t\t\t\t\t<p><strong><span class=\"wsw-02\" style=\"color: #b79634;\">MASHOGAR<\/span>  <\/strong>C\/ Dolores Ib\u00e1rruri 2 bajo. Santa Marta de Tormes. <strong>Salamanca<\/strong>.  Tel: 923 130 644.  <\/p>\n\t\t\t\t\t<\/div>\n\t\t\t\t\t\t\t\t\t\n\t\t\t<\/div>\n\n\t\n\t\t\t\t\t\t<div class=\"e-hotspot elementor-repeater-item-f1e51eb  e-hotspot--position-left e-hotspot--position-top   e-hotspot--circle\">\n\n\t\t\t\t\t\t\t\t<div class=\"e-hotspot__button e-hotspot--expand\">\n\t\t\t\t\t\t\t\t\t\t\t<div class=\"e-hotspot__outer-circle\"><\/div>\n\t\t\t\t\t\t<div class=\"e-hotspot__inner-circle\"><\/div>\n\t\t\t\t\t\t\t\t\t<\/div>\n\n\t\t\t\t\t\t\t\t\t\t\t\t\t\t\t\t\t\t<div class=\"e-hotspot__tooltip  e-hotspot--tooltip-position e-hotspot--fade-in-out \" >\n\t\t\t\t\t\t<p><strong><span style=\"color: #b79634;\"><a style=\"color: #b79634;\" href=\"https:\/\/www.sofasamedida.com\/\" target=\"_blank\" rel=\"noopener\"><span class=\"wsw-02\">MOBBELTUR<\/span><\/a><\/span> <\/strong>C. la Serna, 2, 24010 Trobajo del Camino,<strong> Le\u00f3n<\/strong>. Tel: 987 840 067.  <\/p>\n<p><strong><a href=\"https:\/\/www.mueblesmabel.com\/index.php\" target=\"_blank\" rel=\"noopener\"><span style=\"color: #b79634;\">MABEL FURNITURE<\/span><\/a><\/strong> Avenida P\u00e9rez Colino, 16 - 24402 Ponferrada, <strong>Le\u00f3n<\/strong>. Tel.: 987 402402<\/p>\n\t\t\t\t\t<\/div>\n\t\t\t\t\t\t\t\t\t\n\t\t\t<\/div>\n\n\t\n\t\t\t\t\t\t<div class=\"e-hotspot elementor-repeater-item-56e7cc7  e-hotspot--position-left e-hotspot--position-top   e-hotspot--circle\">\n\n\t\t\t\t\t\t\t\t<div class=\"e-hotspot__button e-hotspot--expand\">\n\t\t\t\t\t\t\t\t\t\t\t<div class=\"e-hotspot__outer-circle\"><\/div>\n\t\t\t\t\t\t<div class=\"e-hotspot__inner-circle\"><\/div>\n\t\t\t\t\t\t\t\t\t<\/div>\n\n\t\t\t\t\t\t\t\t\t\t\t\t\t\t\t\t\t\t<div class=\"e-hotspot__tooltip  e-hotspot--tooltip-position e-hotspot--fade-in-out \" >\n\t\t\t\t\t\t<p><span style=\"color: #b79634;\"><strong><a style=\"color: #b79634;\" href=\"https:\/\/www.mueblespalaciodelamoda.com\/\" target=\"_blank\" rel=\"noopener\">PALACIO DE LA MODA<\/a><\/strong> <\/span> Av. Pablo Picasso, 4, 34200 Venta de Ba\u00f1os, <strong>Palencia. <\/strong>Tel: 979 770 444.  <\/p>\n\t\t\t\t\t<\/div>\n\t\t\t\t\t\t\t\t\t\n\t\t\t<\/div>\n\n\t\n\t\t\t\t\t\t<div class=\"e-hotspot elementor-repeater-item-7f5445f  e-hotspot--position-left e-hotspot--position-top   e-hotspot--circle\">\n\n\t\t\t\t\t\t\t\t<div class=\"e-hotspot__button e-hotspot--expand\">\n\t\t\t\t\t\t\t\t\t\t\t<div class=\"e-hotspot__outer-circle\"><\/div>\n\t\t\t\t\t\t<div class=\"e-hotspot__inner-circle\"><\/div>\n\t\t\t\t\t\t\t\t\t<\/div>\n\n\t\t\t\t\t\t\t\t\t\t\t\t\t\t\t\t\t\t<div class=\"e-hotspot__tooltip  e-hotspot--tooltip-position e-hotspot--fade-in-out \" >\n\t\t\t\t\t\t<p><a href=\"https:\/\/www.espainordic.cat\"><span style=\"color: #b79634;\"><b>ESPAI NORDIC <\/b><\/span><\/a>Avda. de Rius i Taulet 29. <strong>Sant Cugat del Vall\u00e9s<\/strong>. Tel.: 936 746 418.  <\/p>\n<p><span style=\"color: #b79634;\"><strong><a style=\"color: #b79634;\" href=\"https:\/\/www.marinaandco.com\/es\/\" target=\"_blank\" rel=\"noopener\">MARINA&amp;CO<\/a><\/strong><\/span> C\/ Jovellanos, 84. <strong>Sabadell<\/strong>. Tel: 937 457 255.  <\/p>\n<p><strong><span style=\"color: #b79634;\">MOBLES RIBALTA \u00b7 GEOMETRIC ESTUDI<\/span> <\/strong>C\/ de Bosch i Cardellach 77. <strong>Sabadell<\/strong>. Tel.: 937 252 744. <\/p>\n<p><strong><span style=\"color: #b79634;\"><a style=\"color: #b79634;\" href=\"https:\/\/www.antonifelip.com\/\" target=\"_blank\" rel=\"noopener\">ANTONI FELIP<\/a><\/span> <\/strong>Ctra. de Barcelona 87. <strong>Cerdanyola del Vall\u00e8s<\/strong>. Tel.: 935 808 699.  <\/p>\n<p><span style=\"color: #b79634;\"><strong><a style=\"color: #b79634;\" href=\"https:\/\/www.rubiointeriors.com\/\" target=\"_blank\" rel=\"noopener\">RUBIO INTERIORS<\/a><\/strong> <\/span> C\/ Volta 38-42 . <strong>Terrassa<\/strong>. Tel.: 937 803 123. <\/p>\n\t\t\t\t\t<\/div>\n\t\t\t\t\t\t\t\t\t\n\t\t\t<\/div>\n\n\t\n\t\t\t\t\t\t<div class=\"e-hotspot elementor-repeater-item-e835f39  e-hotspot--position-left e-hotspot--position-top   e-hotspot--circle\">\n\n\t\t\t\t\t\t\t\t<div class=\"e-hotspot__button e-hotspot--expand\">\n\t\t\t\t\t\t\t\t\t\t\t<div class=\"e-hotspot__outer-circle\"><\/div>\n\t\t\t\t\t\t<div class=\"e-hotspot__inner-circle\"><\/div>\n\t\t\t\t\t\t\t\t\t<\/div>\n\n\t\t\t\t\t\t\t\t\t\t\t\t\t\t\t\t\t\t<div class=\"e-hotspot__tooltip  e-hotspot--tooltip-position e-hotspot--fade-in-out \" >\n\t\t\t\t\t\t<p><span style=\"color: #b79634;\"><strong><a style=\"color: #b79634;\" href=\"https:\/\/www.dromliving.com\/\" target=\"_blank\" rel=\"noopener\">DR\u00d6M FACT\u00d6RY By DR\u00d6M LIVING<\/a><\/strong> <\/span>C\/ Sicilia 402. <strong>Barcelona<\/strong>. Tel.: 932 071 478. <\/p>\n<p><strong><span style=\"color: #b79634;\"><a style=\"color: #b79634;\" href=\"https:\/\/www.estudidelagarriga.cat\/\" target=\"_blank\" rel=\"noopener\">ESTUDI LA GARRIGA<\/a><\/span> <\/strong><b><span class=\"wnd-font-size-90\"> <\/span><\/b>C\/ Arag\u00f3 321. <b>Barcelona<\/b>. Tel.: 934 582 082. <\/p>\n<p><span style=\"color: #b79634;\"><a style=\"color: #b79634;\" href=\"https:\/\/lamaisonbarcelona.com\/la-maison\/\" target=\"_blank\" rel=\"noopener\"><strong>LA MAISON BARCELONA<\/strong> <\/a> <\/span>C\/ Balmes 266. <strong>Barcelona<\/strong>. Tel: 932 172 666.  <\/p>\n<p><span style=\"color: #b79634;\"><strong><a style=\"color: #b79634;\" href=\"https:\/\/www.instagram.com\/swellconcept?igsh=MWMxems5eTEwOGZweA%3D%3D\" target=\"_blank\" rel=\"noopener\">SWELL CONCEPT<\/a><\/strong><\/span> Rector Ubach 30 <strong>Barcelona <\/strong>Tel.: 934 598 595. <\/p>\n<p><strong><span style=\"color: #b79634;\"><a style=\"color: #b79634;\" href=\"https:\/\/www.trucosparadecorar.com\/\" target=\"_blank\" rel=\"noopener\">TRICKSFORDECORATING<\/a><\/span> <\/strong>. C\/ Reina Victoria 16.  <strong>Barcelona<\/strong><\/p>\n\t\t\t\t\t<\/div>\n\t\t\t\t\t\t\t\t\t\n\t\t\t<\/div>\n\n\t\n\t\t\t\t\t\t<div class=\"e-hotspot elementor-repeater-item-b671a06  e-hotspot--position-left e-hotspot--position-top   e-hotspot--circle\">\n\n\t\t\t\t\t\t\t\t<div class=\"e-hotspot__button e-hotspot--expand\">\n\t\t\t\t\t\t\t\t\t\t\t<div class=\"e-hotspot__outer-circle\"><\/div>\n\t\t\t\t\t\t<div class=\"e-hotspot__inner-circle\"><\/div>\n\t\t\t\t\t\t\t\t\t<\/div>\n\n\t\t\t\t\t\t\t\t\t\t\t\t\t\t\t\t\t\t<div class=\"e-hotspot__tooltip  e-hotspot--tooltip-position e-hotspot--fade-in-out \" >\n\t\t\t\t\t\t<p><strong><span style=\"color: #b79634;\"><a style=\"color: #b79634;\" href=\"https:\/\/www.duchlleida.com\/\" target=\"_blank\" rel=\"noopener\">DUCH<\/a><\/span> <\/strong>C\/ Alcalde Rovira Roure 13. <strong>Lleida<\/strong>. Tel.: 973 249 145. <\/p>\n\t\t\t\t\t<\/div>\n\t\t\t\t\t\t\t\t\t\n\t\t\t<\/div>\n\n\t\n\t\t\t\t\t\t<div class=\"e-hotspot elementor-repeater-item-7799550  e-hotspot--position-left e-hotspot--position-top   e-hotspot--circle\">\n\n\t\t\t\t\t\t\t\t<div class=\"e-hotspot__button e-hotspot--expand\">\n\t\t\t\t\t\t\t\t\t\t\t<div class=\"e-hotspot__outer-circle\"><\/div>\n\t\t\t\t\t\t<div class=\"e-hotspot__inner-circle\"><\/div>\n\t\t\t\t\t\t\t\t\t<\/div>\n\n\t\t\t\t\t\t\t\t\t\t\t\t\t\t\t\t\t\t<div class=\"e-hotspot__tooltip  e-hotspot--tooltip-position e-hotspot--fade-in-out \" >\n\t\t\t\t\t\t<p><span style=\"color: #b79634;\"><strong><a style=\"color: #b79634;\" href=\"https:\/\/reposasapore.cat\/\" target=\"_blank\" rel=\"noopener\">REPOSA SAPORE<\/a><\/strong><\/span> Crta N-II num 20-B 17458.<strong> Fornells de la Selva - <\/strong>Girona. Tel.: 972 476 239 - 699 121 458 (cita pr\u00e8via). <\/p>\n<p><span style=\"color: #b79634;\"><strong><a style=\"color: #b79634;\" href=\"https:\/\/tocatpelvent.com\/\" target=\"_blank\" rel=\"noopener\">TOCAT PEL VENT<\/a><\/strong><\/span> - Carrer Nou del Teatre, 6, 17004 <strong>Girona<\/strong>. Tel.: 972 41 40 65<\/p>\n<p><strong><span style=\"color: #b79634;\"><a style=\"color: #b79634;\" href=\"https:\/\/www.euromoblebru.com\/\" target=\"_blank\" rel=\"noopener\">EUROMOBLE DE BRU<\/a><\/span> <\/strong>Ctra Figueres - Roses, km 33.5, 17469 <strong>Fortia<\/strong>. Girona. Tel.: 972 503 962.<\/p>\n<p><span style=\"color: #b79634;\"><strong><a style=\"color: #b79634;\" href=\"https:\/\/www.cuinessantos.com\/ca\/\" target=\"_blank\" rel=\"noopener\">DALMAU Interiors <\/a><\/strong><\/span>Pl. Pavicsa, 9, 17100 <strong>La Bisbal d'Empord\u00e0, Girona. <\/strong>Tel.: 972 642 777. <\/p>\n<p><strong><span style=\"color: #b79634;\"><a style=\"color: #b79634;\" href=\"https:\/\/www.martinelements.com\/\" target=\"_blank\" rel=\"noopener\">MARTIN ELEMENTS CORK<\/a><\/span> <\/strong>C\/ Enric Vincke, 12, 17230 <strong>Palam\u00f3s, <\/strong>Girona . Tel.: 972 967 144. <\/p>\n\t\t\t\t\t<\/div>\n\t\t\t\t\t\t\t\t\t\n\t\t\t<\/div>\n\n\t\n\t\t\t\t\t\t<div class=\"e-hotspot elementor-repeater-item-af32a6e  e-hotspot--position-left e-hotspot--position-top   e-hotspot--circle\">\n\n\t\t\t\t\t\t\t\t<div class=\"e-hotspot__button e-hotspot--expand\">\n\t\t\t\t\t\t\t\t\t\t\t<div class=\"e-hotspot__outer-circle\"><\/div>\n\t\t\t\t\t\t<div class=\"e-hotspot__inner-circle\"><\/div>\n\t\t\t\t\t\t\t\t\t<\/div>\n\n\t\t\t\t\t\t\t\t\t\t\t\t\t\t\t\t\t\t<div class=\"e-hotspot__tooltip  e-hotspot--tooltip-position e-hotspot--fade-in-out \" >\n\t\t\t\t\t\t<p><span style=\"color: #b79634;\"><strong><a style=\"color: #b79634;\" href=\"https:\/\/www.ismoble.com\/\" target=\"_blank\" rel=\"noopener\">ISMOBLE<\/a><\/strong><\/span> C\/ Dionis Puig 15. C.C. Ramassar Nord. <strong>Granollers<\/strong>. Tel: 938 402 918 .   <\/p>\n<p><span style=\"color: #b79634;\"><strong><a style=\"color: #b79634;\" href=\"https:\/\/www.ideesdisseny.com\/\" target=\"_blank\" rel=\"noopener\">IDEES DISSENY<\/a><\/strong> \u00b7 <strong><span class=\"wnd-font-size-90\"><a style=\"color: #b79634;\" href=\"https:\/\/lifracontract.com\/es\/\" target=\"_blank\" rel=\"noopener\"><span class=\"wnd-font-size-110\">LIFRA CONTRACT<\/span><\/a> <\/span><\/strong><\/span>Crta. de Roda, Pol. Ind. Malloles. <strong>Vic<\/strong>. Tel: 938 890 307.    <\/p>\n<p><strong><span style=\"color: #b79634;\"><a style=\"color: #b79634;\" href=\"https:\/\/tresorshome.com\/\" target=\"_blank\" rel=\"noopener\">TRESORS<\/a><\/span> <\/strong>C\/ Rambla de l'Hospital 3. <strong>Vic<\/strong>. Tel.: 931 403 457. <\/p>\n<p><strong><a href=\"https:\/\/www.zentrumbcn.com\/\" target=\"_blank\" rel=\"noopener\"><span style=\"color: #b79634;\">ZENTRUM<\/span><\/a> <\/strong>C\/ Crta. de Vic 92. <strong>La Garriga<\/strong>. Tel.: 933 211 299.  <\/p>\n<p><a href=\"https:\/\/deco-home.es\/\" target=\"_blank\" rel=\"noopener\"><strong><span style=\"color: #b79634;\">BE BASIC HOME<\/span><\/strong><\/a> C\/ Jaume I, 1 08240 <strong>Manresa . <\/strong>Tel.: 935 242 356.<\/p>\n\t\t\t\t\t<\/div>\n\t\t\t\t\t\t\t\t\t\n\t\t\t<\/div>\n\n\t\n\t\t\t\t\t\t<div class=\"e-hotspot elementor-repeater-item-375c561  e-hotspot--position-left e-hotspot--position-top   e-hotspot--circle\">\n\n\t\t\t\t\t\t\t\t<div class=\"e-hotspot__button e-hotspot--expand\">\n\t\t\t\t\t\t\t\t\t\t\t<div class=\"e-hotspot__outer-circle\"><\/div>\n\t\t\t\t\t\t<div class=\"e-hotspot__inner-circle\"><\/div>\n\t\t\t\t\t\t\t\t\t<\/div>\n\n\t\t\t\t\t\t\t\t\t\t\t\t\t\t\t\t\t\t<div class=\"e-hotspot__tooltip  e-hotspot--tooltip-position e-hotspot--fade-in-out \" >\n\t\t\t\t\t\t<p><span style=\"color: #b79634;\"><strong>LA CASONA<\/strong><\/span> C\/ de les Parellades 65. <strong>Sitges<\/strong>. Tel: 938 102 378.  <\/p>\n<p><span style=\"color: #b79634;\"><strong><a style=\"color: #b79634;\" href=\"https:\/\/moblesalmazan.com\/\" target=\"_blank\" rel=\"noopener\">MOBLES ALMAZAN<\/a><\/strong><\/span> Avinguda d'Eduard Toldr\u00e0, 40, 08800 <strong>Vilanova i la Geltr\u00fa<\/strong>, Barcelona . Tel.: 938 938 830<\/p>\n<p><strong><span style=\"color: #b79634;\"><a style=\"color: #b79634;\" href=\"https:\/\/www.moblesmorato.com\/ca\/\" target=\"_blank\" rel=\"noopener\">MOBLES MORAT\u00d3<\/a><\/span> <\/strong>Avinguda de Tarragona, 25. <strong>Vilafranca del Pened\u00e8s.<\/strong> Barcelona. <\/p>\n\t\t\t\t\t<\/div>\n\t\t\t\t\t\t\t\t\t\n\t\t\t<\/div>\n\n\t\n\t\t\t\t\t\t<div class=\"e-hotspot elementor-repeater-item-a6d703b  e-hotspot--position-left e-hotspot--position-top   e-hotspot--circle\">\n\n\t\t\t\t\t\t\t\t<div class=\"e-hotspot__button e-hotspot--expand\">\n\t\t\t\t\t\t\t\t\t\t\t<div class=\"e-hotspot__outer-circle\"><\/div>\n\t\t\t\t\t\t<div class=\"e-hotspot__inner-circle\"><\/div>\n\t\t\t\t\t\t\t\t\t<\/div>\n\n\t\t\t\t\t\t\t\t\t\t\t\t\t\t\t\t\t\t<div class=\"e-hotspot__tooltip  e-hotspot--tooltip-position e-hotspot--fade-in-out \" >\n\t\t\t\t\t\t<p><span style=\"color: #b79634;\"><b>QUATRE PUNTS ESTUDI <\/b><\/span>- <strong>C\/ <\/strong>de Sant Joaquim, 3, <strong>Reus. <\/strong>Tel.: 658 86 71 35.<\/p>\n\t\t\t\t\t<\/div>\n\t\t\t\t\t\t\t\t\t\n\t\t\t<\/div>\n\n\t\n\t\t\t\t\t\t<div class=\"e-hotspot elementor-repeater-item-527b733  e-hotspot--position-left e-hotspot--position-top   e-hotspot--circle\">\n\n\t\t\t\t\t\t\t\t<div class=\"e-hotspot__button e-hotspot--expand\">\n\t\t\t\t\t\t\t\t\t\t\t<div class=\"e-hotspot__outer-circle\"><\/div>\n\t\t\t\t\t\t<div class=\"e-hotspot__inner-circle\"><\/div>\n\t\t\t\t\t\t\t\t\t<\/div>\n\n\t\t\t\t\t\t\t\t\t\t\t\t\t\t\t\t\t\t<div class=\"e-hotspot__tooltip  e-hotspot--tooltip-position e-hotspot--fade-in-out \" >\n\t\t\t\t\t\t<p><span style=\"color: #b79634;\"><strong><a style=\"color: #b79634;\" href=\"https:\/\/moblesgifreu.com\/\" target=\"_blank\" rel=\"noopener\">MOBLES GIFREU<\/a> <\/strong><\/span>Carrer Sant Andreu, 26, 17834 <strong>Porqueres<\/strong>, <strong>Girona.<\/strong> Tel.: 972 571 327 Tel.: 658 882 100.  <\/p>\n\t\t\t\t\t<\/div>\n\t\t\t\t\t\t\t\t\t\n\t\t\t<\/div>\n\n\t\n\t\t\t\t\t\t<div class=\"e-hotspot elementor-repeater-item-07a87e2  e-hotspot--position-left e-hotspot--position-top   e-hotspot--circle\">\n\n\t\t\t\t\t\t\t\t<div class=\"e-hotspot__button e-hotspot--expand\">\n\t\t\t\t\t\t\t\t\t\t\t<div class=\"e-hotspot__outer-circle\"><\/div>\n\t\t\t\t\t\t<div class=\"e-hotspot__inner-circle\"><\/div>\n\t\t\t\t\t\t\t\t\t<\/div>\n\n\t\t\t\t\t\t\t\t\t\t\t\t\t\t\t\t\t\t<div class=\"e-hotspot__tooltip  e-hotspot--tooltip-position e-hotspot--fade-in-out \" >\n\t\t\t\t\t\t<p><strong><a href=\"https:\/\/masdec.com\/\" target=\"_blank\" rel=\"noopener\"><span style=\"color: #b79634;\">+DEC<\/span> <\/a> <\/strong>C\/ Castillo de Maya 28<strong>. <\/strong><strong>Pamplona<\/strong>.<strong> <\/strong>Tel.: 948 292 670. <\/p>\n\t\t\t\t\t<\/div>\n\t\t\t\t\t\t\t\t\t\n\t\t\t<\/div>\n\n\t\n\t\t\t\t\t\t<div class=\"e-hotspot elementor-repeater-item-e63bc10  e-hotspot--position-left e-hotspot--position-top   e-hotspot--circle\">\n\n\t\t\t\t\t\t\t\t<div class=\"e-hotspot__button e-hotspot--expand\">\n\t\t\t\t\t\t\t\t\t\t\t<div class=\"e-hotspot__outer-circle\"><\/div>\n\t\t\t\t\t\t<div class=\"e-hotspot__inner-circle\"><\/div>\n\t\t\t\t\t\t\t\t\t<\/div>\n\n\t\t\t\t\t\t\t\t\t\t\t\t\t\t\t\t\t\t<div class=\"e-hotspot__tooltip  e-hotspot--tooltip-position e-hotspot--fade-in-out \" >\n\t\t\t\t\t\t<p><strong><span style=\"color: #b79634;\"><a style=\"color: #b79634;\" href=\"https:\/\/rosagarcia.com\/\">ROSA GARCIA<\/a> <\/span> <\/strong>C\/ Juan Antonio Fern\u00e1ndez 7<strong>. <\/strong><strong>Tudela<\/strong>. Tel.: 948 822 790. <\/p>\n<p><strong><span style=\"color: #b79634;\"><a style=\"color: #b79634;\" href=\"https:\/\/rosagarcia.com\/\">ROSA GARCIA<\/a><\/span> <\/strong>C\/ Avenida Santa Ana 6-8<strong>. <\/strong><strong>Tudela<\/strong>. Tel.: 948 412 459. <\/p>\n\t\t\t\t\t<\/div>\n\t\t\t\t\t\t\t\t\t\n\t\t\t<\/div>\n\n\t\n\t\t\t\t\t\t<div class=\"e-hotspot elementor-repeater-item-2ece9fe  e-hotspot--position-left e-hotspot--position-top   e-hotspot--circle\">\n\n\t\t\t\t\t\t\t\t<div class=\"e-hotspot__button e-hotspot--expand\">\n\t\t\t\t\t\t\t\t\t\t\t<div class=\"e-hotspot__outer-circle\"><\/div>\n\t\t\t\t\t\t<div class=\"e-hotspot__inner-circle\"><\/div>\n\t\t\t\t\t\t\t\t\t<\/div>\n\n\t\t\t\t\t\t\t\t\t\t\t\t\t\t\t\t\t\t<div class=\"e-hotspot__tooltip  e-hotspot--tooltip-position e-hotspot--fade-in-out \" >\n\t\t\t\t\t\t<p><span style=\"color: #b79634;\"><strong><a style=\"color: #b79634;\" href=\"https:\/\/burana.es\/\" target=\"_blank\" rel=\"noopener\">BURANA<\/a><\/strong><\/span> C\/ Oxford 4 <b>Las Rozas. Madrid <\/b>.<strong> <\/strong>Tel.: 917 103 771.<\/p>\n<p><span style=\"color: #b79634;\"><strong><a style=\"color: #b79634;\" href=\"https:\/\/www.deslan.com\/\">DESLAN<\/a><\/strong><\/span> C\/ Padilla 30. <strong>Madrid<\/strong>. Tel.: 915 714 339.<\/p>\n<p><strong><a href=\"https:\/\/www.deslan.com\/\"><span style=\"color: #b79634;\">DESLAN<\/span><\/a><\/strong> C\/ Vel\u00e1zquez 86 C. <strong>Madrid<\/strong>. Tel.: 915 762 077.<\/p>\n<p><strong><span style=\"color: #b79634;\"><a style=\"color: #b79634;\" href=\"https:\/\/digarkiona.com\/\" target=\"_blank\" rel=\"noopener\">DIGAR KIONA<\/a> <\/span> <\/strong>C\/ Cantabria 11<strong>. <\/strong><strong>San Sebastian de los Reyes<\/strong>.<strong> <\/strong>Tel.: 916 513 101.<\/p>\n<p><span style=\"color: #b79634;\"><strong><a style=\"color: #b79634;\" href=\"https:\/\/plazarq.com\/\" target=\"_blank\" rel=\"noopener\">PLAZARQ<\/a><\/strong><\/span> C\/ de Hermosilla, 43, Salamanca, 28001 <strong>Madrid . <\/strong>Tel.: Tel.: 620 361 115<\/p>\n<p><strong><span style=\"color: #b79634;\"><a style=\"color: #b79634;\" href=\"https:\/\/www.queproyectos.es\/\" target=\"_blank\" rel=\"noopener\">QUE PROYECTOS<\/a><\/span> <\/strong> Avda. Monasterio de Silos 14. <strong>Madrid<\/strong>. <strong> <\/strong>Tel.: 917 305 159.<\/p>\n\t\t\t\t\t<\/div>\n\t\t\t\t\t\t\t\t\t\n\t\t\t<\/div>\n\n\t\n\t\t\t\t\t\t<div class=\"e-hotspot elementor-repeater-item-75a8f49  e-hotspot--position-left e-hotspot--position-top   e-hotspot--circle\">\n\n\t\t\t\t\t\t\t\t<div class=\"e-hotspot__button e-hotspot--expand\">\n\t\t\t\t\t\t\t\t\t\t\t<div class=\"e-hotspot__outer-circle\"><\/div>\n\t\t\t\t\t\t<div class=\"e-hotspot__inner-circle\"><\/div>\n\t\t\t\t\t\t\t\t\t<\/div>\n\n\t\t\t\t\t\t\t\t\t\t\t\t\t\t\t\t\t\t<div class=\"e-hotspot__tooltip  e-hotspot--tooltip-position e-hotspot--fade-in-out \" >\n\t\t\t\t\t\t<p><strong><span style=\"color: #b79634;\"><a style=\"color: #b79634;\" href=\"https:\/\/albani.es\/es\" target=\"_blank\" rel=\"noopener\">ALBANI<\/a> <\/span> <\/strong>Crta. N340a km 969,5. <b>Vila-real, Castell\u00f3n<\/b>. Tel.: 964 538 138. <\/p>\n<p><strong><span style=\"color: #b79634;\"><a style=\"color: #b79634;\" href=\"https:\/\/www.muebleslafabrica.com\/tienda-muebles-castellon\" target=\"_blank\" rel=\"noopener\">MUEBLES LA FABRICA<\/a><\/span> <\/strong>C\/ Enmedio, 91. <b>Castell\u00f3n de la Plana, Castell\u00f3n<\/b>. Tel.: 964 216 395.<\/p>\n\t\t\t\t\t<\/div>\n\t\t\t\t\t\t\t\t\t\n\t\t\t<\/div>\n\n\t\n\t\t\t\t\t\t<div class=\"e-hotspot elementor-repeater-item-b47f441  e-hotspot--position-left e-hotspot--position-top   e-hotspot--circle\">\n\n\t\t\t\t\t\t\t\t<div class=\"e-hotspot__button e-hotspot--expand\">\n\t\t\t\t\t\t\t\t\t\t\t<div class=\"e-hotspot__outer-circle\"><\/div>\n\t\t\t\t\t\t<div class=\"e-hotspot__inner-circle\"><\/div>\n\t\t\t\t\t\t\t\t\t<\/div>\n\n\t\t\t\t\t\t\t\t\t\t\t\t\t\t\t\t\t\t<div class=\"e-hotspot__tooltip  e-hotspot--tooltip-position e-hotspot--fade-in-out \" >\n\t\t\t\t\t\t<p><span style=\"color: #b79634;\"><strong><a style=\"color: #b79634;\" href=\"https:\/\/azultierra.es\/contacto\/\" target=\"_blank\" rel=\"noopener\">AZUL TIERRA<\/a> <\/strong><\/span>\u00c1ngel Lozano, 2, <strong>Alicante. <\/strong>03001 T. 96 514 02 30<\/p>\n<p><span style=\"color: #b79634;\"><strong>BOLMEN<\/strong><\/span><strong> <\/strong>Avda. d'Europa, 146. <strong>l'Alf\u00e0s del Pi, Alicante. <\/strong>Tel.: 966 866 289. <\/p>\n<p><span style=\"color: #b79634;\"><strong><a style=\"color: #b79634;\" href=\"https:\/\/mediterraneannomad.com\/\">NOMAD MEDITERRANEAN<\/a> <\/strong><\/span>Calle Niza 1, Local 2B. <strong>J\u00e1vea, Alicante<\/strong>. Tel.: 633 282 006. Tel.: 965 426 246.<\/p>\n<p><span style=\"color: #b79634;\"><strong><a style=\"color: #b79634;\" href=\"https:\/\/renovhouse.es\/\" target=\"_blank\" rel=\"noopener\">RENOVHOUSE <\/a><\/strong><\/span>Av de los Ej\u00e9rcitos Espa\u00f1oles, 10, Edificio Apolo VII, Local. <strong>Calp, Alicante <\/strong>Tel.: 627 203 040.<\/p>\n<p><strong><span style=\"color: #b79634;\"><a style=\"color: #b79634;\" href=\"https:\/\/valentinsanchez.com\/\" target=\"_blank\" rel=\"noopener\">VALENTIN SANCHEZ<\/a> <\/span> <\/strong>General O\u00b4Donell 13.<strong> <\/strong><strong>Alicante<\/strong>. Tel.: 965 126 717. <\/p>\n\t\t\t\t\t<\/div>\n\t\t\t\t\t\t\t\t\t\n\t\t\t<\/div>\n\n\t\n\t\t\t\t\t\t<div class=\"e-hotspot elementor-repeater-item-0aab33a  e-hotspot--position-left e-hotspot--position-top   e-hotspot--circle\">\n\n\t\t\t\t\t\t\t\t<div class=\"e-hotspot__button e-hotspot--expand\">\n\t\t\t\t\t\t\t\t\t\t\t<div class=\"e-hotspot__outer-circle\"><\/div>\n\t\t\t\t\t\t<div class=\"e-hotspot__inner-circle\"><\/div>\n\t\t\t\t\t\t\t\t\t<\/div>\n\n\t\t\t\t\t\t\t\t\t\t\t\t\t\t\t\t\t\t<div class=\"e-hotspot__tooltip  e-hotspot--tooltip-position e-hotspot--fade-in-out \" >\n\t\t\t\t\t\t<p><strong><span style=\"color: #b79634;\"><a style=\"color: #b79634;\" href=\"https:\/\/www.bocetointeriorismo.com\/\">BOCETO INTERIORISMO<\/a><\/span> <\/strong>Avda. Doctor Tomas Sala 37. <strong>Valencia<\/strong>. Tel.: 963 170 401.  <\/p>\n<p><span style=\"color: #b79634;\"><strong><a style=\"color: #b79634;\" href=\"https:\/\/estudiopas.com\/\" target=\"_blank\" rel=\"noopener\">ESTUDIO PAS<\/a><\/strong> <\/span>Carrer de l'Almirall Cadarso, 7. <strong>Val\u00e8ncia<\/strong><strong>. <\/strong>Tel.: 963 330 426. <\/p>\n\t\t\t\t\t<\/div>\n\t\t\t\t\t\t\t\t\t\n\t\t\t<\/div>\n\n\t\n\t\t\t\t\t\t<div class=\"e-hotspot elementor-repeater-item-7b7d162  e-hotspot--position-left e-hotspot--position-top   e-hotspot--circle\">\n\n\t\t\t\t\t\t\t\t<div class=\"e-hotspot__button e-hotspot--expand\">\n\t\t\t\t\t\t\t\t\t\t\t<div class=\"e-hotspot__outer-circle\"><\/div>\n\t\t\t\t\t\t<div class=\"e-hotspot__inner-circle\"><\/div>\n\t\t\t\t\t\t\t\t\t<\/div>\n\n\t\t\t\t\t\t\t\t\t\t\t\t\t\t\t\t\t\t<div class=\"e-hotspot__tooltip  e-hotspot--tooltip-position e-hotspot--fade-in-out \" >\n\t\t\t\t\t\t<p><span style=\"color: #b79634;\"><b><a style=\"color: #b79634;\" href=\"https:\/\/valentinsanchez.com\/\" target=\"_blank\" rel=\"noopener\">VALENTIN SANCHEZ<\/a><\/b> <\/span> Avda. Alicante 136. <b>Elche<\/b>. Tel.: 965 426 246. <\/p>\n\t\t\t\t\t<\/div>\n\t\t\t\t\t\t\t\t\t\n\t\t\t<\/div>\n\n\t\n\t\t\t\t\t\t<div class=\"e-hotspot elementor-repeater-item-6ff907f  e-hotspot--position-left e-hotspot--position-top   e-hotspot--circle\">\n\n\t\t\t\t\t\t\t\t<div class=\"e-hotspot__button e-hotspot--expand\">\n\t\t\t\t\t\t\t\t\t\t\t<div class=\"e-hotspot__outer-circle\"><\/div>\n\t\t\t\t\t\t<div class=\"e-hotspot__inner-circle\"><\/div>\n\t\t\t\t\t\t\t\t\t<\/div>\n\n\t\t\t\t\t\t\t\t\t\t\t\t\t\t\t\t\t\t<div class=\"e-hotspot__tooltip  e-hotspot--tooltip-position e-hotspot--fade-in-out \" >\n\t\t\t\t\t\t<p><strong><span style=\"color: #b79634;\"><a style=\"color: #b79634;\" href=\"https:\/\/www.mueblesedra.com\/\" target=\"_blank\" rel=\"noopener\">EDRA<\/a> <\/span> <\/strong>Avenida de Gran Via 112.<strong> <\/strong><strong>Vigo<\/strong>.<strong> <\/strong>Tel.: 986 473 395. <\/p>\n\t\t\t\t\t<\/div>\n\t\t\t\t\t\t\t\t\t\n\t\t\t<\/div>\n\n\t\n\t\t\t\t\t\t<div class=\"e-hotspot elementor-repeater-item-8f3aa8b  e-hotspot--position-left e-hotspot--position-top   e-hotspot--circle\">\n\n\t\t\t\t\t\t\t\t<div class=\"e-hotspot__button e-hotspot--expand\">\n\t\t\t\t\t\t\t\t\t\t\t<div class=\"e-hotspot__outer-circle\"><\/div>\n\t\t\t\t\t\t<div class=\"e-hotspot__inner-circle\"><\/div>\n\t\t\t\t\t\t\t\t\t<\/div>\n\n\t\t\t\t\t\t\t\t\t\t\t\t\t\t\t\t\t\t<div class=\"e-hotspot__tooltip  e-hotspot--tooltip-position e-hotspot--fade-in-out \" >\n\t\t\t\t\t\t<p><strong><span style=\"color: #b79634;\"><a style=\"color: #b79634;\" href=\"https:\/\/www.enriquez1951.es\/\" target=\"_blank\" rel=\"noopener\">ENRIQUEZ<\/a> <\/span> <\/strong>R\u00faa Ram\u00f3n Puga, 7 - 32005 <strong>Ourense<\/strong>. Tel.: 988 245 941. <\/p>\n\t\t\t\t\t<\/div>\n\t\t\t\t\t\t\t\t\t\n\t\t\t<\/div>\n\n\t\n\t\t\t\t\t\t<div class=\"e-hotspot elementor-repeater-item-c1da2f8  e-hotspot--position-left e-hotspot--position-top   e-hotspot--circle\">\n\n\t\t\t\t\t\t\t\t<div class=\"e-hotspot__button e-hotspot--expand\">\n\t\t\t\t\t\t\t\t\t\t\t<div class=\"e-hotspot__outer-circle\"><\/div>\n\t\t\t\t\t\t<div class=\"e-hotspot__inner-circle\"><\/div>\n\t\t\t\t\t\t\t\t\t<\/div>\n\n\t\t\t\t\t\t\t\t\t\t\t\t\t\t\t\t\t\t<div class=\"e-hotspot__tooltip  e-hotspot--tooltip-position e-hotspot--fade-in-out \" >\n\t\t\t\t\t\t<p><span style=\"color: #b79634;\"><strong><a style=\"color: #b79634;\" href=\"https:\/\/loftconfort.com\/\" target=\"_blank\" rel=\"noopener\">LOFT CONFORT<\/a> <\/strong><\/span>Calle Joaqu\u00edn Costa 69 <strong>Pontevedra<\/strong>. Tel.: 986 852 948. <\/p>\n\t\t\t\t\t<\/div>\n\t\t\t\t\t\t\t\t\t\n\t\t\t<\/div>\n\n\t\n\t\t\t\t\t\t<div class=\"e-hotspot elementor-repeater-item-3173a87  e-hotspot--position-left e-hotspot--position-top   e-hotspot--circle\">\n\n\t\t\t\t\t\t\t\t<div class=\"e-hotspot__button e-hotspot--expand\">\n\t\t\t\t\t\t\t\t\t\t\t<div class=\"e-hotspot__outer-circle\"><\/div>\n\t\t\t\t\t\t<div class=\"e-hotspot__inner-circle\"><\/div>\n\t\t\t\t\t\t\t\t\t<\/div>\n\n\t\t\t\t\t\t\t\t\t\t\t\t\t\t\t\t\t\t<div class=\"e-hotspot__tooltip  e-hotspot--tooltip-position e-hotspot--fade-in-out \" >\n\t\t\t\t\t\t<p><span style=\"color: #b79634;\"><a style=\"color: #b79634;\" href=\"https:\/\/www.mykadeco.com\/\" target=\"_blank\" rel=\"noopener\"><strong>MYKA DECORACION<\/strong><\/a><\/span> R\u00faa das Ameas, 6, 15706 <strong>S<\/strong><strong>antiago de Compostela<\/strong>. <strong>A Coru\u00f1a<\/strong>. Tel.: 881 121 208. <\/p>\n\t\t\t\t\t<\/div>\n\t\t\t\t\t\t\t\t\t\n\t\t\t<\/div>\n\n\t\n\t\t\t\t\t\t<div class=\"e-hotspot elementor-repeater-item-8904572  e-hotspot--position-left e-hotspot--position-top   e-hotspot--circle\">\n\n\t\t\t\t\t\t\t\t<div class=\"e-hotspot__button e-hotspot--expand\">\n\t\t\t\t\t\t\t\t\t\t\t<div class=\"e-hotspot__outer-circle\"><\/div>\n\t\t\t\t\t\t<div class=\"e-hotspot__inner-circle\"><\/div>\n\t\t\t\t\t\t\t\t\t<\/div>\n\n\t\t\t\t\t\t\t\t\t\t\t\t\t\t\t\t\t\t<div class=\"e-hotspot__tooltip  e-hotspot--tooltip-position e-hotspot--fade-in-out \" >\n\t\t\t\t\t\t<p><strong><span style=\"color: #b79634;\"><a style=\"color: #b79634;\" href=\"https:\/\/pombo.es\/\" target=\"_blank\" rel=\"noopener\">POMBO<\/a><\/span> <\/strong>R\u00faa Vi\u00f1as da Babilonia 17. <strong>Olerios<\/strong>. <strong>A Coru\u00f1a. <\/strong>Tel.: 981 627 114. <\/p>\n\t\t\t\t\t<\/div>\n\t\t\t\t\t\t\t\t\t\n\t\t\t<\/div>\n\n\t\n\t\t\t\t\t\t<div class=\"e-hotspot elementor-repeater-item-4414433  e-hotspot--position-left e-hotspot--position-top   e-hotspot--circle\">\n\n\t\t\t\t\t\t\t\t<div class=\"e-hotspot__button e-hotspot--expand\">\n\t\t\t\t\t\t\t\t\t\t\t<div class=\"e-hotspot__outer-circle\"><\/div>\n\t\t\t\t\t\t<div class=\"e-hotspot__inner-circle\"><\/div>\n\t\t\t\t\t\t\t\t\t<\/div>\n\n\t\t\t\t\t\t\t\t\t\t\t\t\t\t\t\t\t\t<div class=\"e-hotspot__tooltip  e-hotspot--tooltip-position e-hotspot--fade-in-out \" >\n\t\t\t\t\t\t<p><strong><span style=\"color: #b79634;\"><a style=\"color: #b79634;\" href=\"https:\/\/www.aquitania.net\/\" target=\"_blank\" rel=\"noopener\">AQUITANIA MENORCA<\/a> <\/span> <\/strong>Av. des Cap de Cavalleria, 7, 07714 <strong>Ma\u00f3 <\/strong>. Tel.: 971 35 63 53.<\/p>\n\t\t\t\t\t<\/div>\n\t\t\t\t\t\t\t\t\t\n\t\t\t<\/div>\n\n\t\n\t\t\t\t\t\t<div class=\"e-hotspot elementor-repeater-item-7119cf5  e-hotspot--position-left e-hotspot--position-top   e-hotspot--circle\">\n\n\t\t\t\t\t\t\t\t<div class=\"e-hotspot__button e-hotspot--expand\">\n\t\t\t\t\t\t\t\t\t\t\t<div class=\"e-hotspot__outer-circle\"><\/div>\n\t\t\t\t\t\t<div class=\"e-hotspot__inner-circle\"><\/div>\n\t\t\t\t\t\t\t\t\t<\/div>\n\n\t\t\t\t\t\t\t\t\t\t\t\t\t\t\t\t\t\t<div class=\"e-hotspot__tooltip  e-hotspot--tooltip-position e-hotspot--fade-in-out \" >\n\t\t\t\t\t\t<p><strong><span style=\"color: #b79634;\"><a style=\"color: #b79634;\" href=\"https:\/\/www.aquitania.net\/\" target=\"_blank\" rel=\"noopener\">AQUITANIA IBIZA<\/a><\/span> <\/strong>Ctra. Ibiza-Santa Eulalia, km 7,8 <strong>Ibiza<\/strong> <strong> <\/strong>. Tel.: 971 93 02 80.<\/p>\n<p><strong><span style=\"color: #b79634;\"><a style=\"color: #b79634;\" href=\"https:\/\/www.vivendapitiusa.es\/\" target=\"_blank\" rel=\"noopener\">VIVENDA PITIUSA<\/a><\/span> <\/strong>Av. Spain 26. <strong>Ibiza<\/strong>. Tel.: 971 311 172.   <\/p>\n\t\t\t\t\t<\/div>\n\t\t\t\t\t\t\t\t\t\n\t\t\t<\/div>\n\n\t\n\t\t\t\t\t\t<div class=\"e-hotspot elementor-repeater-item-9b62fb5  e-hotspot--position-left e-hotspot--position-top   e-hotspot--circle\">\n\n\t\t\t\t\t\t\t\t<div class=\"e-hotspot__button e-hotspot--expand\">\n\t\t\t\t\t\t\t\t\t\t\t<div class=\"e-hotspot__outer-circle\"><\/div>\n\t\t\t\t\t\t<div class=\"e-hotspot__inner-circle\"><\/div>\n\t\t\t\t\t\t\t\t\t<\/div>\n\n\t\t\t\t\t\t\t\t\t\t\t\t\t\t\t\t\t\t<div class=\"e-hotspot__tooltip  e-hotspot--tooltip-position e-hotspot--fade-in-out \" >\n\t\t\t\t\t\t<p><span style=\"color: #b79634;\"><strong><a style=\"color: #b79634;\" href=\"http:\/\/www.juncosa.com\/index.php\" target=\"_blank\" rel=\"noopener\">EDA JUNCOSA<\/a> <\/strong><\/span>C\/ Quatre de Novembre, 17 Pol\u00edgono Can Valero <strong>Palma de Mallorca <\/strong>Tel.: 971 290 750.<\/p>\n<p><a href=\"https:\/\/www.espaciohdg.com\/\" target=\"_blank\" rel=\"noopener\"><span style=\"color: #b79634;\"><strong>ESPACIO HOME DESIGN<\/strong><\/span> <\/a>C\/ de les Illes Balears 6 . Pol. Son Bugadellas.Calvia . <strong>Palma de Mallorca<\/strong>. Tel.: 871 005 166.  <\/p>\n<p><a href=\"https:\/\/www.espaciohdg.com\/\" target=\"_blank\" rel=\"noopener\"><span style=\"color: #b79634;\"><strong>HOME DESIGN SPACE<\/strong><\/span> <\/a> C\/Eusebi Estada, 11B . 07004 Palma. <strong>Palma de Mallorca<\/strong>. Tel.: 971 759 700.  <\/p>\n<p><span style=\"color: #b79634;\"><a style=\"color: #b79634;\" href=\"https:\/\/koyo-interior.com\/es\/\" target=\"_blank\" rel=\"noopener\"><strong>KOYO INTERIOR<\/strong><\/a><\/span> Ronda de l\u00b4Estacio 12 <strong>Fields . Mallorca .  <\/strong>Tel.: 971 543 266. <\/p>\n<p><span style=\"color: #b79634;\"><strong><a style=\"color: #b79634;\" href=\"https:\/\/www.moblesriera.com\/\" target=\"_blank\" rel=\"noopener\">MOBLES RIERA<\/a> <\/strong><\/span>Pla\u00e7a Antoni Mus 2. <strong>Manacor<\/strong>. Tel.: 971 551 695. <\/p>\n<p><span style=\"color: #b79634;\"><strong><a style=\"color: #b79634;\" href=\"https:\/\/www.noi2interiorismo.com\/\" target=\"_blank\" rel=\"noopener\">NOI2<\/a> <\/strong><\/span>Carrer de Bonaire 7. <strong>Palma de Mallorca<\/strong>. Tel.: 971 057 136. <\/p>\n<p><span style=\"color: #b79634;\"><strong><a style=\"color: #b79634;\" href=\"https:\/\/www.perellomobles.com\/index.php\/es\/\" target=\"_blank\" rel=\"noopener\">PERELL\u00d3 MOBLES<\/a> <\/strong><\/span>C\/ de Cecili Metel 25. <strong>Pollen\u00e7a<\/strong>.<strong> <\/strong>Tel.: 971 533 735.<\/p>\n<p><strong><span style=\"color: #b79634;\"><a style=\"color: #b79634;\" href=\"https:\/\/quesada.aquitania.net\/es\/botiga\/\" target=\"_blank\" rel=\"noopener\">QUESADA DECORACI\u00d3N <\/a><\/span> <\/strong>C\/ dels Montcades, 2, Distrito Centro, 07012. <strong>Pollen\u00e7a<\/strong>. Tel.: 971 715 111.<\/p>\n<p><strong><span style=\"color: #b79634;\"><a style=\"color: #b79634;\" href=\"https:\/\/worldlight.es\/\" target=\"_blank\" rel=\"noopener\">WORLD LIGTH<\/a> <\/span> <\/strong>Calle Gremi Fusters, 30, <strong>Palma de Mallorca <\/strong> (Polig. Son Castell\u00f3) . Tel.: 971 718 304. <\/p>\n\t\t\t\t\t<\/div>\n\t\t\t\t\t\t\t\t\t\n\t\t\t<\/div>\n\n\t\n\t\t\t\t\t\t<div class=\"e-hotspot elementor-repeater-item-460dbce  e-hotspot--position-left e-hotspot--position-top   e-hotspot--circle\">\n\n\t\t\t\t\t\t\t\t<div class=\"e-hotspot__button e-hotspot--expand\">\n\t\t\t\t\t\t\t\t\t\t\t<div class=\"e-hotspot__outer-circle\"><\/div>\n\t\t\t\t\t\t<div class=\"e-hotspot__inner-circle\"><\/div>\n\t\t\t\t\t\t\t\t\t<\/div>\n\n\t\t\t\t\t\t\t\t\t\t\t\t\t\t\t\t\t\t<div class=\"e-hotspot__tooltip  e-hotspot--tooltip-position e-hotspot--fade-in-out \" >\n\t\t\t\t\t\t<p><span class=\"wsw-02\"><strong><span style=\"color: #b79634;\"><a style=\"color: #b79634;\" href=\"https:\/\/cocinamos.es\/\" target=\"_blank\" rel=\"noopener\"><span class=\"wsw-04\">ESTUDIO ESTEFANIA Y MARZO<\/span><\/a><\/span> <\/strong><span class=\"wsw-05\">Avda. Solaridad 28 - 26003 <strong>Logro\u00f1o<\/strong>.  <\/span><\/span>Tel.: 941 259 014. <\/p>\n<p><span style=\"color: #b79634;\"><strong><a style=\"color: #b79634;\" href=\"https:\/\/rosagarcia.com\/\" target=\"_blank\" rel=\"noopener\">ROSA GARCIA<\/a> <\/strong><\/span>Plaza Maestro \u00c1ngel Arroyo 4<strong>. <\/strong><strong>Calahorra<\/strong>. Tel.: 941 130 059.<\/p>\n\t\t\t\t\t<\/div>\n\t\t\t\t\t\t\t\t\t\n\t\t\t<\/div>\n\n\t\n\t\t\t\t\t\t<div class=\"e-hotspot elementor-repeater-item-7bc2994  e-hotspot--position-left e-hotspot--position-top   e-hotspot--circle\">\n\n\t\t\t\t\t\t\t\t<div class=\"e-hotspot__button e-hotspot--expand\">\n\t\t\t\t\t\t\t\t\t\t\t<div class=\"e-hotspot__outer-circle\"><\/div>\n\t\t\t\t\t\t<div class=\"e-hotspot__inner-circle\"><\/div>\n\t\t\t\t\t\t\t\t\t<\/div>\n\n\t\t\t\t\t\t\t\t\t\t\t\t\t\t\t\t\t\t<div class=\"e-hotspot__tooltip  e-hotspot--tooltip-position e-hotspot--fade-in-out \" >\n\t\t\t\t\t\t<p> <strong> <span style=\"color: #b79634;\"><a style=\"color: #b79634;\" href=\"https:\/\/www.lonjahome.com\" target=\"_blank\" rel=\"noopener\">LONJA HOME &amp; KITCHEN<\/a><\/span>\u00b7 <\/strong>Pl. del Trabajo, 4, 30800, <strong>Lorca<\/strong>, <strong>Murcia<\/strong>. Tel.: <a href=\"tel:34968443322\">+34 968 44 33 22<\/a> <\/p>\n<p><strong><span style=\"color: #b79634;\"><a style=\"color: #b79634;\" href=\"https:\/\/muekles.com\/\" target=\"_blank\" rel=\"noopener\">MUEKLES<\/a><\/span>  <\/strong>Pol. Ind. el Pino, C. Dubl\u00edn, 1, 30730 <strong>San Javier, Murcia<\/strong> Tel.: 968 334 028.  <\/p>\n\t\t\t\t\t<\/div>\n\t\t\t\t\t\t\t\t\t\n\t\t\t<\/div>\n\n\t\n\t\t\t\t\t\t<div class=\"e-hotspot elementor-repeater-item-48adc59  e-hotspot--position-left e-hotspot--position-top   e-hotspot--circle\">\n\n\t\t\t\t\t\t\t\t<div class=\"e-hotspot__button e-hotspot--expand\">\n\t\t\t\t\t\t\t\t\t\t\t<div class=\"e-hotspot__outer-circle\"><\/div>\n\t\t\t\t\t\t<div class=\"e-hotspot__inner-circle\"><\/div>\n\t\t\t\t\t\t\t\t\t<\/div>\n\n\t\t\t\t\t\t\t\t\t\t\t\t\t\t\t\t\t\t<div class=\"e-hotspot__tooltip  e-hotspot--tooltip-position e-hotspot--fade-in-out \" >\n\t\t\t\t\t\t<p><span style=\"color: #b79634;\"><strong><a style=\"color: #b79634;\" href=\"https:\/\/www.komodadecoracion.com\/\" target=\"_blank\" rel=\"noopener\">KOMODA DECORACION<\/a> <\/strong><\/span>Juan Bautista Uriarte Kalea, 61. Galdakao. <strong>Bizkaia<\/strong>. Tel.: 946 008 545.  <\/p>\n\t\t\t\t\t<\/div>\n\t\t\t\t\t\t\t\t\t\n\t\t\t<\/div>\n\n\t\n\t\t\t\t\t\t<div class=\"e-hotspot elementor-repeater-item-cf24f8d  e-hotspot--position-left e-hotspot--position-top   e-hotspot--circle\">\n\n\t\t\t\t\t\t\t\t<div class=\"e-hotspot__button e-hotspot--expand\">\n\t\t\t\t\t\t\t\t\t\t\t<div class=\"e-hotspot__outer-circle\"><\/div>\n\t\t\t\t\t\t<div class=\"e-hotspot__inner-circle\"><\/div>\n\t\t\t\t\t\t\t\t\t<\/div>\n\n\t\t\t\t\t\t\t\t\t\t\t\t\t\t\t\t\t\t<div class=\"e-hotspot__tooltip  e-hotspot--tooltip-position e-hotspot--fade-in-out \" >\n\t\t\t\t\t\t<p><b><span style=\"color: #b79634;\"><a style=\"color: #b79634;\" href=\"https:\/\/verybilbao.com\/comercios\/maticas-decoracion\/\" target=\"_blank\" rel=\"noopener\">MATICAS <\/a><\/span> <\/b>Avda. de las Universidades 3. <b>Bilbao<\/b> . Tel.: 944 458 844.<\/p>\n\t\t\t\t\t<\/div>\n\t\t\t\t\t\t\t\t\t\n\t\t\t<\/div>\n\n\t\n\t\t\t\t\t\t<div class=\"e-hotspot elementor-repeater-item-61ae1df  e-hotspot--position-left e-hotspot--position-top   e-hotspot--circle\">\n\n\t\t\t\t\t\t\t\t<div class=\"e-hotspot__button e-hotspot--expand\">\n\t\t\t\t\t\t\t\t\t\t\t<div class=\"e-hotspot__outer-circle\"><\/div>\n\t\t\t\t\t\t<div class=\"e-hotspot__inner-circle\"><\/div>\n\t\t\t\t\t\t\t\t\t<\/div>\n\n\t\t\t\t\t\t\t\t\t\t\t\t\t\t\t\t\t\t<div class=\"e-hotspot__tooltip  e-hotspot--tooltip-position e-hotspot--fade-in-out \" >\n\t\t\t\t\t\t<p><strong><span style=\"color: #b79634;\"><a style=\"color: #b79634;\" href=\"https:\/\/mujikadec.net\/\" target=\"_blank\" rel=\"noopener\">MUJIKA<\/a><\/span> <\/strong> Senpere Kalea, 7. Beasain. <strong>Guipuzkoa<\/strong>. Tel.: 943 160 054.  <\/p>\n<p><span style=\"color: #b79634;\"><strong><a style=\"color: #b79634;\" href=\"https:\/\/mueblesolabarri.com\/\" target=\"_blank\" rel=\"noopener\">OLABARRI<\/a><\/strong> <\/span>Avda. de Guipuzkoa , 16 bajo. Irun. <strong>Guipuzkoa<\/strong>. Tel.: 943 615 447. <\/p>\n\t\t\t\t\t<\/div>\n\t\t\t\t\t\t\t\t\t\n\t\t\t<\/div>\n\n\t\n\t\t\t\t\t\t<div class=\"e-hotspot elementor-repeater-item-870f1de  e-hotspot--position-left e-hotspot--position-top   e-hotspot--circle\">\n\n\t\t\t\t\t\t\t\t<div class=\"e-hotspot__button e-hotspot--expand\">\n\t\t\t\t\t\t\t\t\t\t\t<div class=\"e-hotspot__outer-circle\"><\/div>\n\t\t\t\t\t\t<div class=\"e-hotspot__inner-circle\"><\/div>\n\t\t\t\t\t\t\t\t\t<\/div>\n\n\t\t\t\t\t\t\t\t\t\t\t\t\t\t\t\t\t\t<div class=\"e-hotspot__tooltip  e-hotspot--tooltip-position e-hotspot--fade-in-out \" >\n\t\t\t\t\t\t<p><span style=\"color: #b79634;\"><b><a style=\"color: #b79634;\" href=\"https:\/\/www.sohointeriores.com\/\" target=\"_blank\" rel=\"noopener\">SOHO INTERIORES<\/a> <\/b><\/span> C\/ Fueros, 24. <b>Vitoria-Gasteeiz<\/b>. Tel.: 945 142 847. <\/p>\n\t\t\t\t\t<\/div>\n\t\t\t\t\t\t\t\t\t\n\t\t\t<\/div>\n\n\t\n\t\t\t\t\t\t<div class=\"e-hotspot elementor-repeater-item-97a1c21  e-hotspot--position-left e-hotspot--position-top   e-hotspot--circle\">\n\n\t\t\t\t\t\t\t\t<div class=\"e-hotspot__button e-hotspot--expand\">\n\t\t\t\t\t\t\t\t\t\t\t<div class=\"e-hotspot__outer-circle\"><\/div>\n\t\t\t\t\t\t<div class=\"e-hotspot__inner-circle\"><\/div>\n\t\t\t\t\t\t\t\t\t<\/div>\n\n\t\t\t\t\t\t\t\t\t\t\t\t\t\t\t\t\t\t<div class=\"e-hotspot__tooltip  e-hotspot--tooltip-position e-hotspot--fade-in-out \" >\n\t\t\t\t\t\t<p><span style=\"color: #b79634;\"><b><a style=\"color: #b79634;\" href=\"https:\/\/www.showroomlisboa.com\/\" rel=\"noopener\">ATEMPORAL Showroom<\/a> <\/b><\/span> Rua Castilho 213 B. <b>Lisboa<\/b>. Phone: (+351) 968 235 268<\/p>\n<p><span style=\"color: #b79634;\"><b><a style=\"color: #b79634;\" href=\"https:\/\/www.ritaroquette.com\/\" rel=\"noopener\">RITA ROQUETTE<\/a> <\/b><\/span> Rua Artilharia, 1 \u2013 69 C 1250-038 <b>Lisboa<\/b>. Phone: +(351) 219 233 738<\/p>\n\t\t\t\t\t<\/div>\n\t\t\t\t\t\t\t\t\t\n\t\t\t<\/div>\n\n\t\n\t\t\t\t\t\t<div class=\"e-hotspot elementor-repeater-item-1fd1623  e-hotspot--position-left e-hotspot--position-top   e-hotspot--circle\">\n\n\t\t\t\t\t\t\t\t<div class=\"e-hotspot__button e-hotspot--expand\">\n\t\t\t\t\t\t\t\t\t\t\t<div class=\"e-hotspot__outer-circle\"><\/div>\n\t\t\t\t\t\t<div class=\"e-hotspot__inner-circle\"><\/div>\n\t\t\t\t\t\t\t\t\t<\/div>\n\n\t\t\t\t\t\t\t\t\t\t\t\t\t\t\t\t\t\t<div class=\"e-hotspot__tooltip  e-hotspot--tooltip-position e-hotspot--fade-in-out \" >\n\t\t\t\t\t\t<p><span style=\"color: #b79634;\"><b><a style=\"color: #b79634;\" href=\"https:\/\/www.intemporaneo.com\/\" rel=\"noopener\">INTEMPORANEO<\/a> <\/b><\/span> R. dos Netos 18, 9000-084 <b>Funchal, Portugal<\/b>. Phone: +(351) 291 236 623<\/p>\n\t\t\t\t\t<\/div>\n\t\t\t\t\t\t\t\t\t\n\t\t\t<\/div>\n\n\t\n\t\t\t\t\t\t<div class=\"e-hotspot elementor-repeater-item-53fd7f3  e-hotspot--position-left e-hotspot--position-top   e-hotspot--circle\">\n\n\t\t\t\t\t\t\t\t<div class=\"e-hotspot__button e-hotspot--expand\">\n\t\t\t\t\t\t\t\t\t\t\t<div class=\"e-hotspot__outer-circle\"><\/div>\n\t\t\t\t\t\t<div class=\"e-hotspot__inner-circle\"><\/div>\n\t\t\t\t\t\t\t\t\t<\/div>\n\n\t\t\t\t\t\t\t\t\t\t\t\t\t\t\t\t\t\t<div class=\"e-hotspot__tooltip  e-hotspot--tooltip-position e-hotspot--fade-in-out \" >\n\t\t\t\t\t\t<p style=\"text-align: center;\"><strong><b><\/b><b><a style=\"color: #b79634;\" href=\"https:\/\/mueblesmago.es\/\" rel=\"noopener\">MUEBLES MAGO<\/a><\/b> - <\/strong>Carretera de N\u00edjar, esq. Avd. Mediterr\u00e1neo, 04009 <strong>Almer\u00eda<\/strong>. Tel.: <a href=\"tel:+34950222525\">950 22 25 25.<\/a>  <br \/><strong><b><a style=\"color: #b79634;\" href=\"https:\/\/losmelgues.com\/?utm_source=gmbhttp%3A%2F%2Fwww.losmelgues.com%2F\" rel=\"noopener\">LOS MELGUES<\/a><\/b> - <\/strong>Ctra. de Alicun, 169, 04740 Roquetas de Mar, <strong>Almer\u00eda<\/strong>. Tel: <a href=\"https:\/\/www.google.com\/search?client=safari&amp;rls=en&amp;q=melgues&amp;ie=UTF-8&amp;oe=UTF-8&amp;sei=YEt3aZDzFNjX7M8PrsHG2As&amp;dlnr=1#\" data-dtype=\"d3ph\" data-local-attribute=\"d3ph\" data-ved=\"2ahUKEwj4noDRiKmSAxXcTKQEHT7nOXYQkAgoAHoECC8QAg\"><span aria-label=\"Llamar al n\u00famero de tel\u00e9fono 950 32 98 00\">950 32 98 0<\/span><\/a> <\/p>\n\t\t\t\t\t<\/div>\n\t\t\t\t\t\t\t\t\t\n\t\t\t<\/div>\n\n\t\n\t\t\t\t\t\t<div class=\"e-hotspot elementor-repeater-item-8cf2c00  e-hotspot--position-left e-hotspot--position-top   e-hotspot--circle\">\n\n\t\t\t\t\t\t\t\t<div class=\"e-hotspot__button e-hotspot--expand\">\n\t\t\t\t\t\t\t\t\t\t\t<div class=\"e-hotspot__outer-circle\"><\/div>\n\t\t\t\t\t\t<div class=\"e-hotspot__inner-circle\"><\/div>\n\t\t\t\t\t\t\t\t\t<\/div>\n\n\t\t\t\t\t\t\t\t\t\t\t\t\t\t\t\t\t\t<div class=\"e-hotspot__tooltip  e-hotspot--tooltip-position e-hotspot--fade-in-out \" >\n\t\t\t\t\t\t<p><strong><b><\/b><b><a style=\"color: #b79634;\" href=\"https:\/\/skema.studio\" rel=\"noopener\">SKEMA STUDIO<\/a><\/b> - <\/strong>C\/Ronda Francesc Maci\u00e0, 50,<strong> Matar\u00f3<\/strong>. Tel.: 93 798 52 12<\/p>\n\t\t\t\t\t<\/div>\n\t\t\t\t\t\t\t\t\t\n\t\t\t<\/div>\n\n\t\n\t\t\t\t\t\t<\/div>\n\t\t\t\t<\/div>\n\t\t\t\t<\/div>\n\t\t<div id=\"e-n-tab-content-2072986922\" role=\"tabpanel\" aria-labelledby=\"e-n-tab-title-2072986922\" data-tab-index=\"2\" style=\"--n-tabs-title-order: 2;\" class=\" elementor-element elementor-element-7cfa4ab e-con-full e-flex e-con e-child\" data-id=\"7cfa4ab\" data-element_type=\"container\" data-e-type=\"container\">\n\t\t\t\t<div class=\"elementor-element elementor-element-6e225f9 elementor-widget elementor-widget-hotspot\" data-id=\"6e225f9\" data-element_type=\"widget\" data-e-type=\"widget\" data-settings=\"{&quot;hotspot&quot;:[{&quot;hotspot_tooltip_content&quot;:&quot;&quot;,&quot;hotspot_offset_x&quot;:{&quot;unit&quot;:&quot;%&quot;,&quot;size&quot;:51,&quot;sizes&quot;:[]},&quot;hotspot_offset_y&quot;:{&quot;unit&quot;:&quot;%&quot;,&quot;size&quot;:52,&quot;sizes&quot;:[]},&quot;_id&quot;:&quot;7548c06&quot;,&quot;__dynamic__&quot;:{&quot;hotspot_link&quot;:&quot;[elementor-tag id=\\&quot;135265c\\&quot; name=\\&quot;contact-url\\&quot; settings=\\&quot;%7B%22link_type%22%3A%22email%22%2C%22mail_to%22%3A%22hello%40atemporal.casa%22%7D\\&quot;]&quot;},&quot;hotspot_label&quot;:&quot;&quot;,&quot;hotspot_link&quot;:{&quot;url&quot;:&quot;mailto:hello@atemporal.casa&quot;,&quot;is_external&quot;:&quot;&quot;,&quot;nofollow&quot;:&quot;&quot;,&quot;custom_attributes&quot;:&quot;&quot;},&quot;hotspot_icon&quot;:{&quot;value&quot;:&quot;&quot;,&quot;library&quot;:&quot;&quot;},&quot;hotspot_icon_position&quot;:null,&quot;hotspot_icon_spacing&quot;:null,&quot;hotspot_custom_size&quot;:&quot;no&quot;,&quot;hotspot_width&quot;:null,&quot;hotspot_height&quot;:null,&quot;hotspot_horizontal&quot;:&quot;left&quot;,&quot;hotspot_vertical&quot;:&quot;top&quot;,&quot;hotspot_tooltip_position&quot;:&quot;no&quot;,&quot;hotspot_position&quot;:null,&quot;hotspot_tooltip_width&quot;:null,&quot;hotspot_tooltip_text_wrap&quot;:null},{&quot;hotspot_tooltip_content&quot;:&quot;&quot;,&quot;hotspot_offset_x&quot;:{&quot;unit&quot;:&quot;%&quot;,&quot;size&quot;:46,&quot;sizes&quot;:[]},&quot;hotspot_offset_y&quot;:{&quot;unit&quot;:&quot;%&quot;,&quot;size&quot;:25,&quot;sizes&quot;:[]},&quot;__dynamic__&quot;:{&quot;hotspot_link&quot;:&quot;[elementor-tag id=\\&quot;135265c\\&quot; name=\\&quot;contact-url\\&quot; settings=\\&quot;%7B%22link_type%22%3A%22email%22%2C%22mail_to%22%3A%22hello%40atemporal.casa%22%7D\\&quot;]&quot;},&quot;_id&quot;:&quot;f579eb2&quot;,&quot;hotspot_label&quot;:&quot;&quot;,&quot;hotspot_link&quot;:{&quot;url&quot;:&quot;mailto:hello@atemporal.casa&quot;,&quot;is_external&quot;:&quot;&quot;,&quot;nofollow&quot;:&quot;&quot;,&quot;custom_attributes&quot;:&quot;&quot;},&quot;hotspot_icon&quot;:{&quot;value&quot;:&quot;&quot;,&quot;library&quot;:&quot;&quot;},&quot;hotspot_icon_position&quot;:null,&quot;hotspot_icon_spacing&quot;:null,&quot;hotspot_custom_size&quot;:&quot;no&quot;,&quot;hotspot_width&quot;:null,&quot;hotspot_height&quot;:null,&quot;hotspot_horizontal&quot;:&quot;left&quot;,&quot;hotspot_vertical&quot;:&quot;top&quot;,&quot;hotspot_tooltip_position&quot;:&quot;no&quot;,&quot;hotspot_position&quot;:null,&quot;hotspot_tooltip_width&quot;:null,&quot;hotspot_tooltip_text_wrap&quot;:null},{&quot;_id&quot;:&quot;0b61884&quot;,&quot;hotspot_tooltip_content&quot;:&quot;&lt;p&gt;&lt;strong&gt;&lt;a href=\\&quot;https:\\\/\\\/www.sisudesign.be\\\/en\\&quot; target=\\&quot;_blank\\&quot; rel=\\&quot;noopener\\&quot;&gt;SISU&lt;\\\/a&gt; \\u00b7 &lt;\\\/strong&gt;Av. Georges Henri 435, 1200 Woluwe-Saint-Lambert, &lt;strong&gt;Belgium&lt;\\\/strong&gt;.  Phone: +32 (0)2 673 10 17&lt;\\\/p&gt;\\n&quot;,&quot;hotspot_offset_x&quot;:{&quot;unit&quot;:&quot;%&quot;,&quot;size&quot;:44,&quot;sizes&quot;:[]},&quot;hotspot_offset_y&quot;:{&quot;unit&quot;:&quot;%&quot;,&quot;size&quot;:40,&quot;sizes&quot;:[]},&quot;__dynamic__&quot;:null,&quot;hotspot_label&quot;:&quot;&quot;,&quot;hotspot_link&quot;:{&quot;url&quot;:&quot;&quot;,&quot;is_external&quot;:&quot;&quot;,&quot;nofollow&quot;:&quot;&quot;,&quot;custom_attributes&quot;:&quot;&quot;},&quot;hotspot_icon&quot;:{&quot;value&quot;:&quot;&quot;,&quot;library&quot;:&quot;&quot;},&quot;hotspot_icon_position&quot;:null,&quot;hotspot_icon_spacing&quot;:null,&quot;hotspot_custom_size&quot;:&quot;no&quot;,&quot;hotspot_width&quot;:null,&quot;hotspot_height&quot;:null,&quot;hotspot_horizontal&quot;:&quot;left&quot;,&quot;hotspot_vertical&quot;:&quot;top&quot;,&quot;hotspot_tooltip_position&quot;:&quot;no&quot;,&quot;hotspot_position&quot;:null,&quot;hotspot_tooltip_width&quot;:null,&quot;hotspot_tooltip_text_wrap&quot;:null}],&quot;tooltip_trigger&quot;:&quot;mouseenter&quot;,&quot;hotspot_sequenced_animation&quot;:&quot;no&quot;,&quot;tooltip_position&quot;:&quot;top&quot;,&quot;tooltip_animation&quot;:&quot;e-hotspot--fade-in-out&quot;}\" data-widget_type=\"hotspot.default\">\n\t\t\t\t<div class=\"elementor-widget-container\">\n\t\t\t\t\t<img decoding=\"async\" width=\"1024\" height=\"605\" src=\"https:\/\/atemporal.casa\/wp-content\/uploads\/2025\/06\/Captura-de-pantalla-2025-06-27-a-las-15.47.34-1024x605.png\" class=\"attachment-large size-large wp-image-7010\" alt=\"\" srcset=\"https:\/\/atemporal.casa\/wp-content\/uploads\/2025\/06\/Captura-de-pantalla-2025-06-27-a-las-15.47.34-1024x605.png 1024w, https:\/\/atemporal.casa\/wp-content\/uploads\/2025\/06\/Captura-de-pantalla-2025-06-27-a-las-15.47.34-300x177.png 300w, https:\/\/atemporal.casa\/wp-content\/uploads\/2025\/06\/Captura-de-pantalla-2025-06-27-a-las-15.47.34-768x454.png 768w, https:\/\/atemporal.casa\/wp-content\/uploads\/2025\/06\/Captura-de-pantalla-2025-06-27-a-las-15.47.34-1536x907.png 1536w, https:\/\/atemporal.casa\/wp-content\/uploads\/2025\/06\/Captura-de-pantalla-2025-06-27-a-las-15.47.34-2048x1210.png 2048w, https:\/\/atemporal.casa\/wp-content\/uploads\/2025\/06\/Captura-de-pantalla-2025-06-27-a-las-15.47.34-600x354.png 600w\" sizes=\"(max-width: 1024px) 100vw, 1024px\" \/>\n\t\t\t\t\t\t<a class=\"e-hotspot elementor-repeater-item-7548c06  e-hotspot--position-left e-hotspot--position-top e-hotspot--link  e-hotspot--circle\" href=\"mailto:hello@atemporal.casa\">\n\n\t\t\t\t\t\t\t\t<div class=\"e-hotspot__button e-hotspot--expand\">\n\t\t\t\t\t\t\t\t\t\t\t<div class=\"e-hotspot__outer-circle\"><\/div>\n\t\t\t\t\t\t<div class=\"e-hotspot__inner-circle\"><\/div>\n\t\t\t\t\t\t\t\t\t<\/div>\n\n\t\t\t\t\t\t\t\t\n\t\t\t<\/a>\n\n\t\n\t\t\t\t\t\t<a class=\"e-hotspot elementor-repeater-item-f579eb2  e-hotspot--position-left e-hotspot--position-top e-hotspot--link  e-hotspot--circle\" href=\"mailto:hello@atemporal.casa\">\n\n\t\t\t\t\t\t\t\t<div class=\"e-hotspot__button e-hotspot--expand\">\n\t\t\t\t\t\t\t\t\t\t\t<div class=\"e-hotspot__outer-circle\"><\/div>\n\t\t\t\t\t\t<div class=\"e-hotspot__inner-circle\"><\/div>\n\t\t\t\t\t\t\t\t\t<\/div>\n\n\t\t\t\t\t\t\t\t\n\t\t\t<\/a>\n\n\t\n\t\t\t\t\t\t<div class=\"e-hotspot elementor-repeater-item-0b61884  e-hotspot--position-left e-hotspot--position-top   e-hotspot--circle\">\n\n\t\t\t\t\t\t\t\t<div class=\"e-hotspot__button e-hotspot--expand\">\n\t\t\t\t\t\t\t\t\t\t\t<div class=\"e-hotspot__outer-circle\"><\/div>\n\t\t\t\t\t\t<div class=\"e-hotspot__inner-circle\"><\/div>\n\t\t\t\t\t\t\t\t\t<\/div>\n\n\t\t\t\t\t\t\t\t\t\t\t\t\t\t\t\t\t\t<div class=\"e-hotspot__tooltip  e-hotspot--tooltip-position e-hotspot--fade-in-out \" >\n\t\t\t\t\t\t<p><strong><a href=\"https:\/\/www.sisudesign.be\/en\" target=\"_blank\" rel=\"noopener\">SISU<\/a> \u00b7 <\/strong>Av. Georges Henri 435, 1200 Woluwe-Saint-Lambert, <strong>Belgium<\/strong>.  Phone: +32 (0)2 673 10 17<\/p>\n\t\t\t\t\t<\/div>\n\t\t\t\t\t\t\t\t\t\n\t\t\t<\/div>\n\n\t\n\t\t\t\t\t\t<\/div>\n\t\t\t\t<\/div>\n\t\t\t\t<\/div>\n\t\t<div id=\"e-n-tab-content-2072986923\" role=\"tabpanel\" aria-labelledby=\"e-n-tab-title-2072986923\" data-tab-index=\"3\" style=\"--n-tabs-title-order: 3;\" class=\" elementor-element elementor-element-60aceff e-con-full e-flex e-con e-child\" data-id=\"60aceff\" data-element_type=\"container\" data-e-type=\"container\">\n\t\t\t\t<div class=\"elementor-element elementor-element-6c91e7b elementor-widget elementor-widget-hotspot\" data-id=\"6c91e7b\" data-element_type=\"widget\" data-e-type=\"widget\" data-settings=\"{&quot;hotspot&quot;:[{&quot;hotspot_tooltip_content&quot;:&quot;&quot;,&quot;hotspot_offset_x&quot;:{&quot;unit&quot;:&quot;%&quot;,&quot;size&quot;:41,&quot;sizes&quot;:[]},&quot;hotspot_offset_y&quot;:{&quot;unit&quot;:&quot;%&quot;,&quot;size&quot;:70,&quot;sizes&quot;:[]},&quot;__dynamic__&quot;:{&quot;hotspot_link&quot;:&quot;[elementor-tag id=\\&quot;135265c\\&quot; name=\\&quot;contact-url\\&quot; settings=\\&quot;%7B%22link_type%22%3A%22email%22%2C%22mail_to%22%3A%22hello%40atemporal.casa%22%7D\\&quot;]&quot;},&quot;_id&quot;:&quot;273becb&quot;,&quot;hotspot_label&quot;:&quot;&quot;,&quot;hotspot_link&quot;:{&quot;url&quot;:&quot;mailto:hello@atemporal.casa&quot;,&quot;is_external&quot;:&quot;&quot;,&quot;nofollow&quot;:&quot;&quot;,&quot;custom_attributes&quot;:&quot;&quot;},&quot;hotspot_icon&quot;:{&quot;value&quot;:&quot;&quot;,&quot;library&quot;:&quot;&quot;},&quot;hotspot_icon_position&quot;:null,&quot;hotspot_icon_spacing&quot;:null,&quot;hotspot_custom_size&quot;:&quot;no&quot;,&quot;hotspot_width&quot;:null,&quot;hotspot_height&quot;:null,&quot;hotspot_horizontal&quot;:&quot;left&quot;,&quot;hotspot_vertical&quot;:&quot;top&quot;,&quot;hotspot_tooltip_position&quot;:&quot;no&quot;,&quot;hotspot_position&quot;:null,&quot;hotspot_tooltip_width&quot;:null,&quot;hotspot_tooltip_text_wrap&quot;:null}],&quot;hotspot_sequenced_animation&quot;:&quot;no&quot;,&quot;tooltip_position&quot;:&quot;top&quot;,&quot;tooltip_trigger&quot;:&quot;click&quot;,&quot;tooltip_animation&quot;:&quot;e-hotspot--fade-in-out&quot;}\" data-widget_type=\"hotspot.default\">\n\t\t\t\t<div class=\"elementor-widget-container\">\n\t\t\t\t\t<img decoding=\"async\" width=\"1024\" height=\"539\" src=\"https:\/\/atemporal.casa\/wp-content\/uploads\/2025\/06\/Captura-de-pantalla-2025-06-27-a-las-15.57.42-1024x539.png\" class=\"attachment-large size-large wp-image-7011\" alt=\"\" srcset=\"https:\/\/atemporal.casa\/wp-content\/uploads\/2025\/06\/Captura-de-pantalla-2025-06-27-a-las-15.57.42-1024x539.png 1024w, https:\/\/atemporal.casa\/wp-content\/uploads\/2025\/06\/Captura-de-pantalla-2025-06-27-a-las-15.57.42-300x158.png 300w, https:\/\/atemporal.casa\/wp-content\/uploads\/2025\/06\/Captura-de-pantalla-2025-06-27-a-las-15.57.42-768x404.png 768w, https:\/\/atemporal.casa\/wp-content\/uploads\/2025\/06\/Captura-de-pantalla-2025-06-27-a-las-15.57.42-1536x809.png 1536w, https:\/\/atemporal.casa\/wp-content\/uploads\/2025\/06\/Captura-de-pantalla-2025-06-27-a-las-15.57.42-2048x1078.png 2048w, https:\/\/atemporal.casa\/wp-content\/uploads\/2025\/06\/Captura-de-pantalla-2025-06-27-a-las-15.57.42-600x316.png 600w\" sizes=\"(max-width: 1024px) 100vw, 1024px\" \/>\n\t\t\t\t\t\t<a class=\"e-hotspot elementor-repeater-item-273becb  e-hotspot--position-left e-hotspot--position-top e-hotspot--link e-hotspot--no-tooltip e-hotspot--circle\" href=\"mailto:hello@atemporal.casa\">\n\n\t\t\t\t\t\t\t\t<div class=\"e-hotspot__button e-hotspot--expand\">\n\t\t\t\t\t\t\t\t\t\t\t<div class=\"e-hotspot__outer-circle\"><\/div>\n\t\t\t\t\t\t<div class=\"e-hotspot__inner-circle\"><\/div>\n\t\t\t\t\t\t\t\t\t<\/div>\n\n\t\t\t\t\t\t\t\t\n\t\t\t<\/a>\n\n\t\n\t\t\t\t\t\t<\/div>\n\t\t\t\t<\/div>\n\t\t\t\t<\/div>\n\t\t\t\t\t<\/div>\n\t\t<\/div>\n\t\t\t\t\t\t<\/div>\n\t\t\t\t<\/div>\n\t\t\t\t\t<\/div>\n\t\t\t\t<\/div>\n\t\t<div class=\"elementor-element elementor-element-d4fcd37 e-flex e-con-boxed e-con e-parent\" data-id=\"d4fcd37\" data-element_type=\"container\" data-e-type=\"container\">\n\t\t\t\t\t<div class=\"e-con-inner\">\n\t\t\t\t<div class=\"elementor-element elementor-element-74d9103 elementor-align-center elementor-widget elementor-widget-button\" data-id=\"74d9103\" data-element_type=\"widget\" data-e-type=\"widget\" data-widget_type=\"button.default\">\n\t\t\t\t<div class=\"elementor-widget-container\">\n\t\t\t\t\t\t\t\t\t<div class=\"elementor-button-wrapper\">\n\t\t\t\t\t<a class=\"elementor-button elementor-button-link elementor-size-sm\" href=\"https:\/\/maps.app.goo.gl\/vrkHHkSX8TX4ppuA7?g_st=iw\" target=\"_blank\">\n\t\t\t\t\t\t<span class=\"elementor-button-content-wrapper\">\n\t\t\t\t\t\t\t\t\t<span class=\"elementor-button-text\">View listing on Google Maps<\/span>\n\t\t\t\t\t<\/span>\n\t\t\t\t\t<\/a>\n\t\t\t\t<\/div>\n\t\t\t\t\t\t\t\t<\/div>\n\t\t\t\t<\/div>\n\t\t\t\t\t<\/div>\n\t\t\t\t<\/div>\n\t\t<div class=\"elementor-element elementor-element-1bdb713 e-flex e-con-boxed e-con e-parent\" data-id=\"1bdb713\" data-element_type=\"container\" data-e-type=\"container\">\n\t\t\t\t\t<div class=\"e-con-inner\">\n\t\t\t\t<div class=\"elementor-element elementor-element-6244e47 elementor-widget elementor-widget-spacer\" data-id=\"6244e47\" data-element_type=\"widget\" data-e-type=\"widget\" data-widget_type=\"spacer.default\">\n\t\t\t\t<div class=\"elementor-widget-container\">\n\t\t\t\t\t\t\t<div class=\"elementor-spacer\">\n\t\t\t<div class=\"elementor-spacer-inner\"><\/div>\n\t\t<\/div>\n\t\t\t\t\t\t<\/div>\n\t\t\t\t<\/div>\n\t\t\t\t\t<\/div>\n\t\t\t\t<\/div>\n\t\t<div class=\"elementor-element elementor-element-654c484 e-flex e-con-boxed e-con e-parent\" data-id=\"654c484\" data-element_type=\"container\" data-e-type=\"container\">\n\t\t\t\t\t<div class=\"e-con-inner\">\n\t\t\t\t<div class=\"elementor-element elementor-element-3404bb3 elementor-widget elementor-widget-text-editor\" data-id=\"3404bb3\" data-element_type=\"widget\" data-e-type=\"widget\" data-widget_type=\"text-editor.default\">\n\t\t\t\t<div class=\"elementor-widget-container\">\n\t\t\t\t\t\t\t\t\t<p><a href=\"https:\/\/atemporal.casa\/en\/points-of-sale\/#and\">ANDORRA<\/a><br><a href=\"https:\/\/atemporal.casa\/en\/points-of-sale\/#esp\">SPAIN<\/a><br><a href=\"https:\/\/atemporal.casa\/en\/points-of-sale\/#por\">PORTUGAL<\/a><br><a href=\"https:\/\/atemporal.casa\/en\/points-of-sale\/#bel\">BELGIUM<\/a><br><a href=\"https:\/\/atemporal.casa\/en\/points-of-sale\/#lux\">LUXEMBOURG<\/a><br><a href=\"https:\/\/atemporal.casa\/en\/points-of-sale\/#net\">NETHERLANDS<\/a><br><a href=\"https:\/\/atemporal.casa\/en\/points-of-sale\/#pan\">PANAMA<\/a><\/p>\t\t\t\t\t\t\t\t<\/div>\n\t\t\t\t<\/div>\n\t\t\t\t\t<\/div>\n\t\t\t\t<\/div>\n\t\t<div class=\"elementor-element elementor-element-d9a27a4 e-flex e-con-boxed e-con e-parent\" data-id=\"d9a27a4\" data-element_type=\"container\" data-e-type=\"container\">\n\t\t\t\t\t<div class=\"e-con-inner\">\n\t\t\t\t<div class=\"elementor-element elementor-element-e09677a elementor-widget elementor-widget-menu-anchor\" data-id=\"e09677a\" data-element_type=\"widget\" data-e-type=\"widget\" data-widget_type=\"menu-anchor.default\">\n\t\t\t\t<div class=\"elementor-widget-container\">\n\t\t\t\t\t\t\t<div class=\"elementor-menu-anchor\" id=\"and\"><\/div>\n\t\t\t\t\t\t<\/div>\n\t\t\t\t<\/div>\n\t\t\t\t\t<\/div>\n\t\t\t\t<\/div>\n\t\t<div class=\"elementor-element elementor-element-344a177 e-flex e-con-boxed e-con e-parent\" data-id=\"344a177\" data-element_type=\"container\" data-e-type=\"container\">\n\t\t\t\t\t<div class=\"e-con-inner\">\n\t\t\t\t<div class=\"elementor-element elementor-element-08ee4c2 elementor-widget elementor-widget-text-editor\" data-id=\"08ee4c2\" data-element_type=\"widget\" data-e-type=\"widget\" data-widget_type=\"text-editor.default\">\n\t\t\t\t<div class=\"elementor-widget-container\">\n\t\t\t\t\t\t\t\t\t<h1 style=\"text-align: center;\"><span style=\"color: #000000;\"><strong>ANDORRA<\/strong><\/span><\/h1><div style=\"text-align: center;\"><strong><a href=\"https:\/\/www.baustore.ad\/\" target=\"_blank\" rel=\"noopener\">LA BAU STORE \u00b7<\/a><\/strong> C\/ Bonaventura Armengol, 3, AD500 <strong>Andorra la Vella, Andorra<\/strong><strong>. <\/strong>Tel.: +376 802 236.<\/div><p style=\"text-align: center;\"><a href=\"https:\/\/lamaison-andorra.com\/\" target=\"_blank\" rel=\"noopener\"><strong>LA MAISON \u00b7 <\/strong><\/a>Crta. General 2 Edificio Novell 2 bajos. Incles. <strong>Canillo<\/strong><strong>. <\/strong>Tel.: +376 855 281.  <br><strong><a href=\"https:\/\/www.sistemacuina.com\/\" target=\"_blank\" rel=\"noopener\">SISTEMA CUINA<\/a> \u00b7 <\/strong>Av. de les Escoles 18. <strong>Escaldes-Engordany<\/strong><strong>. <\/strong>Tel.: 376 867 483.<\/p>\t\t\t\t\t\t\t\t<\/div>\n\t\t\t\t<\/div>\n\t\t\t\t\t<\/div>\n\t\t\t\t<\/div>\n\t\t<div class=\"elementor-element elementor-element-7899a4a e-flex e-con-boxed e-con e-parent\" data-id=\"7899a4a\" data-element_type=\"container\" data-e-type=\"container\">\n\t\t\t\t\t<div class=\"e-con-inner\">\n\t\t\t\t<div class=\"elementor-element elementor-element-84b9aa6 elementor-widget elementor-widget-menu-anchor\" data-id=\"84b9aa6\" data-element_type=\"widget\" data-e-type=\"widget\" data-widget_type=\"menu-anchor.default\">\n\t\t\t\t<div class=\"elementor-widget-container\">\n\t\t\t\t\t\t\t<div class=\"elementor-menu-anchor\" id=\"esp\"><\/div>\n\t\t\t\t\t\t<\/div>\n\t\t\t\t<\/div>\n\t\t\t\t\t<\/div>\n\t\t\t\t<\/div>\n\t\t<div class=\"elementor-element elementor-element-9c8af98 e-flex e-con-boxed e-con e-parent\" data-id=\"9c8af98\" data-element_type=\"container\" data-e-type=\"container\">\n\t\t\t\t\t<div class=\"e-con-inner\">\n\t\t\t\t<div class=\"elementor-element elementor-element-f172055 elementor-widget elementor-widget-text-editor\" data-id=\"f172055\" data-element_type=\"widget\" data-e-type=\"widget\" data-widget_type=\"text-editor.default\">\n\t\t\t\t<div class=\"elementor-widget-container\">\n\t\t\t\t\t\t\t\t\t<h1 style=\"text-align: center;\"><span style=\"color: #000000;\"><strong>SPAIN<\/strong><\/span> <\/h1><h2 style=\"text-align: center;\"><strong>ALMER\u00cdA<\/strong><\/h2><p style=\"text-align: center;\"><strong><a href=\"https:\/\/losmelgues.com\/?utm_source=gmbhttp%3A%2F%2Fwww.losmelgues.com%2F\">Los Melgues<\/a> &#8211;<\/strong> Ctra. de Alicun, 169, 04740 Roquetas de Mar, Almer\u00eda. Tel: <a href=\"https:\/\/www.google.com\/search?client=safari&amp;rls=en&amp;q=melgues&amp;ie=UTF-8&amp;oe=UTF-8&amp;sei=YEt3aZDzFNjX7M8PrsHG2As&amp;dlnr=1#\" data-dtype=\"d3ph\" data-local-attribute=\"d3ph\" data-ved=\"2ahUKEwj4noDRiKmSAxXcTKQEHT7nOXYQkAgoAHoECC8QAg\"><span aria-label=\"Llamar al n\u00famero de tel\u00e9fono 950 32 98 00\">950 32 98 00<\/span><\/a><strong><br><a href=\"https:\/\/mueblesmago.es\/\">Muebles Mago<\/a> &#8211; <\/strong>Carretera de N\u00edjar, esq. Avd. Mediterr\u00e1neo, 04009 Almer\u00eda. Tel.: <a href=\"tel:+34950222525\">950 22 25 25.<\/a><\/p><h2 style=\"text-align: center;\"><strong>ANDALUCIA<\/strong><\/h2><p style=\"text-align: center;\"><strong><a href=\"https:\/\/www.anilhometrends.com\/concept-store\/\" target=\"_blank\" rel=\"noopener\">A\u00d1IL Concept Store<\/a> \u00b7 <\/strong>C\/ Budapest 21&amp;23. Pol. San Pedro de Alc\u00e1ntara. <strong>Marbella<\/strong>. <strong>M\u00e1laga<\/strong>. Tel.: 689 112 601.  <br><strong><a href=\"https:\/\/www.anilhometrends.com\/concept-store\/\" target=\"_blank\" rel=\"noopener\">A\u00d1IL HOME TRENDS<\/a> \u00b7 <\/strong>Urb. Las Petunias 27. San Pedro de Alcantara. <strong>Marbella<\/strong>. <strong>M\u00e1laga<\/strong>. Tel.: 952 780 044.   <\/p><h2 style=\"text-align: center;\">ARAGON<\/h2><p style=\"text-align: center;\"><span class=\"wsw-31\"><span class=\"wsw-02\"><strong><span class=\"wsw-05\"><a href=\"https:\/\/javiernegreinteriorismo.com\/\" target=\"_blank\" rel=\"noopener\">JAVIER NEGRE DISE\u00d1O<\/a> \u00b7<\/span> <\/strong><\/span><\/span>C\/ Ver\u00f3nica 18. <strong>Zaragoza. <\/strong>Tel.: 976 231 155.<\/p><h2 style=\"text-align: center;\"><strong>ASTURIAS<\/strong><\/h2><p style=\"text-align: center;\"><strong><a href=\"https:\/\/www.abellomuebles.com\/\" target=\"_blank\" rel=\"noopener\">ABELLO 1980<\/a><\/strong> &#8211; <strong> Traves\u00eda <\/strong>Francisca Fern\u00e1ndez Miranda 2 bajo.<strong> <\/strong><strong>Grado. <\/strong>Tel.: 985 751 013.<br> D4<strong>INTERIORISMO<\/strong> &#8211; C\/ Caveda 2, 33002. <strong>Oviedo. <\/strong>Tel.: 985 209 387.  <\/p><h2 style=\"text-align: center;\"><strong>CANARY ISLANDS<\/strong><\/h2><p style=\"text-align: center;\"><a href=\"https:\/\/www.mueblesdecorart.com\/\" target=\"_blank\" rel=\"noopener\"><strong>DECORART<\/strong><\/a> <strong>\u00b7<\/strong> Rambla de Santa Cruz 130. <strong>Santa Cruz de Tenerife <\/strong><strong>. <\/strong>Tel.: 922 248 831. <\/p><h2 style=\"text-align: center;\"><strong>CANTABRIA<\/strong><\/h2><p style=\"text-align: center;\"><strong><a href=\"https:\/\/www.numadecoracion.es\/\" target=\"_blank\" rel=\"noopener\">NUMA<\/a> \u00b7 <\/strong>C\/ Hern\u00e1n Cort\u00e9s 33. <strong>Santander. <\/strong>Tel.: 942 134 982. <\/p><h2 style=\"text-align: center;\"><strong><span class=\"wnd-font-size-110\">CASTILLA y LEON<\/span><\/strong><\/h2><p style=\"text-align: center;\"><b><a href=\"https:\/\/decoracionk7.com\/\" target=\"_blank\" rel=\"noopener\">K7<\/a> <strong>&#8211; <\/strong><\/b>Av. de la Paz 26. <b>Burgos<\/b>. Tel: 947 239 690. <br><strong><span class=\"wsw-02\">MASHOGAR<\/span> \u00b7 <\/strong>C\/ Dolores Ib\u00e1rruri 2 bajo. Santa Marta de Tormes. <strong>Salamanca<\/strong>. Tel: 923 130 644.   <br><strong><a href=\"https:\/\/www.sofasamedida.com\/\" target=\"_blank\" rel=\"noopener\"><span class=\"wsw-02\">MOBBELTUR &#8211;<\/span><\/a> <\/strong>C\/ la Serna, 2, 24010 Trobajo del Camino,<strong> Le\u00f3n<\/strong>. Tel: 987 840 067. <br><strong><a href=\"https:\/\/www.mueblesmabel.com\/index.php\" target=\"_blank\" rel=\"noopener\">MUEBLES MABEL<\/a><\/strong> <strong>\u00b7 <\/strong>Av. P\u00e9rez Colino, 16 &#8211; 24402 Ponferrada, Le\u00f3n. Tel.: 987 402402 <br><strong><a href=\"https:\/\/www.mueblespalaciodelamoda.com\/\" target=\"_blank\" rel=\"noopener\">PALACIO DE LA MODA<\/a><\/strong> <strong>\u00b7 <\/strong>Av. Pablo Picasso, 4, 34200, <strong>Palencia. <\/strong>Tel: 979 770 444.  <\/p><h2 style=\"text-align: center;\"><strong>CATALONIA<\/strong><\/h2><p style=\"text-align: center;\"><strong><a href=\"https:\/\/www.antonifelip.com\/\" target=\"_blank\" rel=\"noopener\">ANTONI FELIP<\/a> &#8211; <\/strong>Ctra. de Barcelona 87. <strong>Cerdanyola del Vall\u00e8s<\/strong>. Tel.: 935 808 699. <br><strong><a href=\"https:\/\/deco-home.es\/\" target=\"_blank\" rel=\"noopener\">BE BASIC HOME<\/a> \u00b7<\/strong> C\/ Jaume I, 1 08240 <strong>Manresa<\/strong>. Tel.: 935 242 356. <br><strong><a href=\"https:\/\/www.cuinessantos.com\/ca\/\" target=\"_blank\" rel=\"noopener\">DALMAU Interiors \u00b7 <\/a><\/strong>Pl. Pavicsa, 9, 17100 <strong>La Bisbal d&#8217;Empord\u00e0<\/strong>,<strong> Girona.<\/strong>Tel.: 972 642 777. <br><strong><a href=\"https:\/\/www.dromliving.com\/\" target=\"_blank\" rel=\"noopener\">DR\u00d6M FACT\u00d6RY By DR\u00d6M LIVING <\/a><\/strong><strong>\u00b7 <\/strong>C\/ Sicilia 402. <strong>Barcelona<\/strong>. Tel.: 932 071 478. <br><strong><a href=\"https:\/\/www.duchlleida.com\/\" target=\"_blank\" rel=\"noopener\">DUCH<\/a> \u00b7 <\/strong>C\/ Alcalde Rovira Roure 13. <strong>Lleida<\/strong>. Tel.: 973 249 145. <br><strong><a href=\"https:\/\/www.espainordic.cat\">ESPAI NORDIC<\/a> &#8211; <\/strong>Av. de Rius i Taulet 29. <strong>Sant Cugat del Vall\u00e9s<\/strong>. Tel.: 936 746 418.<br><strong><a href=\"https:\/\/www.estudidelagarriga.cat\/\" target=\"_blank\" rel=\"noopener\">ESTUDI LA GARRIGA<\/a> \u00b7<\/strong><b><span class=\"wnd-font-size-90\"> <\/span><\/b>C\/ Arag\u00f3 321. <b>Barcelona<\/b>. Tel.: 934 582 082. <br><strong><a href=\"https:\/\/www.euromoblebru.com\/\" target=\"_blank\" rel=\"noopener\">EUROMOBLE DE BRU<\/a> \u00b7 <\/strong>Ctra. de Figueres &#8211; Roses, km 33.5, 17469 <strong>Fortia<\/strong>, <strong>Girona.<\/strong> Tel.: 972 503 962. <br><strong><a href=\"https:\/\/moblesgifreu.com\/\" target=\"_blank\" rel=\"noopener\">GIFREU<\/a> \u00b7 <\/strong>C\/ Sant Andreu, 26, 17834 <strong>Porqueres<\/strong>,<strong> Girona.<\/strong> Tel.: 972 571 327 Tel.: 658 882 100. <br><strong><a href=\"https:\/\/www.ideesdisseny.com\/\" target=\"_blank\" rel=\"noopener\">IDEES DISSENY<\/a><\/strong> &#8211; <strong><span class=\"wnd-font-size-90\"><a href=\"https:\/\/lifracontract.com\/es\/\" target=\"_blank\" rel=\"noopener\"><span class=\"wnd-font-size-110\">LIFRA CONTRACT<\/span><\/a> &#8211; <\/span><\/strong>Crta. de Roda, Pol. Ind. Malloles. <strong>Vic<\/strong>. Tel: 938 890 307.<br><strong><a href=\"https:\/\/www.ismoble.com\/\" target=\"_blank\" rel=\"noopener\">ISMOBLE<\/a><\/strong> &#8211; <strong>C\/<\/strong> Dionis Puig 15. C.C. Ramassar Nord. <strong>Granollers<\/strong>. Tel: 938 402 918.<br><strong>LA CASONA<\/strong> <strong>\u00b7 <\/strong>C\/ de les Parellades 65. <strong>Sitges<\/strong>. Tel: 938 102 378.  <br><a href=\"https:\/\/lamaisonbarcelona.com\/la-maison\/\" target=\"_blank\" rel=\"noopener\"><strong>LA MAISON BARCELONA<\/strong> <strong>\u00b7<\/strong><\/a> C\/ Balmes 266. <strong>Barcelona<\/strong>. Tel: 932 172 666.  <br><strong><a href=\"https:\/\/www.marinaandco.com\/es\/\" target=\"_blank\" rel=\"noopener\">MARINA&amp;CO &#8211;<\/a><\/strong> C\/ Jovellanos, 84. <strong>Sabadell<\/strong>. Tel: 937 457 255. <br><strong><a href=\"https:\/\/www.martinelements.com\/\" target=\"_blank\" rel=\"noopener\">MARTIN ELEMENTS CORK \u00b7<\/a> <\/strong>C\/ Enric Vincke, 12, 17230 <strong>Palam\u00f3s<\/strong>,<strong> Girona<\/strong> . Tel.: 972 967 144. <br><span style=\"color: #393939;\"><strong><a href=\"https:\/\/moblesalmazan.com\/\" target=\"_blank\" rel=\"noopener\">MOBLES ALMAZAN \u00b7<\/a><\/strong><\/span> Av. d&#8217;Eduard Toldr\u00e0, 40, 08800 <strong>Vilanova i la Geltr\u00fa<\/strong>, <strong>Barcelona<\/strong>. Tel.: 938 938 830.<br><strong><a href=\"https:\/\/www.moblesmorato.com\/ca\/\" target=\"_blank\" rel=\"noopener\">MOBLES MORAT\u00d3<\/a> \u00b7 <\/strong>Av. de Tarragona, 25. <strong>Vilafranca del Pened\u00e8s<\/strong>, <strong>Barcelona<\/strong>.<br><strong>MOBLES RIBALTA \u00b7 GEOMETRIC ESTUDI \u00b7 <\/strong>C\/ de Bosch i Cardellach 77. <strong>Sabadell<\/strong>. Tel.: 937 252 744. <br><strong>QUATRE PUNTS ESTUDI \u00b7 <\/strong>C\/ de Sant Joaquim, 3, <strong>Reus. <\/strong>Tel.: 658 86 71 35.<br><strong><a href=\"https:\/\/reposasapore.cat\/\" target=\"_blank\" rel=\"noopener\">REPOSA SAPORE<\/a><\/strong> <strong>\u00b7<\/strong> Crta. N-II num 20-B 17458.<strong> Fornells de la Selva<\/strong>,<strong> Girona<\/strong>. Tel.: 972 476 239 \/ 699 121 458 (cita previa).  <br><strong><a href=\"https:\/\/www.rubiointeriors.com\/\" target=\"_blank\" rel=\"noopener\">RUBIO INTERIORS<\/a><\/strong> <strong>\u00b7<\/strong> C\/ Volta 38-42. <strong>Terrassa<\/strong>. Tel.: 937 803 123. <br><strong><a href=\"https:\/\/skema.studio\">SKEMA STUDIO<\/a> &#8211; <\/strong>C\/Ronda Francesc Maci\u00e0, 50, Matar\u00f3. Tel.: 93 798 52 12<br><strong><a href=\"https:\/\/www.instagram.com\/swellconcept?igsh=MWMxems5eTEwOGZweA%3D%3D\" target=\"_blank\" rel=\"noopener\">SWELL CONCEPT<\/a><\/strong> <strong>\u00b7 <\/strong>C\/ Rector Ubach 30, <strong>Barcelona <\/strong>Tel.: 934 <br><strong><a href=\"https:\/\/tresorshome.com\/\" target=\"_blank\" rel=\"noopener\">TRESORS<\/a> \u00b7 <\/strong>C\/ Rambla de l&#8217;Hospital 3. <strong>Vic<\/strong>. Tel.: 931 403 457. <br><a href=\"https:\/\/tocatpelvent.com\/\"><strong>TOCAT PEL VENT<\/strong><\/a> &#8211; Carrer Nou del Teatre, 6, 17004 <strong>Girona<\/strong>. Tel: <a href=\"https:\/\/www.google.com\/search?q=tocat+pel+vent&amp;oq=tocat+pel+vent&amp;gs_lcrp=EgZjaHJvbWUyDAgAEEUYORiABBiiBDIGCAEQRRhAMhUIAhAuGCcYrwEYxwEYgAQYigUYjgUyCAgDEAAYFhgeMggIBBAAGBYYHjIICAUQABgWGB4yCggGEAAYgAQYogQyCggHEAAYgAQYogTSAQgxODgxajBqN6gCALACAA&amp;sourceid=chrome&amp;ie=UTF-8#\" data-dtype=\"d3ph\" data-local-attribute=\"d3ph\" data-ved=\"2ahUKEwjp_q3Mq42SAxXgTaQEHbNONvUQkAgoAHoECCcQAg\"><span aria-label=\"Llamar al n\u00famero de tel\u00e9fono 972 41 40 65\">972 41 40 65<\/span><\/a><br><strong><a href=\"https:\/\/www.trucosparadecorar.com\/\" target=\"_blank\" rel=\"noopener\">TRUCOSPARADECORAR<\/a> &#8211;<\/strong> C\/ Reina Victoria 16. <strong>Barcelona<br><\/strong> ZENTRUM<strong>-C\/<\/strong>Crta. de Vic 92. <strong>La Garriga<\/strong>. Tel.: 933 211 299. <\/p><div><h2 style=\"text-align: center;\"><strong>REGIONAL COMMUNITY OF NAVARRE<\/strong><\/h2><p style=\"text-align: center;\"><strong><a href=\"https:\/\/masdec.com\/\" target=\"_blank\" rel=\"noopener\">+DEC \u00b7<\/a> <\/strong>C\/ Castillo de Maya 28<strong>. <\/strong><strong>Pamplona<\/strong>.<strong> <\/strong>Tel.: 948 292 670. <br><strong><a href=\"https:\/\/rosagarcia.com\/\">ROSA GARCIA<\/a> \u00b7 <\/strong>C\/ Juan Antonio Fern\u00e1ndez 7<strong>. <\/strong><strong>Tudela<\/strong>. Tel.: 948 822 790. <br><strong><a href=\"https:\/\/rosagarcia.com\/\">ROSA GARCIA<\/a> \u00b7 <\/strong>C\/ Avenida Santa Ana 6-8<strong>. <\/strong><strong>Tudela<\/strong>. Tel.: 948 412 459. <\/p><h2 style=\"text-align: center;\"><strong>COMMUNITY OF MADRID<\/strong><\/h2><p style=\"text-align: center;\"><strong><a href=\"https:\/\/burana.es\/\" target=\"_blank\" rel=\"noopener\">BURANA<\/a><\/strong> <strong>\u00b7<\/strong> C\/ Oxford 4 <b>Las Rozas. Madrid <\/b>.<strong> <\/strong>Tel.: 917 103 771. <br><strong><a href=\"https:\/\/www.deslan.com\/\">DESLAN<\/a><\/strong> <strong>\u00b7 <\/strong>C\/ Padilla 30. <strong>Madrid<\/strong>. Tel.: 915 714 339. <br><strong><a href=\"https:\/\/www.deslan.com\/\">DESLAN<\/a><\/strong> <strong>\u00b7 <\/strong>C\/ Vel\u00e1zquez 86 C. <strong>Madrid<\/strong>. Tel.: 915 762 077. <br><strong><a href=\"https:\/\/digarkiona.com\/\" target=\"_blank\" rel=\"noopener\">DIGAR KIONA<\/a> \u00b7 <\/strong>C\/ Cantabria 11. <strong>San Sebastian de los Reyes<\/strong>.<strong> <\/strong>Tel.: 916 513 101. <br><strong><a href=\"https:\/\/plazarq.com\/\" target=\"_blank\" rel=\"noopener\">PLAZARQ<\/a><\/strong> <strong>\u00b7<\/strong> C\/ de Hermosilla, 43, Salamanca, 28001 <strong>Madrid<\/strong>. Tel.: Tel.: 620 361 115<br><strong><a href=\"https:\/\/www.queproyectos.es\/\" target=\"_blank\" rel=\"noopener\">WHAT PROJECTS<\/a> &#8211;<\/strong> Av. Monasterio de Silos 14. <strong>Madrid<\/strong>.<strong> <\/strong>Tel.: 917 305 159. <\/p><h2 style=\"text-align: center;\"><strong>VALENCIAN COMMUNITY<\/strong><\/h2><p style=\"text-align: center;\"><strong><a href=\"https:\/\/albani.es\/es\" target=\"_blank\" rel=\"noopener\">ALBANI<\/a> &#8211; <\/strong>Crta. N340a km 969,5. <b>Vila-real, Castell\u00f3n<\/b>. Tel.: 964 538 138.  <br><strong><a href=\"https:\/\/azultierra.es\/contacto\/\" target=\"_blank\" rel=\"noopener\">AZUL TIERRA<\/a> \u00b7 <\/strong>\u00c1ngel Lozano, 2, <strong>Alicante. <\/strong>03001. T. 96 514 02 30 <br><strong><a href=\"https:\/\/www.bocetointeriorismo.com\/\">BOCETO INTERIORISMO<\/a> &#8211; <\/strong>Av. Doctor Tomas Sala 37. <strong>Valencia<\/strong>. Tel.: 963 170 401.<br><strong>BOLMEN<\/strong><strong> \u00b7 <\/strong>Av. d&#8217;Europa, 146. <strong>l&#8217;Alf\u00e0s del Pi, Alicante. <\/strong>Tel.: 966 866 289. <br><strong><a href=\"https:\/\/estudiopas.com\/\" target=\"_blank\" rel=\"noopener\">ESTUDIO PAS<\/a><\/strong> <strong>\u00b7 <\/strong>C\/ de l&#8217;Almirall Cadarso, 7. <strong>Val\u00e8ncia<\/strong><strong>. <\/strong>Tel.: 963 330 426. <br><strong><a href=\"https:\/\/www.muebleslafabrica.com\/tienda-muebles-castellon\" target=\"_blank\" rel=\"noopener\">MUEBLES LA FABRICA<\/a> \u00b7 <\/strong>C\/ Enmedio, 91. <b>Castell\u00f3n de la Plana, Castell\u00f3n<\/b>. Tel.: 964 216 395. <br><strong><a href=\"https:\/\/mediterraneannomad.com\/\">NOMAD MEDITERRANEAN<\/a> \u00b7 <\/strong>C\/ Niza 1, Local 2B. <strong>J\u00e1vea, Alicante<\/strong>. Tel.: 633 282 006 \/ 965 426 246.<br><strong><a href=\"https:\/\/renovhouse.es\/\" target=\"_blank\" rel=\"noopener\">RENOVHOUSE \u00b7 <\/a><\/strong>Av de los Ej\u00e9rcitos Espa\u00f1oles, 10, Edificio Apolo VII, Local. <strong>Calp, Alicante <\/strong>Tel.: 627 203 040.<br><b><a href=\"https:\/\/valentinsanchez.com\/\" target=\"_blank\" rel=\"noopener\">VALENTIN SANCHEZ<\/a><\/b> <strong>\u00b7<\/strong> A. Alicante 136. <b>Elche<\/b>. Tel.: 965 426 246.<br><strong><a href=\"https:\/\/valentinsanchez.com\/\" target=\"_blank\" rel=\"noopener\">VALENTIN SANCHEZ<\/a> \u00b7 <\/strong>General O\u00b4Donell 13.<strong> <\/strong><strong>Alicante<\/strong>. Tel.: 965 126 717. <\/p><h2 style=\"text-align: center;\">GALICIA<\/h2><p style=\"text-align: center;\"><strong><a href=\"https:\/\/www.mueblesedra.com\/\" target=\"_blank\" rel=\"noopener\">EDRA<\/a> \u00b7 <\/strong>Av. de Gran Via 112.<strong> <\/strong><strong>Vigo<\/strong>.<strong> <\/strong>Tel.: 986 473 395. <br><strong><a href=\"https:\/\/www.enriquez1951.es\/\" target=\"_blank\" rel=\"noopener\">ENRIQUEZ<\/a> \u00b7 <\/strong>R\u00faa Ram\u00f3n Puga, 7 &#8211; 32005 <strong>Ourense<\/strong>. Tel.: 988 245 941. <br><strong><a href=\"https:\/\/loftconfort.com\/\" target=\"_blank\" rel=\"noopener\">LOFT CONFORT<\/a> \u00b7 <\/strong>C\/ Joaqu\u00edn Costa 69 <strong>Pontevedra<\/strong>. Tel.: 986 852 948. <br><a href=\"https:\/\/www.mykadeco.com\/\" target=\"_blank\" rel=\"noopener\"><strong>MYKA DECORACION<\/strong><\/a> <strong>\u00b7 <\/strong>R\u00faa das Ameas, 6, 15706 <strong>S<\/strong><strong>antiago de Compostela<\/strong>. <strong>A Coru\u00f1a<\/strong>. Tel.: 881 121 208. <br><strong><a href=\"https:\/\/pombo.es\/\" target=\"_blank\" rel=\"noopener\">POMBO<\/a> \u00b7 <\/strong>R\u00faa Vi\u00f1as da Babilonia 17. <strong>Olerios<\/strong>. <strong>A Coru\u00f1a. <\/strong>Tel.: 981 627 114. <\/p><h2 style=\"text-align: center;\">BALEARIC ISLANDS<\/h2><p style=\"text-align: center;\"><strong><a href=\"https:\/\/www.aquitania.net\/\" target=\"_blank\" rel=\"noopener\">AQUITANIA MENORCA<\/a> \u00b7 <\/strong>Av. des Cap de Cavalleria, 7, 07714 <strong>Ma\u00f3 <\/strong>. Tel.: 971 35 63 53.<br><strong><a href=\"https:\/\/www.aquitania.net\/\" target=\"_blank\" rel=\"noopener\">AQUITANIA IBIZA<\/a> &#8211; <\/strong>Ctra. Ibiza-Santa Eulalia, km 7,8 <strong>Ibiza<\/strong><strong> <\/strong>. Tel.: 971 93 02 80.<br><strong><a href=\"http:\/\/www.juncosa.com\/index.php\" target=\"_blank\" rel=\"noopener\">EDA JUNCOSA<\/a> \u00b7 <\/strong>C\/ Quatre de Novembre, 17 Pol. Can Valero. <strong>Palma de Mallorca <\/strong>Tel.: 971 290 750. <br><a href=\"https:\/\/www.espaciohdg.com\/\" target=\"_blank\" rel=\"noopener\"><strong>ESPACIO HOME DESIGN<\/strong> <strong>\u00b7<\/strong> <\/a>C\/ de les Illes Balears 6 . Pol. Son Bugadellas. Calvia. <strong>Palma de Mallorca<\/strong>. Tel.: 871 005 166.    <br><a href=\"https:\/\/www.espaciohdg.com\/\" target=\"_blank\" rel=\"noopener\"><strong>ESPACIO HOME DESIGN<\/strong> <strong>\u00b7<\/strong> <\/a>C\/ Eusebi Estada, 11B . 07004 Palma. <strong>Palma de Mallorca<\/strong>. Tel.: 971 759 700.  <br><a href=\"https:\/\/koyo-interior.com\/es\/\" target=\"_blank\" rel=\"noopener\"><strong>KOYO INTERIOR<\/strong><\/a> <strong>\u00b7 <\/strong>Ronda de l\u00b4Estacio 12 <strong>Campos . Mallorca .  <\/strong>Tel.: 971 543 266. <br><strong><a href=\"https:\/\/www.moblesriera.com\/\" target=\"_blank\" rel=\"noopener\">MOBLES RIERA<\/a> \u00b7 <\/strong>Pla\u00e7a Antoni Mus 2. <strong>Manacor<\/strong>. Tel.: 971 551 695. <br><strong><a href=\"https:\/\/www.noi2interiorismo.com\/\" target=\"_blank\" rel=\"noopener\">NOI2<\/a> \u00b7 <\/strong>C\/ de Bonaire 7. <strong>Palma de Mallorca<\/strong>. Tel.: 971 057 136. <br><strong><a href=\"https:\/\/www.perellomobles.com\/index.php\/es\/\" target=\"_blank\" rel=\"noopener\">PERELL\u00d3 MOBLES<\/a> \u00b7 <\/strong>C\/ de Cecili Metel 25. <strong>Pollen\u00e7a<\/strong>.<strong> <\/strong>Tel.: 971 533 735.<br><strong><a href=\"https:\/\/quesada.aquitania.net\/es\/botiga\/\" target=\"_blank\" rel=\"noopener\">QUESADA DECORATION &#8211;<\/a> <\/strong>C\/ dels Montcades, 2, Distrito Centro, 07012. <strong>Palma de Mallorca<\/strong>. Tel.: 971 715 111.<br><strong><a href=\"https:\/\/worldlight.es\/\" target=\"_blank\" rel=\"noopener\">WORLD LIGTH<\/a> \u00b7 <\/strong>C\/ Gremi Fusters, 30, <strong>Palma de Mallorca <\/strong> (Polig. Son Castell\u00f3) . Tel.: 971 718 304. <br><strong><a href=\"https:\/\/vivendapitiusa.es\/\" target=\"_blank\" rel=\"noopener\">VIVENDA PITIUSA<\/a> \u00b7 <\/strong>Av. Espa\u00f1a 26. <strong> <\/strong><strong>Ibiza<\/strong>. Tel.: 971 311 172. <\/p><h2 style=\"text-align: center;\"><strong>LA RIOJA<\/strong><\/h2><p style=\"text-align: center;\"><span class=\"wsw-02\"><strong><a href=\"https:\/\/cocinamos.es\/\" target=\"_blank\" rel=\"noopener\"><span class=\"wsw-04\">ESTUDIO ESTEFANIA Y MARZO<\/span><\/a> \u00b7 <\/strong><span class=\"wsw-05\">Av. Solaridad 28, 26003 <strong>Logro\u00f1o<\/strong>.  <\/span><\/span>Tel.: 941 259 014. <br><strong><a href=\"https:\/\/rosagarcia.com\/\" target=\"_blank\" rel=\"noopener\">ROSA GARCIA<\/a> \u00b7 <\/strong>Plaza Maestro \u00c1ngel Arroyo 4<strong>. <\/strong><strong>Calahorra<\/strong>. Tel.: 941 130 059.<\/p><h2 style=\"text-align: center;\"><strong>MURCIA<\/strong><\/h2><p style=\"text-align: center;\"><strong><a href=\"https:\/\/www.lonjahome.com\">LONJA HOME &amp; KITCHEN<\/a> \u00b7 <\/strong>Pl. del Trabajo, 4, 30800, <strong>Lorca<\/strong>, <strong>Murcia<\/strong>. Tel.: <a href=\"tel:34968443322\">+34 968 44 33 22<\/a> <br><strong><a href=\"https:\/\/muekles.com\/\" target=\"_blank\" rel=\"noopener\">MUEKLES<\/a> &#8211; <\/strong>Pol. Ind. el Pino, C. Dubl\u00edn, 1, 30730 <strong>San Javier<\/strong>,<strong> Murcia<\/strong> Tel.: 968 334 028.  <strong><br><\/strong><\/p><h2 style=\"text-align: center;\"><strong>BASQUE COUNTRY<\/strong><\/h2><p style=\"text-align: center;\"><strong><a href=\"https:\/\/www.komodadecoracion.com\/\" target=\"_blank\" rel=\"noopener\">KOMODA DECORACION<\/a> &#8211; <\/strong>Juan Bautista Uriarte Kalea, 61. Galdakao. <strong>Bizkaia<\/strong>. Tel.: 946 008 545. <br><b><a href=\"https:\/\/verybilbao.com\/comercios\/maticas-decoracion\/\" target=\"_blank\" rel=\"noopener\">MATICAS <\/a><strong>\u00b7 <\/strong><\/b>Av. de las Universidades 3. <b>Bilbao<\/b> . Tel.: 944 458 844. <br><strong><a href=\"https:\/\/mujikadec.net\/\" target=\"_blank\" rel=\"noopener\">MUJIKA<\/a> &#8211;<\/strong> Senpere Kalea, 7. Beasain. <strong>Guipuzkoa<\/strong>. Tel.: 943 160 054. <br><strong><a href=\"https:\/\/www.nuvan.es\/\" target=\"_blank\" rel=\"noopener\">NUVAN<\/a> \u00b7 <\/strong>Basarte 3, bajo. 20870 <strong>Elgoibar. <\/strong>Tel.: 943 747 414.  <br><strong><a href=\"https:\/\/mueblesolabarri.com\/\" target=\"_blank\" rel=\"noopener\">OLABARRI<\/a><\/strong> &#8211; <strong>Av <\/strong>. de Guipuzkoa , 16 bajo. Irun. <strong>Guipuzkoa<\/strong>. Tel.: 943 615 447.<br><b><a href=\"https:\/\/www.sohointeriores.com\/\" target=\"_blank\" rel=\"noopener\">SOHO INTERIORES<\/a> <\/b><strong>\u00b7 <\/strong>C\/ Fueros, 24. <b>Vitoria-Gasteeiz<\/b>. Tel.: 945 142 847. <\/p><\/div>\t\t\t\t\t\t\t\t<\/div>\n\t\t\t\t<\/div>\n\t\t\t\t\t<\/div>\n\t\t\t\t<\/div>\n\t\t<div class=\"elementor-element elementor-element-90a0533 e-flex e-con-boxed e-con e-parent\" data-id=\"90a0533\" data-element_type=\"container\" data-e-type=\"container\">\n\t\t\t\t\t<div class=\"e-con-inner\">\n\t\t\t\t<div class=\"elementor-element elementor-element-ea424f1 elementor-widget elementor-widget-menu-anchor\" data-id=\"ea424f1\" data-element_type=\"widget\" data-e-type=\"widget\" data-widget_type=\"menu-anchor.default\">\n\t\t\t\t<div class=\"elementor-widget-container\">\n\t\t\t\t\t\t\t<div class=\"elementor-menu-anchor\" id=\"por\"><\/div>\n\t\t\t\t\t\t<\/div>\n\t\t\t\t<\/div>\n\t\t\t\t\t<\/div>\n\t\t\t\t<\/div>\n\t\t<div class=\"elementor-element elementor-element-d6a661a e-flex e-con-boxed e-con e-parent\" data-id=\"d6a661a\" data-element_type=\"container\" data-e-type=\"container\">\n\t\t\t\t\t<div class=\"e-con-inner\">\n\t\t\t\t<div class=\"elementor-element elementor-element-2dba041 elementor-widget elementor-widget-text-editor\" data-id=\"2dba041\" data-element_type=\"widget\" data-e-type=\"widget\" data-widget_type=\"text-editor.default\">\n\t\t\t\t<div class=\"elementor-widget-container\">\n\t\t\t\t\t\t\t\t\t<div><h1 style=\"text-align: center;\"><span style=\"color: #000000;\"><strong>PORTUGAL<\/strong><\/span><\/h1><p style=\"text-align: center;\"><strong><a href=\"https:\/\/www.showroomlisboa.com\/\" target=\"_blank\" rel=\"noopener\">ATEMPORAL Showroom<\/a> \u00b7 <\/strong>Rua Castilho 213 B, <strong>Lisboa<\/strong>. Phone: (+351) 968 235 268.<strong><br><\/strong><strong><a href=\"https:\/\/www.intemporaneo.com\/index.php\" target=\"_blank\" rel=\"noopener\">INTEMPORANEO<\/a><\/strong> <strong>\u00b7 <\/strong>R. dos Netos 18, 9000-084 <strong>Funchal<\/strong>,<strong> Portugal<\/strong>. Phone: +(351) 291 236 623.<br><strong><a href=\"https:\/\/www.ritaroquette.com\/\" target=\"_blank\" rel=\"noopener\">RITA ROQUETTE<\/a><\/strong> <strong>\u00b7 <\/strong>Rua Artilharia, 1-69 C 1250-038 <strong>Lisboa<\/strong>. Phone: +(351) 219 233 738.<\/p><\/div>\t\t\t\t\t\t\t\t<\/div>\n\t\t\t\t<\/div>\n\t\t\t\t\t<\/div>\n\t\t\t\t<\/div>\n\t\t<div class=\"elementor-element elementor-element-4e58da3 e-flex e-con-boxed e-con e-parent\" data-id=\"4e58da3\" data-element_type=\"container\" data-e-type=\"container\">\n\t\t\t\t\t<div class=\"e-con-inner\">\n\t\t\t\t<div class=\"elementor-element elementor-element-8f9d69c elementor-widget elementor-widget-menu-anchor\" data-id=\"8f9d69c\" data-element_type=\"widget\" data-e-type=\"widget\" data-widget_type=\"menu-anchor.default\">\n\t\t\t\t<div class=\"elementor-widget-container\">\n\t\t\t\t\t\t\t<div class=\"elementor-menu-anchor\" id=\"bel\"><\/div>\n\t\t\t\t\t\t<\/div>\n\t\t\t\t<\/div>\n\t\t\t\t\t<\/div>\n\t\t\t\t<\/div>\n\t\t<div class=\"elementor-element elementor-element-8bd57b9 e-flex e-con-boxed e-con e-parent\" data-id=\"8bd57b9\" data-element_type=\"container\" data-e-type=\"container\">\n\t\t\t\t\t<div class=\"e-con-inner\">\n\t\t\t\t<div class=\"elementor-element elementor-element-d87e967 elementor-widget elementor-widget-text-editor\" data-id=\"d87e967\" data-element_type=\"widget\" data-e-type=\"widget\" data-widget_type=\"text-editor.default\">\n\t\t\t\t<div class=\"elementor-widget-container\">\n\t\t\t\t\t\t\t\t\t<h1 style=\"text-align: center;\"><strong><span style=\"color: #000000;\">BELGIUM<\/span> \u00b7 <span class=\"wnd-font-size-70\"><a href=\"mailto:hello@atemporal.casa\">Contact<\/a><\/span><\/strong><\/h1><div style=\"text-align: center;\">Contact our agent to find the nearest sales point: <a href=\"sofie.vos@z-u.be\">sofie.vos@z-u.be<\/a><\/div>\t\t\t\t\t\t\t\t<\/div>\n\t\t\t\t<\/div>\n\t\t\t\t\t<\/div>\n\t\t\t\t<\/div>\n\t\t<div class=\"elementor-element elementor-element-9c1b644 e-flex e-con-boxed e-con e-parent\" data-id=\"9c1b644\" data-element_type=\"container\" data-e-type=\"container\">\n\t\t\t\t\t<div class=\"e-con-inner\">\n\t\t\t\t<div class=\"elementor-element elementor-element-6e83b27 elementor-widget elementor-widget-menu-anchor\" data-id=\"6e83b27\" data-element_type=\"widget\" data-e-type=\"widget\" data-widget_type=\"menu-anchor.default\">\n\t\t\t\t<div class=\"elementor-widget-container\">\n\t\t\t\t\t\t\t<div class=\"elementor-menu-anchor\" id=\"lux\"><\/div>\n\t\t\t\t\t\t<\/div>\n\t\t\t\t<\/div>\n\t\t\t\t\t<\/div>\n\t\t\t\t<\/div>\n\t\t<div class=\"elementor-element elementor-element-27fb8ce e-flex e-con-boxed e-con e-parent\" data-id=\"27fb8ce\" data-element_type=\"container\" data-e-type=\"container\">\n\t\t\t\t\t<div class=\"e-con-inner\">\n\t\t\t\t<div class=\"elementor-element elementor-element-c069c0d elementor-widget elementor-widget-text-editor\" data-id=\"c069c0d\" data-element_type=\"widget\" data-e-type=\"widget\" data-widget_type=\"text-editor.default\">\n\t\t\t\t<div class=\"elementor-widget-container\">\n\t\t\t\t\t\t\t\t\t<h1 style=\"text-align: center;\"><strong><span style=\"color: #000000;\">LUXEMBURGO<\/span> <\/strong><strong>\u00b7 <\/strong><strong><span class=\"wnd-font-size-70\"><a href=\"mailto:hello@atemporal.casa\">Contacto<\/a><\/span><\/strong><\/h1>\t\t\t\t\t\t\t\t<\/div>\n\t\t\t\t<\/div>\n\t\t\t\t\t<\/div>\n\t\t\t\t<\/div>\n\t\t<div class=\"elementor-element elementor-element-d6f39b4 e-flex e-con-boxed e-con e-parent\" data-id=\"d6f39b4\" data-element_type=\"container\" data-e-type=\"container\">\n\t\t\t\t\t<div class=\"e-con-inner\">\n\t\t\t\t<div class=\"elementor-element elementor-element-aa7f4d6 elementor-widget elementor-widget-menu-anchor\" data-id=\"aa7f4d6\" data-element_type=\"widget\" data-e-type=\"widget\" data-widget_type=\"menu-anchor.default\">\n\t\t\t\t<div class=\"elementor-widget-container\">\n\t\t\t\t\t\t\t<div class=\"elementor-menu-anchor\" id=\"net\"><\/div>\n\t\t\t\t\t\t<\/div>\n\t\t\t\t<\/div>\n\t\t\t\t\t<\/div>\n\t\t\t\t<\/div>\n\t\t<div class=\"elementor-element elementor-element-1b7d34a e-flex e-con-boxed e-con e-parent\" data-id=\"1b7d34a\" data-element_type=\"container\" data-e-type=\"container\">\n\t\t\t\t\t<div class=\"e-con-inner\">\n\t\t\t\t<div class=\"elementor-element elementor-element-03a5772 elementor-widget elementor-widget-text-editor\" data-id=\"03a5772\" data-element_type=\"widget\" data-e-type=\"widget\" data-widget_type=\"text-editor.default\">\n\t\t\t\t<div class=\"elementor-widget-container\">\n\t\t\t\t\t\t\t\t\t<h1 style=\"text-align: center;\"><strong><span style=\"color: #000000;\">NETHERLANDS<\/span> <\/strong><strong>\u00b7 <span class=\"wnd-font-size-70\"><a href=\"mailto:hello@atemporal.casa\">Contact<\/a><\/span><\/strong><\/h1>\t\t\t\t\t\t\t\t<\/div>\n\t\t\t\t<\/div>\n\t\t\t\t\t<\/div>\n\t\t\t\t<\/div>\n\t\t<div class=\"elementor-element elementor-element-6219572 e-flex e-con-boxed e-con e-parent\" data-id=\"6219572\" data-element_type=\"container\" data-e-type=\"container\">\n\t\t\t\t\t<div class=\"e-con-inner\">\n\t\t\t\t<div class=\"elementor-element elementor-element-6ebc4e6 elementor-widget elementor-widget-menu-anchor\" data-id=\"6ebc4e6\" data-element_type=\"widget\" data-e-type=\"widget\" data-widget_type=\"menu-anchor.default\">\n\t\t\t\t<div class=\"elementor-widget-container\">\n\t\t\t\t\t\t\t<div class=\"elementor-menu-anchor\" id=\"pan\"><\/div>\n\t\t\t\t\t\t<\/div>\n\t\t\t\t<\/div>\n\t\t\t\t\t<\/div>\n\t\t\t\t<\/div>\n\t\t<div class=\"elementor-element elementor-element-d980ce0 e-flex e-con-boxed e-con e-parent\" data-id=\"d980ce0\" data-element_type=\"container\" data-e-type=\"container\">\n\t\t\t\t\t<div class=\"e-con-inner\">\n\t\t\t\t<div class=\"elementor-element elementor-element-c5de2d8 elementor-widget elementor-widget-text-editor\" data-id=\"c5de2d8\" data-element_type=\"widget\" data-e-type=\"widget\" data-widget_type=\"text-editor.default\">\n\t\t\t\t<div class=\"elementor-widget-container\">\n\t\t\t\t\t\t\t\t\t<h1 style=\"text-align: center;\"><strong><span style=\"color: #000000;\">PANAMA<\/span> <\/strong><strong>\u00b7 <span class=\"wnd-font-size-70\"><a href=\"mailto:hello@atemporal.casa\">Contact<\/a><\/span><\/strong><\/h1>\t\t\t\t\t\t\t\t<\/div>\n\t\t\t\t<\/div>\n\t\t\t\t\t<\/div>\n\t\t\t\t<\/div>\n\t\t<div class=\"elementor-element elementor-element-572f7a3 e-flex e-con-boxed e-con e-parent\" data-id=\"572f7a3\" data-element_type=\"container\" data-e-type=\"container\">\n\t\t\t\t\t<div class=\"e-con-inner\">\n\t\t\t\t<div class=\"elementor-element elementor-element-b42e342 elementor-widget elementor-widget-spacer\" data-id=\"b42e342\" data-element_type=\"widget\" data-e-type=\"widget\" data-widget_type=\"spacer.default\">\n\t\t\t\t<div class=\"elementor-widget-container\">\n\t\t\t\t\t\t\t<div class=\"elementor-spacer\">\n\t\t\t<div class=\"elementor-spacer-inner\"><\/div>\n\t\t<\/div>\n\t\t\t\t\t\t<\/div>\n\t\t\t\t<\/div>\n\t\t\t\t\t<\/div>\n\t\t\t\t<\/div>\n\t\t\t\t<\/div>\n\t\t","protected":false},"excerpt":{"rendered":"<p>OFFICIAL DISTRIBUTORS ANDORRA, SPAIN, PORTUGAL, AND OTHER COUNTRIES National Market Europe Central America LA BAU STORE. Carrer Bonaventura Armengol, 3, AD500 Andorra la Vella, Andorra. Tel.:+376 802 236. LA MAISON. Crta. General 2 Edificio Novell 2 bajos. INCLES . Canillo. Tel.:+376 855 281. SISTEMA CUINA Avda. de les Escoles 18. Escaldes-Engordany. Tel.: 376 867 483. [&hellip;]<\/p>\n","protected":false},"author":1,"featured_media":0,"parent":0,"menu_order":0,"comment_status":"closed","ping_status":"closed","template":"elementor_header_footer","meta":{"ocean_post_layout":"","ocean_both_sidebars_style":"","ocean_both_sidebars_content_width":0,"ocean_both_sidebars_sidebars_width":0,"ocean_sidebar":"","ocean_second_sidebar":"","ocean_disable_margins":"enable","ocean_add_body_class":"","ocean_shortcode_before_top_bar":"","ocean_shortcode_after_top_bar":"","ocean_shortcode_before_header":"","ocean_shortcode_after_header":"","ocean_has_shortcode":"","ocean_shortcode_after_title":"","ocean_shortcode_before_footer_widgets":"","ocean_shortcode_after_footer_widgets":"","ocean_shortcode_before_footer_bottom":"","ocean_shortcode_after_footer_bottom":"","ocean_display_top_bar":"default","ocean_display_header":"default","ocean_header_style":"","ocean_center_header_left_menu":"","ocean_custom_header_template":"","ocean_custom_logo":0,"ocean_custom_retina_logo":0,"ocean_custom_logo_max_width":0,"ocean_custom_logo_tablet_max_width":0,"ocean_custom_logo_mobile_max_width":0,"ocean_custom_logo_max_height":0,"ocean_custom_logo_tablet_max_height":0,"ocean_custom_logo_mobile_max_height":0,"ocean_header_custom_menu":"","ocean_menu_typo_font_family":"","ocean_menu_typo_font_subset":"","ocean_menu_typo_font_size":0,"ocean_menu_typo_font_size_tablet":0,"ocean_menu_typo_font_size_mobile":0,"ocean_menu_typo_font_size_unit":"px","ocean_menu_typo_font_weight":"","ocean_menu_typo_font_weight_tablet":"","ocean_menu_typo_font_weight_mobile":"","ocean_menu_typo_transform":"","ocean_menu_typo_transform_tablet":"","ocean_menu_typo_transform_mobile":"","ocean_menu_typo_line_height":0,"ocean_menu_typo_line_height_tablet":0,"ocean_menu_typo_line_height_mobile":0,"ocean_menu_typo_line_height_unit":"","ocean_menu_typo_spacing":0,"ocean_menu_typo_spacing_tablet":0,"ocean_menu_typo_spacing_mobile":0,"ocean_menu_typo_spacing_unit":"","ocean_menu_link_color":"","ocean_menu_link_color_hover":"","ocean_menu_link_color_active":"","ocean_menu_link_background":"","ocean_menu_link_hover_background":"","ocean_menu_link_active_background":"","ocean_menu_social_links_bg":"","ocean_menu_social_hover_links_bg":"","ocean_menu_social_links_color":"","ocean_menu_social_hover_links_color":"","ocean_disable_title":"default","ocean_disable_heading":"default","ocean_post_title":"","ocean_post_subheading":"","ocean_post_title_style":"","ocean_post_title_background_color":"","ocean_post_title_background":0,"ocean_post_title_bg_image_position":"","ocean_post_title_bg_image_attachment":"","ocean_post_title_bg_image_repeat":"","ocean_post_title_bg_image_size":"","ocean_post_title_height":0,"ocean_post_title_bg_overlay":0.5,"ocean_post_title_bg_overlay_color":"","ocean_disable_breadcrumbs":"default","ocean_breadcrumbs_color":"","ocean_breadcrumbs_separator_color":"","ocean_breadcrumbs_links_color":"","ocean_breadcrumbs_links_hover_color":"","ocean_display_footer_widgets":"default","ocean_display_footer_bottom":"default","ocean_custom_footer_template":"","footnotes":""},"class_list":["post-7951","page","type-page","status-publish","hentry","entry","owp-thumbs-layout-horizontal","owp-btn-normal","owp-tabs-layout-horizontal","has-no-thumbnails","has-product-nav"],"yoast_head":"<!-- This site is optimized with the Yoast SEO Premium plugin v27.1 (Yoast SEO v27.4) - https:\/\/yoast.com\/product\/yoast-seo-premium-wordpress\/ -->\n<title>Store Locator - ATEMPORAL Ethical Home Interiors<\/title>\n<meta name=\"robots\" content=\"index, follow, max-snippet:-1, max-image-preview:large, max-video-preview:-1\" \/>\n<link rel=\"canonical\" href=\"https:\/\/atemporal.casa\/en\/points-of-sale\/\" \/>\n<meta property=\"og:locale\" content=\"en_US\" \/>\n<meta property=\"og:type\" content=\"article\" \/>\n<meta property=\"og:title\" content=\"Store Locator\" \/>\n<meta property=\"og:description\" content=\"OFFICIAL DISTRIBUTORS ANDORRA, SPAIN, PORTUGAL, AND OTHER COUNTRIES National Market Europe Central America LA BAU STORE. Carrer Bonaventura Armengol, 3, AD500 Andorra la Vella, Andorra. Tel.:+376 802 236. LA MAISON. Crta. General 2 Edificio Novell 2 bajos. INCLES . Canillo. Tel.:+376 855 281. SISTEMA CUINA Avda. de les Escoles 18. Escaldes-Engordany. Tel.: 376 867 483. [&hellip;]\" \/>\n<meta property=\"og:url\" content=\"https:\/\/atemporal.casa\/en\/points-of-sale\/\" \/>\n<meta property=\"og:site_name\" content=\"ATEMPORAL Ethical Home Interiors\" \/>\n<meta property=\"article:publisher\" content=\"https:\/\/www.facebook.com\/atemporalhomeinteriors\" \/>\n<meta property=\"article:modified_time\" content=\"2026-03-18T10:35:39+00:00\" \/>\n<meta property=\"og:image\" content=\"https:\/\/atemporal.casa\/wp-content\/uploads\/2025\/06\/mapa-1024x678.jpg\" \/>\n<meta name=\"twitter:card\" content=\"summary_large_image\" \/>\n<meta name=\"twitter:label1\" content=\"Est. reading time\" \/>\n\t<meta name=\"twitter:data1\" content=\"14 minutes\" \/>\n<script type=\"application\/ld+json\" class=\"yoast-schema-graph\">{\"@context\":\"https:\\\/\\\/schema.org\",\"@graph\":[{\"@type\":\"WebPage\",\"@id\":\"https:\\\/\\\/atemporal.casa\\\/en\\\/points-of-sale\\\/\",\"url\":\"https:\\\/\\\/atemporal.casa\\\/en\\\/points-of-sale\\\/\",\"name\":\"Store Locator - ATEMPORAL Ethical Home Interiors\",\"isPartOf\":{\"@id\":\"https:\\\/\\\/atemporal.casa\\\/en\\\/#website\"},\"primaryImageOfPage\":{\"@id\":\"https:\\\/\\\/atemporal.casa\\\/en\\\/points-of-sale\\\/#primaryimage\"},\"image\":{\"@id\":\"https:\\\/\\\/atemporal.casa\\\/en\\\/points-of-sale\\\/#primaryimage\"},\"thumbnailUrl\":\"https:\\\/\\\/atemporal.casa\\\/wp-content\\\/uploads\\\/2025\\\/06\\\/mapa-1024x678.jpg\",\"datePublished\":\"2025-06-05T13:57:56+00:00\",\"dateModified\":\"2026-03-18T10:35:39+00:00\",\"breadcrumb\":{\"@id\":\"https:\\\/\\\/atemporal.casa\\\/en\\\/points-of-sale\\\/#breadcrumb\"},\"inLanguage\":\"en-US\",\"potentialAction\":[{\"@type\":\"ReadAction\",\"target\":[\"https:\\\/\\\/atemporal.casa\\\/en\\\/points-of-sale\\\/\"]}]},{\"@type\":\"ImageObject\",\"inLanguage\":\"en-US\",\"@id\":\"https:\\\/\\\/atemporal.casa\\\/en\\\/points-of-sale\\\/#primaryimage\",\"url\":\"https:\\\/\\\/atemporal.casa\\\/wp-content\\\/uploads\\\/2025\\\/06\\\/mapa-1024x678.jpg\",\"contentUrl\":\"https:\\\/\\\/atemporal.casa\\\/wp-content\\\/uploads\\\/2025\\\/06\\\/mapa-1024x678.jpg\"},{\"@type\":\"BreadcrumbList\",\"@id\":\"https:\\\/\\\/atemporal.casa\\\/en\\\/points-of-sale\\\/#breadcrumb\",\"itemListElement\":[{\"@type\":\"ListItem\",\"position\":1,\"name\":\"Home\",\"item\":\"https:\\\/\\\/atemporal.casa\\\/en\\\/\"},{\"@type\":\"ListItem\",\"position\":2,\"name\":\"Store Locator\"}]},{\"@type\":\"WebSite\",\"@id\":\"https:\\\/\\\/atemporal.casa\\\/en\\\/#website\",\"url\":\"https:\\\/\\\/atemporal.casa\\\/en\\\/\",\"name\":\"atemporal.casa\",\"description\":\"n Atemporal Home Interiors nos hemos consolidado como un referente clave en el sector de la alta decoraci\u00f3n, tanto en Espa\u00f1a como en el resto de Europa.\",\"publisher\":{\"@id\":\"https:\\\/\\\/atemporal.casa\\\/en\\\/#organization\"},\"potentialAction\":[{\"@type\":\"SearchAction\",\"target\":{\"@type\":\"EntryPoint\",\"urlTemplate\":\"https:\\\/\\\/atemporal.casa\\\/en\\\/?s={search_term_string}\"},\"query-input\":{\"@type\":\"PropertyValueSpecification\",\"valueRequired\":true,\"valueName\":\"search_term_string\"}}],\"inLanguage\":\"en-US\"},{\"@type\":\"Organization\",\"@id\":\"https:\\\/\\\/atemporal.casa\\\/en\\\/#organization\",\"name\":\"atemporal.casa\",\"url\":\"https:\\\/\\\/atemporal.casa\\\/en\\\/\",\"logo\":{\"@type\":\"ImageObject\",\"inLanguage\":\"en-US\",\"@id\":\"https:\\\/\\\/atemporal.casa\\\/en\\\/#\\\/schema\\\/logo\\\/image\\\/\",\"url\":\"https:\\\/\\\/atemporal.casa\\\/wp-content\\\/uploads\\\/2025\\\/09\\\/cropped-LOGO-favicom-1.png\",\"contentUrl\":\"https:\\\/\\\/atemporal.casa\\\/wp-content\\\/uploads\\\/2025\\\/09\\\/cropped-LOGO-favicom-1.png\",\"width\":512,\"height\":512,\"caption\":\"atemporal.casa\"},\"image\":{\"@id\":\"https:\\\/\\\/atemporal.casa\\\/en\\\/#\\\/schema\\\/logo\\\/image\\\/\"},\"sameAs\":[\"https:\\\/\\\/www.facebook.com\\\/atemporalhomeinteriors\",\"https:\\\/\\\/www.instagram.com\\\/atemporalhomeinteriors\\\/\"],\"description\":\"Nuestros sof\u00e1s representan el equilibrio perfecto entre confort, elegancia y sofisticaci\u00f3n, convirti\u00e9ndose en la elecci\u00f3n ideal para elevar cualquier ambiente.\"}]}<\/script>\n<!-- \/ Yoast SEO Premium plugin. -->","yoast_head_json":{"title":"Store Locator - ATEMPORAL Ethical Home Interiors","robots":{"index":"index","follow":"follow","max-snippet":"max-snippet:-1","max-image-preview":"max-image-preview:large","max-video-preview":"max-video-preview:-1"},"canonical":"https:\/\/atemporal.casa\/en\/points-of-sale\/","og_locale":"en_US","og_type":"article","og_title":"Store Locator","og_description":"OFFICIAL DISTRIBUTORS ANDORRA, SPAIN, PORTUGAL, AND OTHER COUNTRIES National Market Europe Central America LA BAU STORE. Carrer Bonaventura Armengol, 3, AD500 Andorra la Vella, Andorra. Tel.:+376 802 236. LA MAISON. Crta. General 2 Edificio Novell 2 bajos. INCLES . Canillo. Tel.:+376 855 281. SISTEMA CUINA Avda. de les Escoles 18. Escaldes-Engordany. Tel.: 376 867 483. [&hellip;]","og_url":"https:\/\/atemporal.casa\/en\/points-of-sale\/","og_site_name":"ATEMPORAL Ethical Home Interiors","article_publisher":"https:\/\/www.facebook.com\/atemporalhomeinteriors","article_modified_time":"2026-03-18T10:35:39+00:00","og_image":[{"url":"https:\/\/atemporal.casa\/wp-content\/uploads\/2025\/06\/mapa-1024x678.jpg","type":"","width":"","height":""}],"twitter_card":"summary_large_image","twitter_misc":{"Est. reading time":"14 minutes"},"schema":{"@context":"https:\/\/schema.org","@graph":[{"@type":"WebPage","@id":"https:\/\/atemporal.casa\/en\/points-of-sale\/","url":"https:\/\/atemporal.casa\/en\/points-of-sale\/","name":"Store Locator - ATEMPORAL Ethical Home Interiors","isPartOf":{"@id":"https:\/\/atemporal.casa\/en\/#website"},"primaryImageOfPage":{"@id":"https:\/\/atemporal.casa\/en\/points-of-sale\/#primaryimage"},"image":{"@id":"https:\/\/atemporal.casa\/en\/points-of-sale\/#primaryimage"},"thumbnailUrl":"https:\/\/atemporal.casa\/wp-content\/uploads\/2025\/06\/mapa-1024x678.jpg","datePublished":"2025-06-05T13:57:56+00:00","dateModified":"2026-03-18T10:35:39+00:00","breadcrumb":{"@id":"https:\/\/atemporal.casa\/en\/points-of-sale\/#breadcrumb"},"inLanguage":"en-US","potentialAction":[{"@type":"ReadAction","target":["https:\/\/atemporal.casa\/en\/points-of-sale\/"]}]},{"@type":"ImageObject","inLanguage":"en-US","@id":"https:\/\/atemporal.casa\/en\/points-of-sale\/#primaryimage","url":"https:\/\/atemporal.casa\/wp-content\/uploads\/2025\/06\/mapa-1024x678.jpg","contentUrl":"https:\/\/atemporal.casa\/wp-content\/uploads\/2025\/06\/mapa-1024x678.jpg"},{"@type":"BreadcrumbList","@id":"https:\/\/atemporal.casa\/en\/points-of-sale\/#breadcrumb","itemListElement":[{"@type":"ListItem","position":1,"name":"Home","item":"https:\/\/atemporal.casa\/en\/"},{"@type":"ListItem","position":2,"name":"Store Locator"}]},{"@type":"WebSite","@id":"https:\/\/atemporal.casa\/en\/#website","url":"https:\/\/atemporal.casa\/en\/","name":"atemporal.casa","description":"n Atemporal Home Interiors nos hemos consolidado como un referente clave en el sector de la alta decoraci\u00f3n, tanto en Espa\u00f1a como en el resto de Europa.","publisher":{"@id":"https:\/\/atemporal.casa\/en\/#organization"},"potentialAction":[{"@type":"SearchAction","target":{"@type":"EntryPoint","urlTemplate":"https:\/\/atemporal.casa\/en\/?s={search_term_string}"},"query-input":{"@type":"PropertyValueSpecification","valueRequired":true,"valueName":"search_term_string"}}],"inLanguage":"en-US"},{"@type":"Organization","@id":"https:\/\/atemporal.casa\/en\/#organization","name":"atemporal.casa","url":"https:\/\/atemporal.casa\/en\/","logo":{"@type":"ImageObject","inLanguage":"en-US","@id":"https:\/\/atemporal.casa\/en\/#\/schema\/logo\/image\/","url":"https:\/\/atemporal.casa\/wp-content\/uploads\/2025\/09\/cropped-LOGO-favicom-1.png","contentUrl":"https:\/\/atemporal.casa\/wp-content\/uploads\/2025\/09\/cropped-LOGO-favicom-1.png","width":512,"height":512,"caption":"atemporal.casa"},"image":{"@id":"https:\/\/atemporal.casa\/en\/#\/schema\/logo\/image\/"},"sameAs":["https:\/\/www.facebook.com\/atemporalhomeinteriors","https:\/\/www.instagram.com\/atemporalhomeinteriors\/"],"description":"Nuestros sof\u00e1s representan el equilibrio perfecto entre confort, elegancia y sofisticaci\u00f3n, convirti\u00e9ndose en la elecci\u00f3n ideal para elevar cualquier ambiente."}]}},"_links":{"self":[{"href":"https:\/\/atemporal.casa\/en\/wp-json\/wp\/v2\/pages\/7951","targetHints":{"allow":["GET"]}}],"collection":[{"href":"https:\/\/atemporal.casa\/en\/wp-json\/wp\/v2\/pages"}],"about":[{"href":"https:\/\/atemporal.casa\/en\/wp-json\/wp\/v2\/types\/page"}],"author":[{"embeddable":true,"href":"https:\/\/atemporal.casa\/en\/wp-json\/wp\/v2\/users\/1"}],"replies":[{"embeddable":true,"href":"https:\/\/atemporal.casa\/en\/wp-json\/wp\/v2\/comments?post=7951"}],"version-history":[{"count":2,"href":"https:\/\/atemporal.casa\/en\/wp-json\/wp\/v2\/pages\/7951\/revisions"}],"predecessor-version":[{"id":14372,"href":"https:\/\/atemporal.casa\/en\/wp-json\/wp\/v2\/pages\/7951\/revisions\/14372"}],"wp:attachment":[{"href":"https:\/\/atemporal.casa\/en\/wp-json\/wp\/v2\/media?parent=7951"}],"curies":[{"name":"wp","href":"https:\/\/api.w.org\/{rel}","templated":true}]}}