{"id":7882,"date":"2025-07-30T07:42:52","date_gmt":"2025-07-30T05:42:52","guid":{"rendered":"https:\/\/atemporal.casa\/showrooms\/"},"modified":"2025-10-06T16:09:42","modified_gmt":"2025-10-06T14:09:42","slug":"showrooms","status":"publish","type":"page","link":"https:\/\/atemporal.casa\/en\/showrooms\/","title":{"rendered":"Showrooms for Professionals"},"content":{"rendered":"\t\t<div data-elementor-type=\"wp-page\" data-elementor-id=\"7882\" class=\"elementor elementor-7882 elementor-5883\" data-elementor-post-type=\"page\">\n\t\t\t\t<div class=\"elementor-element elementor-element-2cd5cc9 e-flex e-con-boxed e-con e-parent\" data-id=\"2cd5cc9\" data-element_type=\"container\" data-e-type=\"container\">\n\t\t\t\t\t<div class=\"e-con-inner\">\n\t\t\t\t<div class=\"elementor-element elementor-element-5b8d487 elementor-widget elementor-widget-spacer\" data-id=\"5b8d487\" data-element_type=\"widget\" data-e-type=\"widget\" data-widget_type=\"spacer.default\">\n\t\t\t\t<div class=\"elementor-widget-container\">\n\t\t\t\t\t\t\t<div class=\"elementor-spacer\">\n\t\t\t<div class=\"elementor-spacer-inner\"><\/div>\n\t\t<\/div>\n\t\t\t\t\t\t<\/div>\n\t\t\t\t<\/div>\n\t\t\t\t<div class=\"elementor-element elementor-element-7ffd761 elementor-widget elementor-widget-text-editor\" data-id=\"7ffd761\" data-element_type=\"widget\" data-e-type=\"widget\" data-widget_type=\"text-editor.default\">\n\t\t\t\t<div class=\"elementor-widget-container\">\n\t\t\t\t\t\t\t\t\t<p>SHOWROOMS FOR PROFESSIONALS \u00b7 By Appointment Only<\/p>\t\t\t\t\t\t\t\t<\/div>\n\t\t\t\t<\/div>\n\t\t\t\t\t<\/div>\n\t\t\t\t<\/div>\n\t\t<div class=\"elementor-element elementor-element-20a5456 e-flex e-con-boxed e-con e-parent\" data-id=\"20a5456\" data-element_type=\"container\" data-e-type=\"container\">\n\t\t\t\t\t<div class=\"e-con-inner\">\n\t\t\t\t<div class=\"elementor-element elementor-element-9d63d53 elementor-widget-divider--view-line elementor-widget elementor-widget-divider\" data-id=\"9d63d53\" data-element_type=\"widget\" data-e-type=\"widget\" data-widget_type=\"divider.default\">\n\t\t\t\t<div class=\"elementor-widget-container\">\n\t\t\t\t\t\t\t<div class=\"elementor-divider\">\n\t\t\t<span class=\"elementor-divider-separator\">\n\t\t\t\t\t\t<\/span>\n\t\t<\/div>\n\t\t\t\t\t\t<\/div>\n\t\t\t\t<\/div>\n\t\t\t\t<div class=\"elementor-element elementor-element-39afc70 elementor-widget elementor-widget-text-editor\" data-id=\"39afc70\" data-element_type=\"widget\" data-e-type=\"widget\" data-widget_type=\"text-editor.default\">\n\t\t\t\t<div class=\"elementor-widget-container\">\n\t\t\t\t\t\t\t\t\t<p>For industry professionals, distributors, and interior designers.<\/p>\t\t\t\t\t\t\t\t<\/div>\n\t\t\t\t<\/div>\n\t\t\t\t\t<\/div>\n\t\t\t\t<\/div>\n\t\t<div class=\"elementor-element elementor-element-7429ad0 e-con-full e-flex e-con e-parent\" data-id=\"7429ad0\" data-element_type=\"container\" data-e-type=\"container\">\n\t\t\t\t<div class=\"elementor-element elementor-element-c01e417 elementor-widget elementor-widget-n-accordion\" data-id=\"c01e417\" data-element_type=\"widget\" data-e-type=\"widget\" data-settings=\"{&quot;default_state&quot;:&quot;all_collapsed&quot;,&quot;max_items_expended&quot;:&quot;one&quot;,&quot;n_accordion_animation_duration&quot;:{&quot;unit&quot;:&quot;ms&quot;,&quot;size&quot;:400,&quot;sizes&quot;:[]}}\" data-widget_type=\"nested-accordion.default\">\n\t\t\t\t<div class=\"elementor-widget-container\">\n\t\t\t\t\t\t\t<div class=\"e-n-accordion\" aria-label=\"Accordion. Open links with Enter or Space, close with Escape, and navigate with Arrow Keys\">\n\t\t\t\t\t\t<details id=\"e-n-accordion-item-2010\" class=\"e-n-accordion-item\" >\n\t\t\t\t<summary class=\"e-n-accordion-item-title\" data-accordion-index=\"1\" tabindex=\"0\" aria-expanded=\"false\" aria-controls=\"e-n-accordion-item-2010\" >\n\t\t\t\t\t<span class='e-n-accordion-item-title-header'><div class=\"e-n-accordion-item-title-text\"> Barcelona City Showroom \u00b7 By appointment only <\/div><\/span>\n\t\t\t\t\t\t\t<span class='e-n-accordion-item-title-icon'>\n\t\t\t<span class='e-opened' ><svg aria-hidden=\"true\" class=\"e-font-icon-svg e-fas-minus\" viewBox=\"0 0 448 512\" xmlns=\"http:\/\/www.w3.org\/2000\/svg\"><path d=\"M416 208H32c-17.67 0-32 14.33-32 32v32c0 17.67 14.33 32 32 32h384c17.67 0 32-14.33 32-32v-32c0-17.67-14.33-32-32-32z\"><\/path><\/svg><\/span>\n\t\t\t<span class='e-closed'><svg aria-hidden=\"true\" class=\"e-font-icon-svg e-fas-angle-down\" viewBox=\"0 0 320 512\" xmlns=\"http:\/\/www.w3.org\/2000\/svg\"><path d=\"M143 352.3L7 216.3c-9.4-9.4-9.4-24.6 0-33.9l22.6-22.6c9.4-9.4 24.6-9.4 33.9 0l96.4 96.4 96.4-96.4c9.4-9.4 24.6-9.4 33.9 0l22.6 22.6c9.4 9.4 9.4 24.6 0 33.9l-136 136c-9.2 9.4-24.4 9.4-33.8 0z\"><\/path><\/svg><\/span>\n\t\t<\/span>\n\n\t\t\t\t\t\t<\/summary>\n\t\t\t\t<div role=\"region\" aria-labelledby=\"e-n-accordion-item-2010\" class=\"elementor-element elementor-element-3acc6d1 e-con-full e-flex e-con e-child\" data-id=\"3acc6d1\" data-element_type=\"container\" data-e-type=\"container\">\n\t\t<div role=\"region\" aria-labelledby=\"e-n-accordion-item-2010\" class=\"elementor-element elementor-element-b172809 e-grid e-con-boxed e-con e-child\" data-id=\"b172809\" data-element_type=\"container\" data-e-type=\"container\">\n\t\t\t\t\t<div class=\"e-con-inner\">\n\t\t\t\t<div class=\"elementor-element elementor-element-e240ecd elementor-widget elementor-widget-text-editor\" data-id=\"e240ecd\" data-element_type=\"widget\" data-e-type=\"widget\" data-widget_type=\"text-editor.default\">\n\t\t\t\t<div class=\"elementor-widget-container\">\n\t\t\t\t\t\t\t\t\t<p>For professionals in the industry, distributors, and interior designers in the city of Barcelona.<\/p><p><a href=\"https:\/\/maps.app.goo.gl\/T8UEL1ZMvRZXp5r19\" target=\"_blank\" rel=\"noopener\">Address: C\/ Balmes 195 Bajos, 08006, Barcelona \u00b7 Travesera de Gracia, Parking 10 meters away.<\/a><\/p><p>Hours: Monday through Friday, by appointment only for professionals.<\/p><p>Contact: <a href=\"mailto:carlota@atemporal.casa\" target=\"_blank\" rel=\"noopener\">carlota@atemporal.casa<\/a><\/p><p>Phone: <a href=\"tel:+34603%20864%20316\">603 864 316<\/a><\/p><p><b>Note<\/b>: If you are a private individual and would like to visit our Showroom, please contact your nearest Official Distributor to arrange your visit. Thank you very much. <\/p>\t\t\t\t\t\t\t\t<\/div>\n\t\t\t\t<\/div>\n\t\t\t\t<div class=\"elementor-element elementor-element-5196b40 elementor-widget elementor-widget-google_maps\" data-id=\"5196b40\" data-element_type=\"widget\" data-e-type=\"widget\" data-widget_type=\"google_maps.default\">\n\t\t\t\t<div class=\"elementor-widget-container\">\n\t\t\t\t\t\t\t<div class=\"elementor-custom-embed\">\n\t\t\t<iframe loading=\"lazy\"\n\t\t\t\t\tsrc=\"https:\/\/maps.google.com\/maps?q=Calle%20de%20Balmes%2C%20195%2C%20barcelona&#038;t=m&#038;z=14&#038;output=embed&#038;iwloc=near\"\n\t\t\t\t\ttitle=\"Calle de Balmes, 195, barcelona\"\n\t\t\t\t\taria-label=\"Calle de Balmes, 195, barcelona\"\n\t\t\t><\/iframe>\n\t\t<\/div>\n\t\t\t\t\t\t<\/div>\n\t\t\t\t<\/div>\n\t\t\t\t\t<\/div>\n\t\t\t\t<\/div>\n\t\t\t\t<\/div>\n\t\t\t\t\t<\/details>\n\t\t\t\t\t\t<details id=\"e-n-accordion-item-2011\" class=\"e-n-accordion-item\" >\n\t\t\t\t<summary class=\"e-n-accordion-item-title\" data-accordion-index=\"2\" tabindex=\"-1\" aria-expanded=\"false\" aria-controls=\"e-n-accordion-item-2011\" >\n\t\t\t\t\t<span class='e-n-accordion-item-title-header'><div class=\"e-n-accordion-item-title-text\"> Showroom Barcelona Province and Catalonia \u00b7 by appointment only <\/div><\/span>\n\t\t\t\t\t\t\t<span class='e-n-accordion-item-title-icon'>\n\t\t\t<span class='e-opened' ><svg aria-hidden=\"true\" class=\"e-font-icon-svg e-fas-minus\" viewBox=\"0 0 448 512\" xmlns=\"http:\/\/www.w3.org\/2000\/svg\"><path d=\"M416 208H32c-17.67 0-32 14.33-32 32v32c0 17.67 14.33 32 32 32h384c17.67 0 32-14.33 32-32v-32c0-17.67-14.33-32-32-32z\"><\/path><\/svg><\/span>\n\t\t\t<span class='e-closed'><svg aria-hidden=\"true\" class=\"e-font-icon-svg e-fas-angle-down\" viewBox=\"0 0 320 512\" xmlns=\"http:\/\/www.w3.org\/2000\/svg\"><path d=\"M143 352.3L7 216.3c-9.4-9.4-9.4-24.6 0-33.9l22.6-22.6c9.4-9.4 24.6-9.4 33.9 0l96.4 96.4 96.4-96.4c9.4-9.4 24.6-9.4 33.9 0l22.6 22.6c9.4 9.4 9.4 24.6 0 33.9l-136 136c-9.2 9.4-24.4 9.4-33.8 0z\"><\/path><\/svg><\/span>\n\t\t<\/span>\n\n\t\t\t\t\t\t<\/summary>\n\t\t\t\t<div role=\"region\" aria-labelledby=\"e-n-accordion-item-2011\" class=\"elementor-element elementor-element-f862e89 e-con-full e-flex e-con e-child\" data-id=\"f862e89\" data-element_type=\"container\" data-e-type=\"container\">\n\t\t<div role=\"region\" aria-labelledby=\"e-n-accordion-item-2011\" class=\"elementor-element elementor-element-e377189 e-grid e-con-boxed e-con e-child\" data-id=\"e377189\" data-element_type=\"container\" data-e-type=\"container\">\n\t\t\t\t\t<div class=\"e-con-inner\">\n\t\t\t\t<div class=\"elementor-element elementor-element-fd3fcbc elementor-widget elementor-widget-text-editor\" data-id=\"fd3fcbc\" data-element_type=\"widget\" data-e-type=\"widget\" data-widget_type=\"text-editor.default\">\n\t\t\t\t<div class=\"elementor-widget-container\">\n\t\t\t\t\t\t\t\t\t<p>For professionals in the industry, distributors, and decorators in the provinces of Barcelona, Girona, Lleida, and Tarragona.<\/p><p><a href=\"https:\/\/maps.app.goo.gl\/T8UEL1ZMvRZXp5r19\" target=\"_blank\" rel=\"noopener\">Address: C\/ Balmes 195 Bajos, 08006, Barcelona \u00b7 Travesera de Gracia, Parking 10 meters away.<\/a><\/p><p>Hours: Monday through Friday, by appointment only for professionals.<\/p><p>Contact: <a href=\"mailto:roger@pamiesrepresentacions.com\">roger@pamiesrepresentacions.com<\/a><\/p><p>Phone: <a href=\"tel:+34696%20984%20667\">696 984 667<\/a><\/p><p><b>Note<\/b>: If you are a private individual and would like to visit our Showroom, please contact your nearest Official Distributor to arrange your visit. Thank you very much.<\/p><p><a href=\"https:\/\/atemporal.casa\/reservas\/\">BOOK AN APPOINTMENT (Exclusively for industry professionals)<\/a><\/p>\t\t\t\t\t\t\t\t<\/div>\n\t\t\t\t<\/div>\n\t\t\t\t<div class=\"elementor-element elementor-element-9256931 elementor-widget elementor-widget-google_maps\" data-id=\"9256931\" data-element_type=\"widget\" data-e-type=\"widget\" data-widget_type=\"google_maps.default\">\n\t\t\t\t<div class=\"elementor-widget-container\">\n\t\t\t\t\t\t\t<div class=\"elementor-custom-embed\">\n\t\t\t<iframe loading=\"lazy\"\n\t\t\t\t\tsrc=\"https:\/\/maps.google.com\/maps?q=Calle%20de%20Balmes%2C%20195%2C%20barcelona&#038;t=m&#038;z=14&#038;output=embed&#038;iwloc=near\"\n\t\t\t\t\ttitle=\"Calle de Balmes, 195, barcelona\"\n\t\t\t\t\taria-label=\"Calle de Balmes, 195, barcelona\"\n\t\t\t><\/iframe>\n\t\t<\/div>\n\t\t\t\t\t\t<\/div>\n\t\t\t\t<\/div>\n\t\t\t\t\t<\/div>\n\t\t\t\t<\/div>\n\t\t\t\t<\/div>\n\t\t\t\t\t<\/details>\n\t\t\t\t\t\t<details id=\"e-n-accordion-item-2012\" class=\"e-n-accordion-item\" >\n\t\t\t\t<summary class=\"e-n-accordion-item-title\" data-accordion-index=\"3\" tabindex=\"-1\" aria-expanded=\"false\" aria-controls=\"e-n-accordion-item-2012\" >\n\t\t\t\t\t<span class='e-n-accordion-item-title-header'><div class=\"e-n-accordion-item-title-text\"> Madrid Showroom \u00b7 By appointment only <\/div><\/span>\n\t\t\t\t\t\t\t<span class='e-n-accordion-item-title-icon'>\n\t\t\t<span class='e-opened' ><svg aria-hidden=\"true\" class=\"e-font-icon-svg e-fas-minus\" viewBox=\"0 0 448 512\" xmlns=\"http:\/\/www.w3.org\/2000\/svg\"><path d=\"M416 208H32c-17.67 0-32 14.33-32 32v32c0 17.67 14.33 32 32 32h384c17.67 0 32-14.33 32-32v-32c0-17.67-14.33-32-32-32z\"><\/path><\/svg><\/span>\n\t\t\t<span class='e-closed'><svg aria-hidden=\"true\" class=\"e-font-icon-svg e-fas-angle-down\" viewBox=\"0 0 320 512\" xmlns=\"http:\/\/www.w3.org\/2000\/svg\"><path d=\"M143 352.3L7 216.3c-9.4-9.4-9.4-24.6 0-33.9l22.6-22.6c9.4-9.4 24.6-9.4 33.9 0l96.4 96.4 96.4-96.4c9.4-9.4 24.6-9.4 33.9 0l22.6 22.6c9.4 9.4 9.4 24.6 0 33.9l-136 136c-9.2 9.4-24.4 9.4-33.8 0z\"><\/path><\/svg><\/span>\n\t\t<\/span>\n\n\t\t\t\t\t\t<\/summary>\n\t\t\t\t<div role=\"region\" aria-labelledby=\"e-n-accordion-item-2012\" class=\"elementor-element elementor-element-e6ba951 e-con-full e-flex e-con e-child\" data-id=\"e6ba951\" data-element_type=\"container\" data-e-type=\"container\">\n\t\t<div role=\"region\" aria-labelledby=\"e-n-accordion-item-2012\" class=\"elementor-element elementor-element-046f0ae e-grid e-con-boxed e-con e-child\" data-id=\"046f0ae\" data-element_type=\"container\" data-e-type=\"container\">\n\t\t\t\t\t<div class=\"e-con-inner\">\n\t\t\t\t<div class=\"elementor-element elementor-element-50a1a56 elementor-widget elementor-widget-text-editor\" data-id=\"50a1a56\" data-element_type=\"widget\" data-e-type=\"widget\" data-widget_type=\"text-editor.default\">\n\t\t\t\t<div class=\"elementor-widget-container\">\n\t\t\t\t\t\t\t\t\t<p><a href=\"https:\/\/maps.app.goo.gl\/LN1rgwLE4ttgGXE59\" target=\"_blank\" rel=\"noopener\">Direction: Calle Oxford, 4 -A ( Pol Ind Eur\u00f3polis ), 28232 Las Rozas, Madrid<\/a><\/p><p>Hours: Monday through Friday, by appointment only for professionals.<\/p><p>Contact: <a style=\"font-size: 16px; background-color: #ffffff;\" href=\"mailto:domingomartin@gmail.com\">domingomartin@gmail.com<\/a><\/p><p>Phone: <a href=\"tel:+34619%20005%20023\">619 005 023<\/a><\/p><p><b>Note<\/b>: If you are a private individual and would like to visit our Showroom, please contact your nearest Official Distributor to arrange your visit. Thank you very much. <\/p>\t\t\t\t\t\t\t\t<\/div>\n\t\t\t\t<\/div>\n\t\t\t\t<div class=\"elementor-element elementor-element-850b31a elementor-widget elementor-widget-google_maps\" data-id=\"850b31a\" data-element_type=\"widget\" data-e-type=\"widget\" data-widget_type=\"google_maps.default\">\n\t\t\t\t<div class=\"elementor-widget-container\">\n\t\t\t\t\t\t\t<div class=\"elementor-custom-embed\">\n\t\t\t<iframe loading=\"lazy\"\n\t\t\t\t\tsrc=\"https:\/\/maps.google.com\/maps?q=C.%20Oxford%2C%204A%2C%2028232%20Las%20Rozas%20de%20Madrid%2C%20Madrid&#038;t=m&#038;z=14&#038;output=embed&#038;iwloc=near\"\n\t\t\t\t\ttitle=\"C. Oxford, 4A, 28232 Las Rozas de Madrid, Madrid\"\n\t\t\t\t\taria-label=\"C. Oxford, 4A, 28232 Las Rozas de Madrid, Madrid\"\n\t\t\t><\/iframe>\n\t\t<\/div>\n\t\t\t\t\t\t<\/div>\n\t\t\t\t<\/div>\n\t\t\t\t\t<\/div>\n\t\t\t\t<\/div>\n\t\t\t\t<\/div>\n\t\t\t\t\t<\/details>\n\t\t\t\t\t\t<details id=\"e-n-accordion-item-2013\" class=\"e-n-accordion-item\" >\n\t\t\t\t<summary class=\"e-n-accordion-item-title\" data-accordion-index=\"4\" tabindex=\"-1\" aria-expanded=\"false\" aria-controls=\"e-n-accordion-item-2013\" >\n\t\t\t\t\t<span class='e-n-accordion-item-title-header'><div class=\"e-n-accordion-item-title-text\"> Lisboa Showroom \u00b7 By appointment only <\/div><\/span>\n\t\t\t\t\t\t\t<span class='e-n-accordion-item-title-icon'>\n\t\t\t<span class='e-opened' ><svg aria-hidden=\"true\" class=\"e-font-icon-svg e-fas-minus\" viewBox=\"0 0 448 512\" xmlns=\"http:\/\/www.w3.org\/2000\/svg\"><path d=\"M416 208H32c-17.67 0-32 14.33-32 32v32c0 17.67 14.33 32 32 32h384c17.67 0 32-14.33 32-32v-32c0-17.67-14.33-32-32-32z\"><\/path><\/svg><\/span>\n\t\t\t<span class='e-closed'><svg aria-hidden=\"true\" class=\"e-font-icon-svg e-fas-angle-down\" viewBox=\"0 0 320 512\" xmlns=\"http:\/\/www.w3.org\/2000\/svg\"><path d=\"M143 352.3L7 216.3c-9.4-9.4-9.4-24.6 0-33.9l22.6-22.6c9.4-9.4 24.6-9.4 33.9 0l96.4 96.4 96.4-96.4c9.4-9.4 24.6-9.4 33.9 0l22.6 22.6c9.4 9.4 9.4 24.6 0 33.9l-136 136c-9.2 9.4-24.4 9.4-33.8 0z\"><\/path><\/svg><\/span>\n\t\t<\/span>\n\n\t\t\t\t\t\t<\/summary>\n\t\t\t\t<div role=\"region\" aria-labelledby=\"e-n-accordion-item-2013\" class=\"elementor-element elementor-element-69ad6b7 e-con-full e-flex e-con e-child\" data-id=\"69ad6b7\" data-element_type=\"container\" data-e-type=\"container\">\n\t\t<div role=\"region\" aria-labelledby=\"e-n-accordion-item-2013\" class=\"elementor-element elementor-element-c25f445 e-grid e-con-boxed e-con e-child\" data-id=\"c25f445\" data-element_type=\"container\" data-e-type=\"container\">\n\t\t\t\t\t<div class=\"e-con-inner\">\n\t\t\t\t<div class=\"elementor-element elementor-element-d0c014f elementor-widget elementor-widget-text-editor\" data-id=\"d0c014f\" data-element_type=\"widget\" data-e-type=\"widget\" data-widget_type=\"text-editor.default\">\n\t\t\t\t<div class=\"elementor-widget-container\">\n\t\t\t\t\t\t\t\t\t<p><a href=\"https:\/\/maps.app.goo.gl\/E5A2ehsqyr1Gt4e26\" target=\"_blank\" rel=\"noopener\">Address: Rua Castilho 213 B \u00b7 Lisboa<\/a><\/p><p>Hours: Monday through Friday, by appointment only for professionals.<\/p><p>Contact: <a href=\"mailto:atemporal.showrromlisboa@gmail.com\">atemporal.showrromlisboa@gmail.com<\/a><\/p><p>Phone: <a href=\"tel:+351%20968%20235%20268\">(+351) 968 235 268<\/a><\/p><p><b>Note<\/b>: If you are a private individual and would like to visit our Showroom, please contact your nearest Official Distributor to arrange your visit. Thank you very much. <\/p>\t\t\t\t\t\t\t\t<\/div>\n\t\t\t\t<\/div>\n\t\t\t\t<div class=\"elementor-element elementor-element-de3c699 elementor-widget elementor-widget-google_maps\" data-id=\"de3c699\" data-element_type=\"widget\" data-e-type=\"widget\" data-widget_type=\"google_maps.default\">\n\t\t\t\t<div class=\"elementor-widget-container\">\n\t\t\t\t\t\t\t<div class=\"elementor-custom-embed\">\n\t\t\t<iframe loading=\"lazy\"\n\t\t\t\t\tsrc=\"https:\/\/maps.google.com\/maps?q=R.%20Castilho%20213B%2C%20lisboa&#038;t=m&#038;z=14&#038;output=embed&#038;iwloc=near\"\n\t\t\t\t\ttitle=\"R. Castilho 213B, lisboa\"\n\t\t\t\t\taria-label=\"R. Castilho 213B, lisboa\"\n\t\t\t><\/iframe>\n\t\t<\/div>\n\t\t\t\t\t\t<\/div>\n\t\t\t\t<\/div>\n\t\t\t\t\t<\/div>\n\t\t\t\t<\/div>\n\t\t\t\t<\/div>\n\t\t\t\t\t<\/details>\n\t\t\t\t\t\t<details id=\"e-n-accordion-item-2014\" class=\"e-n-accordion-item\" >\n\t\t\t\t<summary class=\"e-n-accordion-item-title\" data-accordion-index=\"5\" tabindex=\"-1\" aria-expanded=\"false\" aria-controls=\"e-n-accordion-item-2014\" >\n\t\t\t\t\t<span class='e-n-accordion-item-title-header'><div class=\"e-n-accordion-item-title-text\"> Belgium Showroom \u00b7 By appointment only <\/div><\/span>\n\t\t\t\t\t\t\t<span class='e-n-accordion-item-title-icon'>\n\t\t\t<span class='e-opened' ><svg aria-hidden=\"true\" class=\"e-font-icon-svg e-fas-minus\" viewBox=\"0 0 448 512\" xmlns=\"http:\/\/www.w3.org\/2000\/svg\"><path d=\"M416 208H32c-17.67 0-32 14.33-32 32v32c0 17.67 14.33 32 32 32h384c17.67 0 32-14.33 32-32v-32c0-17.67-14.33-32-32-32z\"><\/path><\/svg><\/span>\n\t\t\t<span class='e-closed'><svg aria-hidden=\"true\" class=\"e-font-icon-svg e-fas-angle-down\" viewBox=\"0 0 320 512\" xmlns=\"http:\/\/www.w3.org\/2000\/svg\"><path d=\"M143 352.3L7 216.3c-9.4-9.4-9.4-24.6 0-33.9l22.6-22.6c9.4-9.4 24.6-9.4 33.9 0l96.4 96.4 96.4-96.4c9.4-9.4 24.6-9.4 33.9 0l22.6 22.6c9.4 9.4 9.4 24.6 0 33.9l-136 136c-9.2 9.4-24.4 9.4-33.8 0z\"><\/path><\/svg><\/span>\n\t\t<\/span>\n\n\t\t\t\t\t\t<\/summary>\n\t\t\t\t<div role=\"region\" aria-labelledby=\"e-n-accordion-item-2014\" class=\"elementor-element elementor-element-7f8960e e-con-full e-flex e-con e-child\" data-id=\"7f8960e\" data-element_type=\"container\" data-e-type=\"container\">\n\t\t<div role=\"region\" aria-labelledby=\"e-n-accordion-item-2014\" class=\"elementor-element elementor-element-ea2bf09 e-grid e-con-boxed e-con e-child\" data-id=\"ea2bf09\" data-element_type=\"container\" data-e-type=\"container\">\n\t\t\t\t\t<div class=\"e-con-inner\">\n\t\t\t\t<div class=\"elementor-element elementor-element-e9093d7 elementor-widget elementor-widget-text-editor\" data-id=\"e9093d7\" data-element_type=\"widget\" data-e-type=\"widget\" data-widget_type=\"text-editor.default\">\n\t\t\t\t<div class=\"elementor-widget-container\">\n\t\t\t\t\t\t\t\t\t<p><a href=\"https:\/\/maps.app.goo.gl\/dYUssss6B9bsZbkD8\" target=\"_blank\" rel=\"noopener\">Direction: Martinusstraat 36, 3840 Gors-Opleeuw, Belgium<\/a><\/p><p>Hours: Monday through Friday, by appointment only for professionals.<\/p><p>Contacto: <a style=\"font-size: 16px; background-color: #ffffff;\" href=\"mailto:info@z-u.be%20\">info@z-u.be <\/a> | <a href=\"https:\/\/www.z-u.be\/\" target=\"_blank\" rel=\"noopener\">www.z-u.be<\/a><\/p><p>Phone: <a href=\"tel:+32%200%20476%2079%2000%2091\">+32 (0) 476 79 00 91<\/a><\/p><p><b>Note<\/b>: If you are a private individual and would like to visit our Showroom, please contact your nearest Official Distributor to arrange your visit. Thank you very much.<\/p>\t\t\t\t\t\t\t\t<\/div>\n\t\t\t\t<\/div>\n\t\t\t\t<div class=\"elementor-element elementor-element-be6cddf elementor-widget elementor-widget-google_maps\" data-id=\"be6cddf\" data-element_type=\"widget\" data-e-type=\"widget\" data-widget_type=\"google_maps.default\">\n\t\t\t\t<div class=\"elementor-widget-container\">\n\t\t\t\t\t\t\t<div class=\"elementor-custom-embed\">\n\t\t\t<iframe loading=\"lazy\"\n\t\t\t\t\tsrc=\"https:\/\/maps.google.com\/maps?q=Martinusstraat%2036%2C%203840%20Tongeren-Borgloon%2C%20B%C3%A9lgica&#038;t=m&#038;z=14&#038;output=embed&#038;iwloc=near\"\n\t\t\t\t\ttitle=\"Martinusstraat 36, 3840 Tongeren-Borgloon, B\u00e9lgica\"\n\t\t\t\t\taria-label=\"Martinusstraat 36, 3840 Tongeren-Borgloon, B\u00e9lgica\"\n\t\t\t><\/iframe>\n\t\t<\/div>\n\t\t\t\t\t\t<\/div>\n\t\t\t\t<\/div>\n\t\t\t\t\t<\/div>\n\t\t\t\t<\/div>\n\t\t\t\t<\/div>\n\t\t\t\t\t<\/details>\n\t\t\t\t\t<\/div>\n\t\t\t\t\t\t<\/div>\n\t\t\t\t<\/div>\n\t\t\t\t<\/div>\n\t\t<div class=\"elementor-element elementor-element-2804eac e-flex e-con-boxed e-con e-parent\" data-id=\"2804eac\" data-element_type=\"container\" data-e-type=\"container\">\n\t\t\t\t\t<div class=\"e-con-inner\">\n\t\t\t\t<div class=\"elementor-element elementor-element-f4aea4a elementor-widget elementor-widget-spacer\" data-id=\"f4aea4a\" data-element_type=\"widget\" data-e-type=\"widget\" data-widget_type=\"spacer.default\">\n\t\t\t\t<div class=\"elementor-widget-container\">\n\t\t\t\t\t\t\t<div class=\"elementor-spacer\">\n\t\t\t<div class=\"elementor-spacer-inner\"><\/div>\n\t\t<\/div>\n\t\t\t\t\t\t<\/div>\n\t\t\t\t<\/div>\n\t\t\t\t\t<\/div>\n\t\t\t\t<\/div>\n\t\t\t\t<\/div>\n\t\t","protected":false},"excerpt":{"rendered":"<p>SHOWROOMS FOR PROFESSIONALS \u00b7 By Appointment Only For industry professionals, distributors, and interior designers. Barcelona City Showroom \u00b7 By appointment only For professionals in the industry, distributors, and interior designers in the city of Barcelona. Address: C\/ Balmes 195 Bajos, 08006, Barcelona \u00b7 Travesera de Gracia, Parking 10 meters away. Hours: Monday through Friday, by [&hellip;]<\/p>\n","protected":false},"author":2,"featured_media":0,"parent":0,"menu_order":0,"comment_status":"closed","ping_status":"closed","template":"elementor_header_footer","meta":{"ocean_post_layout":"","ocean_both_sidebars_style":"","ocean_both_sidebars_content_width":0,"ocean_both_sidebars_sidebars_width":0,"ocean_sidebar":"","ocean_second_sidebar":"","ocean_disable_margins":"enable","ocean_add_body_class":"","ocean_shortcode_before_top_bar":"","ocean_shortcode_after_top_bar":"","ocean_shortcode_before_header":"","ocean_shortcode_after_header":"","ocean_has_shortcode":"","ocean_shortcode_after_title":"","ocean_shortcode_before_footer_widgets":"","ocean_shortcode_after_footer_widgets":"","ocean_shortcode_before_footer_bottom":"","ocean_shortcode_after_footer_bottom":"","ocean_display_top_bar":"default","ocean_display_header":"default","ocean_header_style":"","ocean_center_header_left_menu":"","ocean_custom_header_template":"","ocean_custom_logo":0,"ocean_custom_retina_logo":0,"ocean_custom_logo_max_width":0,"ocean_custom_logo_tablet_max_width":0,"ocean_custom_logo_mobile_max_width":0,"ocean_custom_logo_max_height":0,"ocean_custom_logo_tablet_max_height":0,"ocean_custom_logo_mobile_max_height":0,"ocean_header_custom_menu":"","ocean_menu_typo_font_family":"","ocean_menu_typo_font_subset":"","ocean_menu_typo_font_size":0,"ocean_menu_typo_font_size_tablet":0,"ocean_menu_typo_font_size_mobile":0,"ocean_menu_typo_font_size_unit":"px","ocean_menu_typo_font_weight":"","ocean_menu_typo_font_weight_tablet":"","ocean_menu_typo_font_weight_mobile":"","ocean_menu_typo_transform":"","ocean_menu_typo_transform_tablet":"","ocean_menu_typo_transform_mobile":"","ocean_menu_typo_line_height":0,"ocean_menu_typo_line_height_tablet":0,"ocean_menu_typo_line_height_mobile":0,"ocean_menu_typo_line_height_unit":"","ocean_menu_typo_spacing":0,"ocean_menu_typo_spacing_tablet":0,"ocean_menu_typo_spacing_mobile":0,"ocean_menu_typo_spacing_unit":"","ocean_menu_link_color":"","ocean_menu_link_color_hover":"","ocean_menu_link_color_active":"","ocean_menu_link_background":"","ocean_menu_link_hover_background":"","ocean_menu_link_active_background":"","ocean_menu_social_links_bg":"","ocean_menu_social_hover_links_bg":"","ocean_menu_social_links_color":"","ocean_menu_social_hover_links_color":"","ocean_disable_title":"default","ocean_disable_heading":"default","ocean_post_title":"","ocean_post_subheading":"","ocean_post_title_style":"","ocean_post_title_background_color":"","ocean_post_title_background":0,"ocean_post_title_bg_image_position":"","ocean_post_title_bg_image_attachment":"","ocean_post_title_bg_image_repeat":"","ocean_post_title_bg_image_size":"","ocean_post_title_height":0,"ocean_post_title_bg_overlay":0.5,"ocean_post_title_bg_overlay_color":"","ocean_disable_breadcrumbs":"default","ocean_breadcrumbs_color":"","ocean_breadcrumbs_separator_color":"","ocean_breadcrumbs_links_color":"","ocean_breadcrumbs_links_hover_color":"","ocean_display_footer_widgets":"default","ocean_display_footer_bottom":"default","ocean_custom_footer_template":"","footnotes":""},"class_list":["post-7882","page","type-page","status-publish","hentry","entry","owp-thumbs-layout-horizontal","owp-btn-normal","owp-tabs-layout-horizontal","has-no-thumbnails","has-product-nav"],"yoast_head":"<!-- This site is optimized with the Yoast SEO Premium plugin v27.1 (Yoast SEO v27.4) - https:\/\/yoast.com\/product\/yoast-seo-premium-wordpress\/ -->\n<title>Showrooms for Professionals - ATEMPORAL Ethical Home Interiors<\/title>\n<meta name=\"robots\" content=\"index, follow, max-snippet:-1, max-image-preview:large, max-video-preview:-1\" \/>\n<link rel=\"canonical\" href=\"https:\/\/atemporal.casa\/en\/showrooms\/\" \/>\n<meta property=\"og:locale\" content=\"en_US\" \/>\n<meta property=\"og:type\" content=\"article\" \/>\n<meta property=\"og:title\" content=\"Showrooms for Professionals\" \/>\n<meta property=\"og:description\" content=\"SHOWROOMS FOR PROFESSIONALS \u00b7 By Appointment Only For industry professionals, distributors, and interior designers. Barcelona City Showroom \u00b7 By appointment only For professionals in the industry, distributors, and interior designers in the city of Barcelona. Address: C\/ Balmes 195 Bajos, 08006, Barcelona \u00b7 Travesera de Gracia, Parking 10 meters away. Hours: Monday through Friday, by [&hellip;]\" \/>\n<meta property=\"og:url\" content=\"https:\/\/atemporal.casa\/en\/showrooms\/\" \/>\n<meta property=\"og:site_name\" content=\"ATEMPORAL Ethical Home Interiors\" \/>\n<meta property=\"article:publisher\" content=\"https:\/\/www.facebook.com\/atemporalhomeinteriors\" \/>\n<meta property=\"article:modified_time\" content=\"2025-10-06T14:09:42+00:00\" \/>\n<meta name=\"twitter:card\" content=\"summary_large_image\" \/>\n<meta name=\"twitter:label1\" content=\"Est. reading time\" \/>\n\t<meta name=\"twitter:data1\" content=\"3 minutes\" \/>\n<script type=\"application\/ld+json\" class=\"yoast-schema-graph\">{\"@context\":\"https:\\\/\\\/schema.org\",\"@graph\":[{\"@type\":\"WebPage\",\"@id\":\"https:\\\/\\\/atemporal.casa\\\/en\\\/showrooms\\\/\",\"url\":\"https:\\\/\\\/atemporal.casa\\\/en\\\/showrooms\\\/\",\"name\":\"Showrooms for Professionals - ATEMPORAL Ethical Home Interiors\",\"isPartOf\":{\"@id\":\"https:\\\/\\\/atemporal.casa\\\/en\\\/#website\"},\"datePublished\":\"2025-07-30T05:42:52+00:00\",\"dateModified\":\"2025-10-06T14:09:42+00:00\",\"breadcrumb\":{\"@id\":\"https:\\\/\\\/atemporal.casa\\\/en\\\/showrooms\\\/#breadcrumb\"},\"inLanguage\":\"en-US\",\"potentialAction\":[{\"@type\":\"ReadAction\",\"target\":[\"https:\\\/\\\/atemporal.casa\\\/en\\\/showrooms\\\/\"]}]},{\"@type\":\"BreadcrumbList\",\"@id\":\"https:\\\/\\\/atemporal.casa\\\/en\\\/showrooms\\\/#breadcrumb\",\"itemListElement\":[{\"@type\":\"ListItem\",\"position\":1,\"name\":\"Home\",\"item\":\"https:\\\/\\\/atemporal.casa\\\/en\\\/\"},{\"@type\":\"ListItem\",\"position\":2,\"name\":\"Showrooms for Professionals\"}]},{\"@type\":\"WebSite\",\"@id\":\"https:\\\/\\\/atemporal.casa\\\/en\\\/#website\",\"url\":\"https:\\\/\\\/atemporal.casa\\\/en\\\/\",\"name\":\"atemporal.casa\",\"description\":\"n Atemporal Home Interiors nos hemos consolidado como un referente clave en el sector de la alta decoraci\u00f3n, tanto en Espa\u00f1a como en el resto de Europa.\",\"publisher\":{\"@id\":\"https:\\\/\\\/atemporal.casa\\\/en\\\/#organization\"},\"potentialAction\":[{\"@type\":\"SearchAction\",\"target\":{\"@type\":\"EntryPoint\",\"urlTemplate\":\"https:\\\/\\\/atemporal.casa\\\/en\\\/?s={search_term_string}\"},\"query-input\":{\"@type\":\"PropertyValueSpecification\",\"valueRequired\":true,\"valueName\":\"search_term_string\"}}],\"inLanguage\":\"en-US\"},{\"@type\":\"Organization\",\"@id\":\"https:\\\/\\\/atemporal.casa\\\/en\\\/#organization\",\"name\":\"atemporal.casa\",\"url\":\"https:\\\/\\\/atemporal.casa\\\/en\\\/\",\"logo\":{\"@type\":\"ImageObject\",\"inLanguage\":\"en-US\",\"@id\":\"https:\\\/\\\/atemporal.casa\\\/en\\\/#\\\/schema\\\/logo\\\/image\\\/\",\"url\":\"https:\\\/\\\/atemporal.casa\\\/wp-content\\\/uploads\\\/2025\\\/09\\\/cropped-LOGO-favicom-1.png\",\"contentUrl\":\"https:\\\/\\\/atemporal.casa\\\/wp-content\\\/uploads\\\/2025\\\/09\\\/cropped-LOGO-favicom-1.png\",\"width\":512,\"height\":512,\"caption\":\"atemporal.casa\"},\"image\":{\"@id\":\"https:\\\/\\\/atemporal.casa\\\/en\\\/#\\\/schema\\\/logo\\\/image\\\/\"},\"sameAs\":[\"https:\\\/\\\/www.facebook.com\\\/atemporalhomeinteriors\",\"https:\\\/\\\/www.instagram.com\\\/atemporalhomeinteriors\\\/\"],\"description\":\"Nuestros sof\u00e1s representan el equilibrio perfecto entre confort, elegancia y sofisticaci\u00f3n, convirti\u00e9ndose en la elecci\u00f3n ideal para elevar cualquier ambiente.\"}]}<\/script>\n<!-- \/ Yoast SEO Premium plugin. -->","yoast_head_json":{"title":"Showrooms for Professionals - ATEMPORAL Ethical Home Interiors","robots":{"index":"index","follow":"follow","max-snippet":"max-snippet:-1","max-image-preview":"max-image-preview:large","max-video-preview":"max-video-preview:-1"},"canonical":"https:\/\/atemporal.casa\/en\/showrooms\/","og_locale":"en_US","og_type":"article","og_title":"Showrooms for Professionals","og_description":"SHOWROOMS FOR PROFESSIONALS \u00b7 By Appointment Only For industry professionals, distributors, and interior designers. Barcelona City Showroom \u00b7 By appointment only For professionals in the industry, distributors, and interior designers in the city of Barcelona. Address: C\/ Balmes 195 Bajos, 08006, Barcelona \u00b7 Travesera de Gracia, Parking 10 meters away. Hours: Monday through Friday, by [&hellip;]","og_url":"https:\/\/atemporal.casa\/en\/showrooms\/","og_site_name":"ATEMPORAL Ethical Home Interiors","article_publisher":"https:\/\/www.facebook.com\/atemporalhomeinteriors","article_modified_time":"2025-10-06T14:09:42+00:00","twitter_card":"summary_large_image","twitter_misc":{"Est. reading time":"3 minutes"},"schema":{"@context":"https:\/\/schema.org","@graph":[{"@type":"WebPage","@id":"https:\/\/atemporal.casa\/en\/showrooms\/","url":"https:\/\/atemporal.casa\/en\/showrooms\/","name":"Showrooms for Professionals - ATEMPORAL Ethical Home Interiors","isPartOf":{"@id":"https:\/\/atemporal.casa\/en\/#website"},"datePublished":"2025-07-30T05:42:52+00:00","dateModified":"2025-10-06T14:09:42+00:00","breadcrumb":{"@id":"https:\/\/atemporal.casa\/en\/showrooms\/#breadcrumb"},"inLanguage":"en-US","potentialAction":[{"@type":"ReadAction","target":["https:\/\/atemporal.casa\/en\/showrooms\/"]}]},{"@type":"BreadcrumbList","@id":"https:\/\/atemporal.casa\/en\/showrooms\/#breadcrumb","itemListElement":[{"@type":"ListItem","position":1,"name":"Home","item":"https:\/\/atemporal.casa\/en\/"},{"@type":"ListItem","position":2,"name":"Showrooms for Professionals"}]},{"@type":"WebSite","@id":"https:\/\/atemporal.casa\/en\/#website","url":"https:\/\/atemporal.casa\/en\/","name":"atemporal.casa","description":"n Atemporal Home Interiors nos hemos consolidado como un referente clave en el sector de la alta decoraci\u00f3n, tanto en Espa\u00f1a como en el resto de Europa.","publisher":{"@id":"https:\/\/atemporal.casa\/en\/#organization"},"potentialAction":[{"@type":"SearchAction","target":{"@type":"EntryPoint","urlTemplate":"https:\/\/atemporal.casa\/en\/?s={search_term_string}"},"query-input":{"@type":"PropertyValueSpecification","valueRequired":true,"valueName":"search_term_string"}}],"inLanguage":"en-US"},{"@type":"Organization","@id":"https:\/\/atemporal.casa\/en\/#organization","name":"atemporal.casa","url":"https:\/\/atemporal.casa\/en\/","logo":{"@type":"ImageObject","inLanguage":"en-US","@id":"https:\/\/atemporal.casa\/en\/#\/schema\/logo\/image\/","url":"https:\/\/atemporal.casa\/wp-content\/uploads\/2025\/09\/cropped-LOGO-favicom-1.png","contentUrl":"https:\/\/atemporal.casa\/wp-content\/uploads\/2025\/09\/cropped-LOGO-favicom-1.png","width":512,"height":512,"caption":"atemporal.casa"},"image":{"@id":"https:\/\/atemporal.casa\/en\/#\/schema\/logo\/image\/"},"sameAs":["https:\/\/www.facebook.com\/atemporalhomeinteriors","https:\/\/www.instagram.com\/atemporalhomeinteriors\/"],"description":"Nuestros sof\u00e1s representan el equilibrio perfecto entre confort, elegancia y sofisticaci\u00f3n, convirti\u00e9ndose en la elecci\u00f3n ideal para elevar cualquier ambiente."}]}},"_links":{"self":[{"href":"https:\/\/atemporal.casa\/en\/wp-json\/wp\/v2\/pages\/7882","targetHints":{"allow":["GET"]}}],"collection":[{"href":"https:\/\/atemporal.casa\/en\/wp-json\/wp\/v2\/pages"}],"about":[{"href":"https:\/\/atemporal.casa\/en\/wp-json\/wp\/v2\/types\/page"}],"author":[{"embeddable":true,"href":"https:\/\/atemporal.casa\/en\/wp-json\/wp\/v2\/users\/2"}],"replies":[{"embeddable":true,"href":"https:\/\/atemporal.casa\/en\/wp-json\/wp\/v2\/comments?post=7882"}],"version-history":[{"count":0,"href":"https:\/\/atemporal.casa\/en\/wp-json\/wp\/v2\/pages\/7882\/revisions"}],"wp:attachment":[{"href":"https:\/\/atemporal.casa\/en\/wp-json\/wp\/v2\/media?parent=7882"}],"curies":[{"name":"wp","href":"https:\/\/api.w.org\/{rel}","templated":true}]}}